{"id":54128,"date":"2023-06-22T07:01:04","date_gmt":"2023-06-22T05:01:04","guid":{"rendered":"https:\/\/www.jobsqd.com\/mallorca\/"},"modified":"2025-12-12T12:41:39","modified_gmt":"2025-12-12T11:41:39","slug":"mallorca","status":"publish","type":"page","link":"https:\/\/www.jobsqd.com\/sv\/spanien\/mallorca\/","title":{"rendered":"Mallorca"},"content":{"rendered":"\t\t<div data-elementor-type=\"wp-page\" data-elementor-id=\"54128\" class=\"elementor elementor-54128 elementor-4811\" data-elementor-post-type=\"page\">\n\t\t\t\t\t\t<section class=\"elementor-section elementor-top-section elementor-element elementor-element-7261cdfa hero-1 hero-5 elementor-section-boxed elementor-section-height-default elementor-section-height-default\" data-id=\"7261cdfa\" data-element_type=\"section\" data-e-type=\"section\">\n\t\t\t\t\t\t<div class=\"elementor-container elementor-column-gap-no\">\n\t\t\t\t\t<div class=\"elementor-column elementor-col-100 elementor-top-column elementor-element elementor-element-6948e469\" data-id=\"6948e469\" data-element_type=\"column\" data-e-type=\"column\">\n\t\t\t<div class=\"elementor-widget-wrap elementor-element-populated\">\n\t\t\t\t\t\t<section class=\"elementor-section elementor-inner-section elementor-element elementor-element-4e52a8a9 elementor-section-full_width elementor-section-height-default elementor-section-height-default\" data-id=\"4e52a8a9\" data-element_type=\"section\" data-e-type=\"section\">\n\t\t\t\t\t\t<div class=\"elementor-container elementor-column-gap-no\">\n\t\t\t\t\t<div class=\"elementor-column elementor-col-50 elementor-inner-column elementor-element elementor-element-457583eb\" data-id=\"457583eb\" data-element_type=\"column\" data-e-type=\"column\">\n\t\t\t<div class=\"elementor-widget-wrap elementor-element-populated\">\n\t\t\t\t\t\t<div class=\"elementor-element elementor-element-36403817 heading-banner elementor-widget elementor-widget-title\" data-id=\"36403817\" data-element_type=\"widget\" data-e-type=\"widget\" data-widget_type=\"title.default\">\n\t\t\t\t<div class=\"elementor-widget-container\">\n\t\t\t\t\t<h1 class=\"control-heading-title display-5 fw-bolder\">F\u00e5 ett jobb p\u00e5 Mallorca<\/h1>\t\t\t\t<\/div>\n\t\t\t\t<\/div>\n\t\t\t\t<div class=\"elementor-element elementor-element-4141883e elementor-widget__width-initial banner-description mb-0 elementor-widget elementor-widget-text-editor\" data-id=\"4141883e\" data-element_type=\"widget\" data-e-type=\"widget\" data-widget_type=\"text-editor.default\">\n\t\t\t\t\t\t\t\t\t<p>Att bo p\u00e5 Mallorca erbjuder en exceptionell livskvalitet. \u00d6n har fantastisk natur med sitt kristallklara turkosa vatten, or\u00f6rda str\u00e4nder och pittoreska landskap. Medelhavsklimatet ger behagligt v\u00e4der \u00e5ret runt.  <\/p>\t\t\t\t\t\t\t\t<\/div>\n\t\t\t\t<div class=\"elementor-element elementor-element-2301d9ca elementor-widget elementor-widget-text-editor\" data-id=\"2301d9ca\" data-element_type=\"widget\" data-e-type=\"widget\" data-widget_type=\"text-editor.default\">\n\t\t\t\t\t\t\t\t\t<div class=\"mt-40\"><div class=\"wow animate__ animate__fadeInUp animated\" style=\"visibility: visible; animation-name: fadeInUp;\"><a class=\"btn btn-default\" href=\"https:\/\/www.jobsqd.com\/sv\/hitta-ett-jobb-utomlands\/?search_categories%5B%5D=&#038;search_location=&#038;search_keywords=Spain\" data-wplink-edit=\"true\">Se alla jobbinl\u00e4gg p\u00e5 Mallorca<\/a><a class=\"btn btn-link text-decoration-underline\" href=\"https:\/\/www.jobsqd.com\/sv\/jobba-utomlands-med-job-squad\/\"> Om att arbeta utomlands<\/a><\/div><\/div>\t\t\t\t\t\t\t\t<\/div>\n\t\t\t\t<div class=\"elementor-element elementor-element-5ab3124 elementor-widget__width-initial elementor-widget elementor-widget-html\" data-id=\"5ab3124\" data-element_type=\"widget\" data-e-type=\"widget\" data-widget_type=\"html.default\">\n\t\t\t\t\t<a href=\"https:\/\/www.jobsqd.com\/sv\/recensioner\/\">\n<div class=\"ctrlt-rating\">\n    <b style=\"font-size:22px;\">4.9  <\/b>\n\t\t\t<span class=\"ctrlt-rating__star\"><\/span>\n\t\t\t<span class=\"ctrlt-rating__star\"><\/span>\n\t\t\t<span class=\"ctrlt-rating__star\"><\/span>\n\t\t\t<span class=\"ctrlt-rating__star\"><\/span>\n\t\t\t<span class=\"ctrlt-rating__star\"><\/span>\n\t<\/div>\n\n<p style=\"font-size:12px; line-height:0.5;\"><b>Google Business Profil<\/b><\/p>\n<\/a>\t\t\t\t<\/div>\n\t\t\t\t<div class=\"elementor-element elementor-element-6ae6ee9 elementor-widget__width-initial elementor-widget elementor-widget-html\" data-id=\"6ae6ee9\" data-element_type=\"widget\" data-e-type=\"widget\" data-widget_type=\"html.default\">\n\t\t\t\t\t<a href=\"https:\/\/www.jobsqd.com\/sv\/recensioner\/\">\n<div class=\"ctrlt-rating\">\n    <b style=\"font-size:22px;\">4.9  <\/b>\n\t\t\t<span class=\"ctrlt-rating__star\"><\/span>\n\t\t\t<span class=\"ctrlt-rating__star\"><\/span>\n\t\t\t<span class=\"ctrlt-rating__star\"><\/span>\n\t\t\t<span class=\"ctrlt-rating__star\"><\/span>\n\t\t\t<span class=\"ctrlt-rating__star\"><\/span>\n\t<\/div>\n\n<p style=\"font-size:12px; line-height:0.5;\"><b>Facebook Recensioner<\/b><\/p>\n<\/a>\t\t\t\t<\/div>\n\t\t\t\t\t<\/div>\n\t\t<\/div>\n\t\t\t\t<div class=\"elementor-column elementor-col-50 elementor-inner-column elementor-element elementor-element-736911ed\" data-id=\"736911ed\" data-element_type=\"column\" data-e-type=\"column\">\n\t\t\t<div class=\"elementor-widget-wrap elementor-element-populated\">\n\t\t\t\t\t\t<div class=\"elementor-element elementor-element-48033129 elementor-widget elementor-widget-image\" data-id=\"48033129\" data-element_type=\"widget\" data-e-type=\"widget\" data-widget_type=\"image.default\">\n\t\t\t\t\t\t\t\t\t\t\t\t\t\t\t<img fetchpriority=\"high\" decoding=\"async\" width=\"1366\" height=\"768\" src=\"https:\/\/www.jobsqd.com\/wp-content\/uploads\/2025\/01\/Mallorca-3.png\" class=\"attachment-full size-full wp-image-87095 img-fluid\" alt=\"\" srcset=\"https:\/\/www.jobsqd.com\/wp-content\/uploads\/2025\/01\/Mallorca-3.png 1366w, https:\/\/www.jobsqd.com\/wp-content\/uploads\/2025\/01\/Mallorca-3-300x169.png 300w, https:\/\/www.jobsqd.com\/wp-content\/uploads\/2025\/01\/Mallorca-3-1024x576.png 1024w, https:\/\/www.jobsqd.com\/wp-content\/uploads\/2025\/01\/Mallorca-3-768x432.png 768w\" sizes=\"(max-width: 1366px) 100vw, 1366px\">\t\t\t\t\t\t\t\t\t\t\t\t\t\t\t<\/div>\n\t\t\t\t\t<\/div>\n\t\t<\/div>\n\t\t\t\t\t<\/div>\n\t\t<\/section>\n\t\t\t\t<section class=\"elementor-section elementor-inner-section elementor-element elementor-element-29363b7f elementor-section-full_width elementor-section-height-default elementor-section-height-default\" data-id=\"29363b7f\" data-element_type=\"section\" data-e-type=\"section\">\n\t\t\t\t\t\t<div class=\"elementor-container elementor-column-gap-no\">\n\t\t\t\t\t<div class=\"elementor-column elementor-col-33 elementor-inner-column elementor-element elementor-element-2a8f2035\" data-id=\"2a8f2035\" data-element_type=\"column\" data-e-type=\"column\">\n\t\t\t<div class=\"elementor-widget-wrap\">\n\t\t\t\t\t\t\t<\/div>\n\t\t<\/div>\n\t\t\t\t<div class=\"elementor-column elementor-col-33 elementor-inner-column elementor-element elementor-element-403b4564\" data-id=\"403b4564\" data-element_type=\"column\" data-e-type=\"column\">\n\t\t\t<div class=\"elementor-widget-wrap elementor-element-populated\">\n\t\t\t\t\t\t<div class=\"elementor-element elementor-element-5eea3866 text-center elementor-widget elementor-widget-template\" data-id=\"5eea3866\" data-element_type=\"widget\" data-e-type=\"widget\" data-widget_type=\"template.default\">\n\t\t\t\t<div class=\"elementor-widget-container\">\n\t\t\t\t\t\r\n<div class=\"banner-hero p-0\">\r\n    <div class=\"block-banner p-0\">\r\n        <div class=\"form-find mt-40 wow animate__animated animate__fadeIn\" data-wow-delay=\".2s\">\r\n            \r\n            <form method=\"get\" action=\"https:\/\/www.jobsqd.com\/jobs\/\">\r\n                <div class=\"job_filters_wrap d-md-flex\">\r\n\r\n                                        <div class=\"box-industry\">\r\n                        <select class=\"form-input mr-10 select-active input-industry workinghere\" name=\"search_category\">\r\n                            <option value=\"\">Language<\/option>\r\n                                                            <option value=\"engelska\">Engelska<\/option>\r\n                                                    <\/select>\r\n                    <\/div>\r\n                    \r\n                                        <select class=\"form-input mr-10 select-active\" name=\"search_location\" id=\"search_location\">\r\n                        <option value=\"\">Location<\/option>\r\n                                                    <option value=\"Bulgarien\">Bulgarien<\/option>\r\n                                                    <option value=\"Cypern\">Cypern<\/option>\r\n                                                    <option value=\"Grekland\">Grekland<\/option>\r\n                                                    <option value=\"Helt P\u00e5 Distans\">Helt P\u00e5 Distans<\/option>\r\n                                                    <option value=\"Helt p\u00e5 Distans\">Helt p\u00e5 Distans<\/option>\r\n                                                    <option value=\"Helt p\u00e5 distans\">Helt p\u00e5 distans<\/option>\r\n                                                    <option value=\"Lettland\">Lettland<\/option>\r\n                                                    <option value=\"Malta\">Malta<\/option>\r\n                                                    <option value=\"Malta, Remote\">Malta, Remote<\/option>\r\n                                                    <option value=\"Marocko\">Marocko<\/option>\r\n                                                    <option value=\"Polen\">Polen<\/option>\r\n                                                    <option value=\"Portugal\">Portugal<\/option>\r\n                                                    <option value=\"Rum\u00e4nien\">Rum\u00e4nien<\/option>\r\n                                                    <option value=\"Spanien\">Spanien<\/option>\r\n                                                    <option value=\"Spanien, Remote\">Spanien, Remote<\/option>\r\n                                                    <option value=\"Sverige\">Sverige<\/option>\r\n                                                    <option value=\"Tjeckien\">Tjeckien<\/option>\r\n                                                    <option value=\"Tyskland\">Tyskland<\/option>\r\n                                                    <option value=\"Ungern\">Ungern<\/option>\r\n                                            <\/select>\r\n                    \r\n                                        <input class=\"form-input input-keysearch mr-10\" type=\"text\" name=\"search_keywords\" id=\"search_keywords\" placeholder=\"Keyword\" \/>\r\n                    \r\n                    <input class=\"btn btn-default btn-find font-sm\" type=\"submit\" value=\"Search\">\r\n                <\/div>\r\n            <\/form>\r\n\r\n        <\/div>\r\n\r\n                \r\n    <\/div>\r\n<\/div>\t\t\t\t<\/div>\n\t\t\t\t<\/div>\n\t\t\t\t\t<\/div>\n\t\t<\/div>\n\t\t\t\t<div class=\"elementor-column elementor-col-33 elementor-inner-column elementor-element elementor-element-5853a4f\" data-id=\"5853a4f\" data-element_type=\"column\" data-e-type=\"column\">\n\t\t\t<div class=\"elementor-widget-wrap\">\n\t\t\t\t\t\t\t<\/div>\n\t\t<\/div>\n\t\t\t\t\t<\/div>\n\t\t<\/section>\n\t\t\t\t\t<\/div>\n\t\t<\/div>\n\t\t\t\t\t<\/div>\n\t\t<\/section>\n\t\t\t\t<section class=\"elementor-section elementor-top-section elementor-element elementor-element-d63a078 elementor-section-full_width elementor-section-content-middle elementor-section-height-default elementor-section-height-default\" data-id=\"d63a078\" data-element_type=\"section\" data-e-type=\"section\">\n\t\t\t\t\t\t<div class=\"elementor-container elementor-column-gap-default\">\n\t\t\t\t\t<div class=\"elementor-column elementor-col-100 elementor-top-column elementor-element elementor-element-78a6ec42\" data-id=\"78a6ec42\" data-element_type=\"column\" data-e-type=\"column\">\n\t\t\t<div class=\"elementor-widget-wrap elementor-element-populated\">\n\t\t\t\t\t\t<section class=\"elementor-section elementor-inner-section elementor-element elementor-element-dc364a8 elementor-section-content-middle elementor-section-boxed elementor-section-height-default elementor-section-height-default\" data-id=\"dc364a8\" data-element_type=\"section\" data-e-type=\"section\">\n\t\t\t\t\t\t<div class=\"elementor-container elementor-column-gap-default\">\n\t\t\t\t\t<div class=\"elementor-column elementor-col-50 elementor-inner-column elementor-element elementor-element-5c98bb85\" data-id=\"5c98bb85\" data-element_type=\"column\" data-e-type=\"column\">\n\t\t\t<div class=\"elementor-widget-wrap elementor-element-populated\">\n\t\t\t\t\t\t<div class=\"elementor-element elementor-element-26b897f2 elementor-widget elementor-widget-video\" data-id=\"26b897f2\" data-element_type=\"widget\" data-e-type=\"widget\" data-settings=\"{&quot;youtube_url&quot;:&quot;https:\\\/\\\/www.youtube.com\\\/watch?v=izX7Wf438LU&quot;,&quot;video_type&quot;:&quot;youtube&quot;,&quot;controls&quot;:&quot;yes&quot;}\" data-widget_type=\"video.default\">\n\t\t\t\t\t\t\t<div class=\"elementor-wrapper elementor-open-inline\">\n\t\t\t<div class=\"elementor-video\"><\/div>\t\t<\/div>\n\t\t\t\t\t\t<\/div>\n\t\t\t\t\t<\/div>\n\t\t<\/div>\n\t\t\t\t<div class=\"elementor-column elementor-col-50 elementor-inner-column elementor-element elementor-element-2dfa5b97\" data-id=\"2dfa5b97\" data-element_type=\"column\" data-e-type=\"column\">\n\t\t\t<div class=\"elementor-widget-wrap elementor-element-populated\">\n\t\t\t\t\t\t<div class=\"elementor-element elementor-element-27971ebf m-0 elementor-widget elementor-widget-title\" data-id=\"27971ebf\" data-element_type=\"widget\" data-e-type=\"widget\" data-widget_type=\"title.default\">\n\t\t\t\t<div class=\"elementor-widget-container\">\n\t\t\t\t\t<h2 class=\"control-heading-title m-0\">Livet p\u00e5 Mallorca<\/h2>\t\t\t\t<\/div>\n\t\t\t\t<\/div>\n\t\t\t\t<div class=\"elementor-element elementor-element-1c87f17a elementor-widget elementor-widget-text-editor\" data-id=\"1c87f17a\" data-element_type=\"widget\" data-e-type=\"widget\" data-widget_type=\"text-editor.default\">\n\t\t\t\t\t\t\t\t\t<p>Mallorca erbjuder en m\u00e4ngd festivaler, konstutst\u00e4llningar och livemusikevenemang under hela \u00e5ret. \u00d6n \u00e4r k\u00e4nd f\u00f6r sitt uts\u00f6kta k\u00f6k, fr\u00e5n f\u00e4rska skaldjur till lokala specialiteter. Inv\u00e5narna kan njuta av en aktiv livsstil, med m\u00f6jligheter till utomhusaktiviteter som vandring, cykling och vattensporter.  <\/p><p>Dessutom lockar Mallorcas atmosf\u00e4r ett m\u00e5ngsidigt samh\u00e4lle, vilket fr\u00e4mjar en rik m\u00e5ngkulturell milj\u00f6. Med sin unika blandning av naturlig sk\u00f6nhet, kulturell rikedom och h\u00f6gkvalitativ levnadsstandard erbjuder Mallorca en idealisk milj\u00f6 f\u00f6r ett tillfredsst\u00e4llande och njutbart liv. <\/p>\t\t\t\t\t\t\t\t<\/div>\n\t\t\t\t\t<\/div>\n\t\t<\/div>\n\t\t\t\t\t<\/div>\n\t\t<\/section>\n\t\t\t\t\t<\/div>\n\t\t<\/div>\n\t\t\t\t\t<\/div>\n\t\t<\/section>\n\t\t\t\t<section class=\"elementor-section elementor-top-section elementor-element elementor-element-1f20ebc0 elementor-section-boxed elementor-section-height-default elementor-section-height-default\" data-id=\"1f20ebc0\" data-element_type=\"section\" data-e-type=\"section\">\n\t\t\t\t\t\t<div class=\"elementor-container elementor-column-gap-default\">\n\t\t\t\t\t<div class=\"elementor-column elementor-col-100 elementor-top-column elementor-element elementor-element-6c48f935\" data-id=\"6c48f935\" data-element_type=\"column\" data-e-type=\"column\">\n\t\t\t<div class=\"elementor-widget-wrap elementor-element-populated\">\n\t\t\t\t\t\t<section class=\"elementor-section elementor-inner-section elementor-element elementor-element-71bb1e85 elementor-section-content-middle elementor-section-boxed elementor-section-height-default elementor-section-height-default\" data-id=\"71bb1e85\" data-element_type=\"section\" data-e-type=\"section\">\n\t\t\t\t\t\t<div class=\"elementor-container elementor-column-gap-default\">\n\t\t\t\t\t<div class=\"elementor-column elementor-col-50 elementor-inner-column elementor-element elementor-element-3a9321f1\" data-id=\"3a9321f1\" data-element_type=\"column\" data-e-type=\"column\">\n\t\t\t<div class=\"elementor-widget-wrap elementor-element-populated\">\n\t\t\t\t\t\t<div class=\"elementor-element elementor-element-2dbc9ba3 m-0 elementor-widget elementor-widget-title\" data-id=\"2dbc9ba3\" data-element_type=\"widget\" data-e-type=\"widget\" data-widget_type=\"title.default\">\n\t\t\t\t<div class=\"elementor-widget-container\">\n\t\t\t\t\t<h2 class=\"control-heading-title m-0\">Jobba p\u00e5 Mallorca <\/h2>\t\t\t\t<\/div>\n\t\t\t\t<\/div>\n\t\t\t\t<div class=\"elementor-element elementor-element-72236539 elementor-widget elementor-widget-text-editor\" data-id=\"72236539\" data-element_type=\"widget\" data-e-type=\"widget\" data-widget_type=\"text-editor.default\">\n\t\t\t\t\t\t\t\t\t<div><ul><li><b>Genomsnittlig<\/b> <strong>arbetstid per vecka: <\/strong>40 timmar, 8 timmar dagligen<\/li><li><strong>Vanlig arbetsdag:<\/strong> m\u00e5ndag till fredag \u200b\u200bfr\u00e5n 9:00 till 19:30 (beroende p\u00e5 siestans l\u00e4ngd)<\/li><li><strong>Antal semesterdagar:<\/strong> 30 dagar \/ 6 veckor<\/li><li><b>Pendla:<\/b> Mestadels med taxi, buss och t\u00e5g<\/li><li><b>Arbetskultur: <\/b>Platt hierarki <\/li><\/ul><\/div><p><a href=\"https:\/\/www.jobsqd.com\/sv\/spanien\/\">L\u00e4s mer om att flytta till Spanien<\/a><\/p>\t\t\t\t\t\t\t\t<\/div>\n\t\t\t\t\t<\/div>\n\t\t<\/div>\n\t\t\t\t<div class=\"elementor-column elementor-col-50 elementor-inner-column elementor-element elementor-element-65a095a0\" data-id=\"65a095a0\" data-element_type=\"column\" data-e-type=\"column\">\n\t\t\t<div class=\"elementor-widget-wrap elementor-element-populated\">\n\t\t\t\t\t\t<div class=\"elementor-element elementor-element-67ef4433 elementor-widget elementor-widget-image\" data-id=\"67ef4433\" data-element_type=\"widget\" data-e-type=\"widget\" data-widget_type=\"image.default\">\n\t\t\t\t\t\t\t\t\t\t\t\t\t\t\t<img decoding=\"async\" width=\"1366\" height=\"768\" src=\"https:\/\/www.jobsqd.com\/wp-content\/uploads\/2025\/01\/Mallorca-2.png\" class=\"attachment-full size-full wp-image-87082 img-fluid\" alt=\"\" srcset=\"https:\/\/www.jobsqd.com\/wp-content\/uploads\/2025\/01\/Mallorca-2.png 1366w, https:\/\/www.jobsqd.com\/wp-content\/uploads\/2025\/01\/Mallorca-2-300x169.png 300w, https:\/\/www.jobsqd.com\/wp-content\/uploads\/2025\/01\/Mallorca-2-1024x576.png 1024w, https:\/\/www.jobsqd.com\/wp-content\/uploads\/2025\/01\/Mallorca-2-768x432.png 768w\" sizes=\"(max-width: 1366px) 100vw, 1366px\">\t\t\t\t\t\t\t\t\t\t\t\t\t\t\t<\/div>\n\t\t\t\t\t<\/div>\n\t\t<\/div>\n\t\t\t\t\t<\/div>\n\t\t<\/section>\n\t\t\t\t\t<\/div>\n\t\t<\/div>\n\t\t\t\t\t<\/div>\n\t\t<\/section>\n\t\t\t\t<section class=\"elementor-section elementor-top-section elementor-element elementor-element-7220bb9c elementor-section-full_width elementor-section-height-default elementor-section-height-default\" data-id=\"7220bb9c\" data-element_type=\"section\" data-e-type=\"section\">\n\t\t\t\t\t\t<div class=\"elementor-container elementor-column-gap-default\">\n\t\t\t\t\t<div class=\"elementor-column elementor-col-100 elementor-top-column elementor-element elementor-element-313d20e0\" data-id=\"313d20e0\" data-element_type=\"column\" data-e-type=\"column\">\n\t\t\t<div class=\"elementor-widget-wrap elementor-element-populated\">\n\t\t\t\t\t\t<div class=\"elementor-element elementor-element-5db2d2ad elementor-widget elementor-widget-template\" data-id=\"5db2d2ad\" data-element_type=\"widget\" data-e-type=\"widget\" data-widget_type=\"template.default\">\n\t\t\t\t<div class=\"elementor-widget-container\">\n\t\t\t\t\t\r\n<div class=\"section-box mb-30\">\r\n    <div class=\"container\">\r\n        <div class=\"box-we-hiring\">\r\n        <div class=\"text-1\"><span class=\"text-we-are\">test<\/span><span class=\"text-hiring\">test<\/span><\/div>\r\n        <div class=\"text-2\">test<\/div>\r\n        <div class=\"text-3\">\r\n            <a href=\"https:\/\/www.jobsqd.com\/jobs\/\" class=\"btn btn-apply btn-apply-icon\">test<\/a>\r\n        <\/div>\r\n        <\/div>\r\n    <\/div>\r\n<\/div>\t\t\t\t<\/div>\n\t\t\t\t<\/div>\n\t\t\t\t\t<\/div>\n\t\t<\/div>\n\t\t\t\t\t<\/div>\n\t\t<\/section>\n\t\t\t\t<section class=\"elementor-section elementor-top-section elementor-element elementor-element-6d292f7f elementor-section-boxed elementor-section-height-default elementor-section-height-default\" data-id=\"6d292f7f\" data-element_type=\"section\" data-e-type=\"section\">\n\t\t\t\t\t\t<div class=\"elementor-container elementor-column-gap-default\">\n\t\t\t\t\t<div class=\"elementor-column elementor-col-100 elementor-top-column elementor-element elementor-element-27445817\" data-id=\"27445817\" data-element_type=\"column\" data-e-type=\"column\">\n\t\t\t<div class=\"elementor-widget-wrap elementor-element-populated\">\n\t\t\t\t\t\t<div class=\"elementor-element elementor-element-3956b2df m-0 elementor-widget elementor-widget-title\" data-id=\"3956b2df\" data-element_type=\"widget\" data-e-type=\"widget\" data-widget_type=\"title.default\">\n\t\t\t\t<div class=\"elementor-widget-container\">\n\t\t\t\t\t<h2 class=\"control-heading-title m-0\">FAQ<\/h2>\t\t\t\t<\/div>\n\t\t\t\t<\/div>\n\t\t\t\t<div class=\"elementor-element elementor-element-57e17a20 elementor-widget elementor-widget-accordion\" data-id=\"57e17a20\" data-element_type=\"widget\" data-e-type=\"widget\" data-widget_type=\"accordion.default\">\n\t\t\t\t\t\t\t<div class=\"elementor-accordion\">\n\t\t\t\t\t\t\t<div class=\"elementor-accordion-item\">\n\t\t\t\t\t<div id=\"elementor-tab-title-1471\" class=\"elementor-tab-title\" data-tab=\"1\" role=\"button\" aria-controls=\"elementor-tab-content-1471\" aria-expanded=\"false\">\n\t\t\t\t\t\t\t\t\t\t\t\t\t<span class=\"elementor-accordion-icon elementor-accordion-icon-left\" aria-hidden=\"true\">\n\t\t\t\t\t\t\t\t\t\t\t\t\t\t\t<span class=\"elementor-accordion-icon-closed\"><svg class=\"e-font-icon-svg e-fas-plus\" viewBox=\"0 0 448 512\" xmlns=\"http:\/\/www.w3.org\/2000\/svg\"><path d=\"M416 208H272V64c0-17.67-14.33-32-32-32h-32c-17.67 0-32 14.33-32 32v144H32c-17.67 0-32 14.33-32 32v32c0 17.67 14.33 32 32 32h144v144c0 17.67 14.33 32 32 32h32c17.67 0 32-14.33 32-32V304h144c17.67 0 32-14.33 32-32v-32c0-17.67-14.33-32-32-32z\"><\/path><\/svg><\/span>\n\t\t\t\t\t\t\t\t<span class=\"elementor-accordion-icon-opened\"><svg class=\"e-font-icon-svg e-fas-minus\" viewBox=\"0 0 448 512\" xmlns=\"http:\/\/www.w3.org\/2000\/svg\"><path d=\"M416 208H32c-17.67 0-32 14.33-32 32v32c0 17.67 14.33 32 32 32h384c17.67 0 32-14.33 32-32v-32c0-17.67-14.33-32-32-32z\"><\/path><\/svg><\/span>\n\t\t\t\t\t\t\t\t\t\t\t\t\t\t<\/span>\n\t\t\t\t\t\t\t\t\t\t\t\t<a class=\"elementor-accordion-title\" tabindex=\"0\">Ska jag flytta med min v\u00e4n eller partner?<\/a>\n\t\t\t\t\t<\/div>\n\t\t\t\t\t<div id=\"elementor-tab-content-1471\" class=\"elementor-tab-content elementor-clearfix\" data-tab=\"1\" role=\"region\" aria-labelledby=\"elementor-tab-title-1471\"><p>Du kan flytta till Mallorca sj\u00e4lv, med en v\u00e4n eller som ett par. Det finns f\u00f6r- och nackdelar med alla situationer. Om du funderar p\u00e5 att flytta utomlands med n\u00e5gon slags v\u00e4n kan det vara en riktigt bra id\u00e9 att s\u00e4tta dig ner och prata igenom praktiska och vardagliga saker som ekonomi, r\u00e4kningar, st\u00e4dning, matink\u00f6p, matlagning vs best\u00e4llning, g\u00e5 ut\/vistas inne, hur du hanterar att eventuellt g\u00e5 ut utan varandra samt att ha v\u00e4nner och familj p\u00e5 bes\u00f6k. Bortsett fr\u00e5n de praktiska sakerna \u00e4r livet roligt n\u00e4r du kan dela dina nya k\u00e4rnminnen med andra m\u00e4nniskor &#8211; s\u00e5 det rekommenderas starkt att flytta utomlands tillsammans. Att flytta med en v\u00e4n kan dock g\u00f6ra att du interagerar mindre med nya m\u00e4nniskor j\u00e4mf\u00f6rt med om du flyttar utomlands sj\u00e4lv. Men om detta \u00e4r bra eller d\u00e5ligt beror helt p\u00e5 dina personliga m\u00e5l och \u00f6nskem\u00e5l samt din personlighet.     <\/p>\n<p>Slutsats: kommunikation \u00e4r nyckeln om du och din v\u00e4n best\u00e4mmer er f\u00f6r att flytta utomlands tillsammans.<\/p>\n<\/div>\n\t\t\t\t<\/div>\n\t\t\t\t\t\t\t<div class=\"elementor-accordion-item\">\n\t\t\t\t\t<div id=\"elementor-tab-title-1472\" class=\"elementor-tab-title\" data-tab=\"2\" role=\"button\" aria-controls=\"elementor-tab-content-1472\" aria-expanded=\"false\">\n\t\t\t\t\t\t\t\t\t\t\t\t\t<span class=\"elementor-accordion-icon elementor-accordion-icon-left\" aria-hidden=\"true\">\n\t\t\t\t\t\t\t\t\t\t\t\t\t\t\t<span class=\"elementor-accordion-icon-closed\"><svg class=\"e-font-icon-svg e-fas-plus\" viewBox=\"0 0 448 512\" xmlns=\"http:\/\/www.w3.org\/2000\/svg\"><path d=\"M416 208H272V64c0-17.67-14.33-32-32-32h-32c-17.67 0-32 14.33-32 32v144H32c-17.67 0-32 14.33-32 32v32c0 17.67 14.33 32 32 32h144v144c0 17.67 14.33 32 32 32h32c17.67 0 32-14.33 32-32V304h144c17.67 0 32-14.33 32-32v-32c0-17.67-14.33-32-32-32z\"><\/path><\/svg><\/span>\n\t\t\t\t\t\t\t\t<span class=\"elementor-accordion-icon-opened\"><svg class=\"e-font-icon-svg e-fas-minus\" viewBox=\"0 0 448 512\" xmlns=\"http:\/\/www.w3.org\/2000\/svg\"><path d=\"M416 208H32c-17.67 0-32 14.33-32 32v32c0 17.67 14.33 32 32 32h384c17.67 0 32-14.33 32-32v-32c0-17.67-14.33-32-32-32z\"><\/path><\/svg><\/span>\n\t\t\t\t\t\t\t\t\t\t\t\t\t\t<\/span>\n\t\t\t\t\t\t\t\t\t\t\t\t<a class=\"elementor-accordion-title\" tabindex=\"0\">Hur man tar sig runt p\u00e5 Mallorca<\/a>\n\t\t\t\t\t<\/div>\n\t\t\t\t\t<div id=\"elementor-tab-content-1472\" class=\"elementor-tab-content elementor-clearfix\" data-tab=\"2\" role=\"region\" aria-labelledby=\"elementor-tab-title-1472\"><p>Att ta sig runt p\u00e5 Mallorca \u00e4r bekv\u00e4mt och varierat. \u00d6n har ett omfattande kollektivtrafiksystem med bussar och t\u00e5g som f\u00f6rbinder st\u00f6rre st\u00e4der och attraktioner. Att hyra en bil eller skoter m\u00f6jligg\u00f6r flexibilitet och enkel utforskning. Att cykla \u00e4r popul\u00e4rt tack vare dedikerade cykelv\u00e4gar. F\u00e4rjor ger tillg\u00e5ng till n\u00e4rliggande \u00f6ar och kustomr\u00e5den, och taxibilar \u00e4r l\u00e4tt tillg\u00e4ngliga f\u00f6r kortare resor.    <\/p>\n<\/div>\n\t\t\t\t<\/div>\n\t\t\t\t\t\t\t<div class=\"elementor-accordion-item\">\n\t\t\t\t\t<div id=\"elementor-tab-title-1473\" class=\"elementor-tab-title\" data-tab=\"3\" role=\"button\" aria-controls=\"elementor-tab-content-1473\" aria-expanded=\"false\">\n\t\t\t\t\t\t\t\t\t\t\t\t\t<span class=\"elementor-accordion-icon elementor-accordion-icon-left\" aria-hidden=\"true\">\n\t\t\t\t\t\t\t\t\t\t\t\t\t\t\t<span class=\"elementor-accordion-icon-closed\"><svg class=\"e-font-icon-svg e-fas-plus\" viewBox=\"0 0 448 512\" xmlns=\"http:\/\/www.w3.org\/2000\/svg\"><path d=\"M416 208H272V64c0-17.67-14.33-32-32-32h-32c-17.67 0-32 14.33-32 32v144H32c-17.67 0-32 14.33-32 32v32c0 17.67 14.33 32 32 32h144v144c0 17.67 14.33 32 32 32h32c17.67 0 32-14.33 32-32V304h144c17.67 0 32-14.33 32-32v-32c0-17.67-14.33-32-32-32z\"><\/path><\/svg><\/span>\n\t\t\t\t\t\t\t\t<span class=\"elementor-accordion-icon-opened\"><svg class=\"e-font-icon-svg e-fas-minus\" viewBox=\"0 0 448 512\" xmlns=\"http:\/\/www.w3.org\/2000\/svg\"><path d=\"M416 208H32c-17.67 0-32 14.33-32 32v32c0 17.67 14.33 32 32 32h384c17.67 0 32-14.33 32-32v-32c0-17.67-14.33-32-32-32z\"><\/path><\/svg><\/span>\n\t\t\t\t\t\t\t\t\t\t\t\t\t\t<\/span>\n\t\t\t\t\t\t\t\t\t\t\t\t<a class=\"elementor-accordion-title\" tabindex=\"0\">Boende och var du kan hitta bostad<\/a>\n\t\t\t\t\t<\/div>\n\t\t\t\t\t<div id=\"elementor-tab-content-1473\" class=\"elementor-tab-content elementor-clearfix\" data-tab=\"3\" role=\"region\" aria-labelledby=\"elementor-tab-title-1473\"><p><span style=\"font-weight: 400;\">N\u00e4r det g\u00e4ller att hitta ett prisv\u00e4rt boende p\u00e5 Mallorca rekommenderas ofta staden Inca. Det erbjuder l\u00e4gre levnadskostnader j\u00e4mf\u00f6rt med mer turistiska omr\u00e5den, samtidigt som det ger tillg\u00e5ng till bekv\u00e4mligheter, tj\u00e4nster och transportf\u00f6rbindelser. Ett annat alternativ \u00e4r staden Llucmajor, som erbjuder en avslappnad livsstil, prisv\u00e4rda boendealternativ och ett bra utbud av bekv\u00e4mligheter.  <\/span><\/p>\n<p><span style=\"font-weight: 400;\">Levnadskostnaderna p\u00e5 Mallorca kan variera beroende p\u00e5 l\u00e4ge och livsstil. Generellt sett \u00e4r utgifter som boende, mat och transport h\u00f6gre j\u00e4mf\u00f6rt med det spanska fastlandet. Som en grov uppskattning kan en m\u00e5nadsbudget f\u00f6r en ensamst\u00e5ende person p\u00e5 Mallorca variera fr\u00e5n 1 200 till 1 800 euro, inklusive hyra, verktyg, mat, transporter och fritidsaktiviteter.  <\/span><\/p>\n<\/div>\n\t\t\t\t<\/div>\n\t\t\t\t\t\t\t<div class=\"elementor-accordion-item\">\n\t\t\t\t\t<div id=\"elementor-tab-title-1474\" class=\"elementor-tab-title\" data-tab=\"4\" role=\"button\" aria-controls=\"elementor-tab-content-1474\" aria-expanded=\"false\">\n\t\t\t\t\t\t\t\t\t\t\t\t\t<span class=\"elementor-accordion-icon elementor-accordion-icon-left\" aria-hidden=\"true\">\n\t\t\t\t\t\t\t\t\t\t\t\t\t\t\t<span class=\"elementor-accordion-icon-closed\"><svg class=\"e-font-icon-svg e-fas-plus\" viewBox=\"0 0 448 512\" xmlns=\"http:\/\/www.w3.org\/2000\/svg\"><path d=\"M416 208H272V64c0-17.67-14.33-32-32-32h-32c-17.67 0-32 14.33-32 32v144H32c-17.67 0-32 14.33-32 32v32c0 17.67 14.33 32 32 32h144v144c0 17.67 14.33 32 32 32h32c17.67 0 32-14.33 32-32V304h144c17.67 0 32-14.33 32-32v-32c0-17.67-14.33-32-32-32z\"><\/path><\/svg><\/span>\n\t\t\t\t\t\t\t\t<span class=\"elementor-accordion-icon-opened\"><svg class=\"e-font-icon-svg e-fas-minus\" viewBox=\"0 0 448 512\" xmlns=\"http:\/\/www.w3.org\/2000\/svg\"><path d=\"M416 208H32c-17.67 0-32 14.33-32 32v32c0 17.67 14.33 32 32 32h384c17.67 0 32-14.33 32-32v-32c0-17.67-14.33-32-32-32z\"><\/path><\/svg><\/span>\n\t\t\t\t\t\t\t\t\t\t\t\t\t\t<\/span>\n\t\t\t\t\t\t\t\t\t\t\t\t<a class=\"elementor-accordion-title\" tabindex=\"0\">V\u00e4dret p\u00e5 Mallorca<\/a>\n\t\t\t\t\t<\/div>\n\t\t\t\t\t<div id=\"elementor-tab-content-1474\" class=\"elementor-tab-content elementor-clearfix\" data-tab=\"4\" role=\"region\" aria-labelledby=\"elementor-tab-title-1474\"><p>Mallorca har ett medelhavsklimat med milda vintrar och varma somrar. Medeltemperaturen varierar fr\u00e5n 15\u00b0C p\u00e5 vintern till 30\u00b0C p\u00e5 sommaren. \u00d6n drar nytta av massor av solsken under hela \u00e5ret, vilket g\u00f6r den till ett \u00f6nskv\u00e4rt resm\u00e5l f\u00f6r utomhusaktiviteter och strandavkoppling.  <\/p>\n<\/div>\n\t\t\t\t<\/div>\n\t\t\t\t\t\t\t\t<\/div>\n\t\t\t\t\t\t<\/div>\n\t\t\t\t\t<\/div>\n\t\t<\/div>\n\t\t\t\t\t<\/div>\n\t\t<\/section>\n\t\t\t\t<section class=\"elementor-section elementor-top-section elementor-element elementor-element-6ec02469 elementor-section-boxed elementor-section-height-default elementor-section-height-default\" data-id=\"6ec02469\" data-element_type=\"section\" data-e-type=\"section\">\n\t\t\t\t\t\t<div class=\"elementor-container elementor-column-gap-default\">\n\t\t\t\t\t<div class=\"elementor-column elementor-col-100 elementor-top-column elementor-element elementor-element-7abe6dbb\" data-id=\"7abe6dbb\" data-element_type=\"column\" data-e-type=\"column\">\n\t\t\t<div class=\"elementor-widget-wrap elementor-element-populated\">\n\t\t\t\t\t\t<div class=\"elementor-element elementor-element-79153c16 m-0 elementor-widget elementor-widget-title\" data-id=\"79153c16\" data-element_type=\"widget\" data-e-type=\"widget\" data-widget_type=\"title.default\">\n\t\t\t\t<div class=\"elementor-widget-container\">\n\t\t\t\t\t<h2 class=\"control-heading-title m-0\">Fortfarande os\u00e4ker p\u00e5 att flytta till Mallorca?<\/h2>\t\t\t\t<\/div>\n\t\t\t\t<\/div>\n\t\t\t\t\t<\/div>\n\t\t<\/div>\n\t\t\t\t\t<\/div>\n\t\t<\/section>\n\t\t\t\t<section class=\"elementor-section elementor-top-section elementor-element elementor-element-19b54de2 elementor-section-boxed elementor-section-height-default elementor-section-height-default\" data-id=\"19b54de2\" data-element_type=\"section\" data-e-type=\"section\">\n\t\t\t\t\t\t<div class=\"elementor-container elementor-column-gap-default\">\n\t\t\t\t\t<div class=\"elementor-column elementor-col-100 elementor-top-column elementor-element elementor-element-3b557364\" data-id=\"3b557364\" data-element_type=\"column\" data-e-type=\"column\">\n\t\t\t<div class=\"elementor-widget-wrap elementor-element-populated\">\n\t\t\t\t\t\t<div class=\"elementor-element elementor-element-1854fd68 elementor-widget elementor-widget-text-editor\" data-id=\"1854fd68\" data-element_type=\"widget\" data-e-type=\"widget\" data-widget_type=\"text-editor.default\">\n\t\t\t\t\t\t\t\t\t<p><span style=\"font-weight: 400;\">Mallorca erbjuder ett pulserande nattliv med m\u00e5nga alternativ f\u00f6r att g\u00e5 ut. N\u00e5gra av de b\u00e4sta st\u00e4llena att g\u00e5 ut p\u00e5 p\u00e5 Mallorca inkluderar Palma de Mallorca, \u00f6ns huvudstad, d\u00e4r du kan hitta en m\u00e4ngd olika barer, klubbar och livemusikst\u00e4llen. Omr\u00e5dena Santa Catalina och Paseo Mar\u00edtimo \u00e4r s\u00e4rskilt popul\u00e4ra f\u00f6r sitt livliga nattliv. Dessutom \u00e4r semesterorterna Magaluf och Palma Nova k\u00e4nda f\u00f6r sin livliga festst\u00e4mning och m\u00e5nga barer och klubbar som v\u00e4nder sig till turister.   <\/span><\/p><p><span style=\"font-weight: 400;\">Mallorca erbjuder m\u00e5nga fantastiska str\u00e4nder och kustomr\u00e5den f\u00f6r att njuta av havet. N\u00e5gra popul\u00e4ra stranddestinationer inkluderar Cala d&#8217;Or, Alcudia, Palma Nova, Cala Millor och Port de S\u00f3ller. Var och en av dessa platser erbjuder vackra sandstr\u00e4nder, kristallklart vatten och en rad bekv\u00e4mligheter f\u00f6r strandbes\u00f6kare att koppla av och ha en minnesv\u00e4rd havsupplevelse.  <\/span><\/p><p><span style=\"font-weight: 400;\">P\u00e5 Mallorca kan du b\u00f6rja dagen med att utforska de charmiga gatorna och historiska platserna i huvudstaden Palma. Bes\u00f6k den ikoniska katedralen i Palma, promenera l\u00e4ngs strandpromenaden Paseo Mar\u00edtimo och utforska de smala gr\u00e4nderna i gamla stan, k\u00e4nd som &#8221;Casco Antiguo&#8221;. Efter\u00e5t, bege dig till en av de pittoreska str\u00e4nderna som Playa de Palma eller Cala Major f\u00f6r att koppla av och njuta av solen. P\u00e5 eftermiddagen kan du bes\u00f6ka slottet Bellver f\u00f6r panoramautsikt \u00f6ver staden eller utforska de fascinerande grottorna i Cuevas del Drach. Avsluta dagen med att njuta av det pulserande nattlivet i omr\u00e5den som Magaluf eller Palmas La Lonja-distrikt, med dess livliga barer, restauranger och klubbar.    <\/span><\/p>\t\t\t\t\t\t\t\t<\/div>\n\t\t\t\t\t<\/div>\n\t\t<\/div>\n\t\t\t\t\t<\/div>\n\t\t<\/section>\n\t\t\t\t<section class=\"elementor-section elementor-top-section elementor-element elementor-element-18f53a85 elementor-section-boxed elementor-section-height-default elementor-section-height-default\" data-id=\"18f53a85\" data-element_type=\"section\" data-e-type=\"section\">\n\t\t\t\t\t\t<div class=\"elementor-container elementor-column-gap-default\">\n\t\t\t\t\t<div class=\"elementor-column elementor-col-100 elementor-top-column elementor-element elementor-element-3a10ae7e\" data-id=\"3a10ae7e\" data-element_type=\"column\" data-e-type=\"column\">\n\t\t\t<div class=\"elementor-widget-wrap elementor-element-populated\">\n\t\t\t\t\t\t<div class=\"elementor-element elementor-element-7455495a m-0 elementor-widget elementor-widget-title\" data-id=\"7455495a\" data-element_type=\"widget\" data-e-type=\"widget\" data-widget_type=\"title.default\">\n\t\t\t\t<div class=\"elementor-widget-container\">\n\t\t\t\t\t<h2 class=\"control-heading-title m-0\">Tala med en av v\u00e5ra rekryterare<\/h2>\t\t\t\t<\/div>\n\t\t\t\t<\/div>\n\t\t\t\t\t<\/div>\n\t\t<\/div>\n\t\t\t\t\t<\/div>\n\t\t<\/section>\n\t\t\t\t<section class=\"elementor-section elementor-top-section elementor-element elementor-element-d72db54 elementor-section-content-middle elementor-section-boxed elementor-section-height-default elementor-section-height-default\" data-id=\"d72db54\" data-element_type=\"section\" data-e-type=\"section\">\n\t\t\t\t\t\t<div class=\"elementor-container elementor-column-gap-no\">\n\t\t\t\t\t<div class=\"elementor-column elementor-col-50 elementor-top-column elementor-element elementor-element-7d2f0bb\" data-id=\"7d2f0bb\" data-element_type=\"column\" data-e-type=\"column\">\n\t\t\t<div class=\"elementor-widget-wrap elementor-element-populated\">\n\t\t\t\t\t\t<div class=\"elementor-element elementor-element-fee3529 elementor-vertical-align-middle elementor-position-top elementor-widget elementor-widget-image-box\" data-id=\"fee3529\" data-element_type=\"widget\" data-e-type=\"widget\" data-widget_type=\"image-box.default\">\n\t\t\t\t<div class=\"elementor-widget-container\">\n\t\t\t\t\t<div class=\"elementor-image-box-wrapper card\"><figure class=\"elementor-image-box-img\"><img decoding=\"async\" width=\"401\" height=\"401\" src=\"https:\/\/www.jobsqd.com\/wp-content\/uploads\/2023\/07\/niki.png\" class=\"attachment-full size-full wp-image-64629 img-fluid\" alt=\"Niki Karvanen\" srcset=\"https:\/\/www.jobsqd.com\/wp-content\/uploads\/2023\/07\/niki.png 401w, https:\/\/www.jobsqd.com\/wp-content\/uploads\/2023\/07\/niki-300x300.png 300w, https:\/\/www.jobsqd.com\/wp-content\/uploads\/2023\/07\/niki-150x150.png 150w, https:\/\/www.jobsqd.com\/wp-content\/uploads\/2023\/07\/niki-105x105.png 105w, https:\/\/www.jobsqd.com\/wp-content\/uploads\/2023\/07\/niki-85x85.png 85w, https:\/\/www.jobsqd.com\/wp-content\/uploads\/2023\/07\/niki-100x100.png 100w\" sizes=\"(max-width: 401px) 100vw, 401px\" \/><\/figure><div class=\"elementor-image-box-content card-body\"><h3 class=\"elementor-image-box-title\">Niki<\/h3><\/div><\/div>\t\t\t\t<\/div>\n\t\t\t\t<\/div>\n\t\t\t\t<div class=\"elementor-element elementor-element-1953833 elementor-align-center elementor-widget elementor-widget-button\" data-id=\"1953833\" data-element_type=\"widget\" data-e-type=\"widget\" data-widget_type=\"button.default\">\n\t\t\t\t\t\t\t\t\t\t<a class=\"elementor-button elementor-button-link elementor-size-sm\" href=\"https:\/\/www.jobsqd.com\/team-member\/niki-karvanen\/\">\n\t\t\t\t\t\t<span class=\"elementor-button-content-wrapper\">\n\t\t\t\t\t\t\t\t\t<span class=\"elementor-button-text\">Kontakta Nu<\/span>\n\t\t\t\t\t<\/span>\n\t\t\t\t\t<\/a>\n\t\t\t\t\t\t\t\t<\/div>\n\t\t\t\t\t<\/div>\n\t\t<\/div>\n\t\t\t\t<div class=\"elementor-column elementor-col-50 elementor-top-column elementor-element elementor-element-4547478\" data-id=\"4547478\" data-element_type=\"column\" data-e-type=\"column\">\n\t\t\t<div class=\"elementor-widget-wrap elementor-element-populated\">\n\t\t\t\t\t\t<div class=\"elementor-element elementor-element-fbb97fb elementor-vertical-align-middle elementor-position-top elementor-widget elementor-widget-image-box\" data-id=\"fbb97fb\" data-element_type=\"widget\" data-e-type=\"widget\" data-widget_type=\"image-box.default\">\n\t\t\t\t<div class=\"elementor-widget-container\">\n\t\t\t\t\t<div class=\"elementor-image-box-wrapper card\"><figure class=\"elementor-image-box-img\"><img loading=\"lazy\" decoding=\"async\" width=\"400\" height=\"401\" src=\"https:\/\/www.jobsqd.com\/wp-content\/uploads\/2025\/07\/Mandy-circle-profile.png\" class=\"attachment-full size-full wp-image-95862 img-fluid\" alt=\"Woman with hand raised thoughtfully.\" srcset=\"https:\/\/www.jobsqd.com\/wp-content\/uploads\/2025\/07\/Mandy-circle-profile.png 400w, https:\/\/www.jobsqd.com\/wp-content\/uploads\/2025\/07\/Mandy-circle-profile-300x300.png 300w, https:\/\/www.jobsqd.com\/wp-content\/uploads\/2025\/07\/Mandy-circle-profile-150x150.png 150w, https:\/\/www.jobsqd.com\/wp-content\/uploads\/2025\/07\/Mandy-circle-profile-105x105.png 105w, https:\/\/www.jobsqd.com\/wp-content\/uploads\/2025\/07\/Mandy-circle-profile-85x85.png 85w\" sizes=\"(max-width: 400px) 100vw, 400px\" \/><\/figure><div class=\"elementor-image-box-content card-body\"><h3 class=\"elementor-image-box-title\">Mandy<\/h3><\/div><\/div>\t\t\t\t<\/div>\n\t\t\t\t<\/div>\n\t\t\t\t<div class=\"elementor-element elementor-element-df5646c elementor-align-center elementor-widget elementor-widget-button\" data-id=\"df5646c\" data-element_type=\"widget\" data-e-type=\"widget\" data-widget_type=\"button.default\">\n\t\t\t\t\t\t\t\t\t\t<a class=\"elementor-button elementor-button-link elementor-size-sm\" href=\"https:\/\/www.jobsqd.com\/team-member\/mandy\/\">\n\t\t\t\t\t\t<span class=\"elementor-button-content-wrapper\">\n\t\t\t\t\t\t\t\t\t<span class=\"elementor-button-text\">Kontakta Nu<\/span>\n\t\t\t\t\t<\/span>\n\t\t\t\t\t<\/a>\n\t\t\t\t\t\t\t\t<\/div>\n\t\t\t\t\t<\/div>\n\t\t<\/div>\n\t\t\t\t\t<\/div>\n\t\t<\/section>\n\t\t\t\t<\/div>\n\t\t","protected":false},"excerpt":{"rendered":"<p>F\u00e5 ett jobb p\u00e5 Mallorca Att bo p\u00e5 Mallorca erbjuder en exceptionell livskvalitet. \u00d6n har fantastisk natur med sitt kristallklara&#8230;<\/p>\n","protected":false},"author":56,"featured_media":107334,"parent":99222,"menu_order":0,"comment_status":"closed","ping_status":"closed","template":"","meta":{"footnotes":""},"class_list":["post-54128","page","type-page","status-publish","has-post-thumbnail","hentry"],"_links":{"self":[{"href":"https:\/\/www.jobsqd.com\/sv\/wp-json\/wp\/v2\/pages\/54128","targetHints":{"allow":["GET"]}}],"collection":[{"href":"https:\/\/www.jobsqd.com\/sv\/wp-json\/wp\/v2\/pages"}],"about":[{"href":"https:\/\/www.jobsqd.com\/sv\/wp-json\/wp\/v2\/types\/page"}],"author":[{"embeddable":true,"href":"https:\/\/www.jobsqd.com\/sv\/wp-json\/wp\/v2\/users\/56"}],"replies":[{"embeddable":true,"href":"https:\/\/www.jobsqd.com\/sv\/wp-json\/wp\/v2\/comments?post=54128"}],"version-history":[{"count":6,"href":"https:\/\/www.jobsqd.com\/sv\/wp-json\/wp\/v2\/pages\/54128\/revisions"}],"predecessor-version":[{"id":107349,"href":"https:\/\/www.jobsqd.com\/sv\/wp-json\/wp\/v2\/pages\/54128\/revisions\/107349"}],"up":[{"embeddable":true,"href":"https:\/\/www.jobsqd.com\/sv\/wp-json\/wp\/v2\/pages\/99222"}],"wp:featuredmedia":[{"embeddable":true,"href":"https:\/\/www.jobsqd.com\/sv\/wp-json\/wp\/v2\/media\/107334"}],"wp:attachment":[{"href":"https:\/\/www.jobsqd.com\/sv\/wp-json\/wp\/v2\/media?parent=54128"}],"curies":[{"name":"wp","href":"https:\/\/api.w.org\/{rel}","templated":true}]}}