{"id":52839,"date":"2023-07-11T07:17:41","date_gmt":"2023-07-11T05:17:41","guid":{"rendered":"https:\/\/www.jobsqd.com\/faro\/"},"modified":"2026-03-19T11:22:22","modified_gmt":"2026-03-19T10:22:22","slug":"faro","status":"publish","type":"page","link":"https:\/\/www.jobsqd.com\/sv\/portugal-2\/faro\/","title":{"rendered":"Faro"},"content":{"rendered":"\t\t<div data-elementor-type=\"wp-page\" data-elementor-id=\"52839\" class=\"elementor elementor-52839 elementor-8793\" data-elementor-post-type=\"page\">\n\t\t\t\t\t\t<section class=\"elementor-section elementor-top-section elementor-element elementor-element-45134f88 hero-1 hero-5 elementor-section-boxed elementor-section-height-default elementor-section-height-default\" data-id=\"45134f88\" data-element_type=\"section\" data-e-type=\"section\">\n\t\t\t\t\t\t<div class=\"elementor-container elementor-column-gap-no\">\n\t\t\t\t\t<div class=\"elementor-column elementor-col-100 elementor-top-column elementor-element elementor-element-5ac4ebc0\" data-id=\"5ac4ebc0\" data-element_type=\"column\" data-e-type=\"column\">\n\t\t\t<div class=\"elementor-widget-wrap elementor-element-populated\">\n\t\t\t\t\t\t<section class=\"elementor-section elementor-inner-section elementor-element elementor-element-76b800f9 elementor-section-full_width elementor-section-height-default elementor-section-height-default\" data-id=\"76b800f9\" data-element_type=\"section\" data-e-type=\"section\">\n\t\t\t\t\t\t<div class=\"elementor-container elementor-column-gap-no\">\n\t\t\t\t\t<div class=\"elementor-column elementor-col-50 elementor-inner-column elementor-element elementor-element-6c4b64a4\" data-id=\"6c4b64a4\" data-element_type=\"column\" data-e-type=\"column\">\n\t\t\t<div class=\"elementor-widget-wrap elementor-element-populated\">\n\t\t\t\t\t\t<div class=\"elementor-element elementor-element-6007412d heading-banner elementor-widget elementor-widget-title\" data-id=\"6007412d\" data-element_type=\"widget\" data-e-type=\"widget\" data-widget_type=\"title.default\">\n\t\t\t\t<div class=\"elementor-widget-container\">\n\t\t\t\t\t<h1 class=\"control-heading-title display-5 fw-bolder\">F\u00e5 ett jobb i Faro<\/h1>\t\t\t\t<\/div>\n\t\t\t\t<\/div>\n\t\t\t\t<div class=\"elementor-element elementor-element-7d5e759b elementor-widget__width-initial banner-description mb-0 elementor-widget elementor-widget-text-editor\" data-id=\"7d5e759b\" data-element_type=\"widget\" data-e-type=\"widget\" data-widget_type=\"text-editor.default\">\n\t\t\t\t\t\t\t\t\t<p>Faro har ett rikt kulturarv. Stadens historiska centrum, med sina charmiga kullerstensgator, traditionell arkitektur och historiska landm\u00e4rken, erbjuder en f\u00e4ngslande blandning av gammaldags charm och moderna bekv\u00e4mligheter. <\/p>\t\t\t\t\t\t\t\t<\/div>\n\t\t\t\t<div class=\"elementor-element elementor-element-5cec4594 elementor-widget elementor-widget-text-editor\" data-id=\"5cec4594\" data-element_type=\"widget\" data-e-type=\"widget\" data-widget_type=\"text-editor.default\">\n\t\t\t\t\t\t\t\t\t<div class=\"mt-40\"><div class=\"wow animate__ animate__fadeInUp animated\" style=\"visibility: visible; animation-name: fadeInUp;\"><a class=\"btn btn-default\" href=\"https:\/\/www.jobsqd.com\/sv\/hitta-ett-jobb-utomlands\/?search_categories%5B%5D=&#038;search_location=Portugal&#038;search_keywords=\">Se alla jobbinl\u00e4gg i Portugal <\/a><a class=\"btn btn-link text-decoration-underline\" href=\"https:\/\/jthemes.com\/themes\/wp\/jobbox\/about-us\/\" target=\"_blank\" rel=\"noopener\">L\u00e4s mer<\/a><\/div><\/div>\t\t\t\t\t\t\t\t<\/div>\n\t\t\t\t<div class=\"elementor-element elementor-element-0b3556c elementor-widget__width-initial elementor-widget elementor-widget-html\" data-id=\"0b3556c\" data-element_type=\"widget\" data-e-type=\"widget\" data-widget_type=\"html.default\">\n\t\t\t\t\t<a href=\"https:\/\/www.jobsqd.com\/sv\/recensioner\/\">\n<div class=\"ctrlt-rating\">\n    <b style=\"font-size:22px;\">4.9  <\/b>\n\t\t\t<span class=\"ctrlt-rating__star\"><\/span>\n\t\t\t<span class=\"ctrlt-rating__star\"><\/span>\n\t\t\t<span class=\"ctrlt-rating__star\"><\/span>\n\t\t\t<span class=\"ctrlt-rating__star\"><\/span>\n\t\t\t<span class=\"ctrlt-rating__star\"><\/span>\n\t<\/div>\n\n<p style=\"font-size:12px; line-height:0.5;\"><b>Google Business Profil<\/b><\/p>\n<\/a>\t\t\t\t<\/div>\n\t\t\t\t<div class=\"elementor-element elementor-element-5557ecf elementor-widget__width-initial elementor-widget elementor-widget-html\" data-id=\"5557ecf\" data-element_type=\"widget\" data-e-type=\"widget\" data-widget_type=\"html.default\">\n\t\t\t\t\t<a href=\"https:\/\/www.jobsqd.com\/sv\/recensioner\/\">\n<div class=\"ctrlt-rating\">\n    <b style=\"font-size:22px;\">4.9  <\/b>\n\t\t\t<span class=\"ctrlt-rating__star\"><\/span>\n\t\t\t<span class=\"ctrlt-rating__star\"><\/span>\n\t\t\t<span class=\"ctrlt-rating__star\"><\/span>\n\t\t\t<span class=\"ctrlt-rating__star\"><\/span>\n\t\t\t<span class=\"ctrlt-rating__star\"><\/span>\n\t<\/div>\n\n<p style=\"font-size:12px; line-height:0.5;\"><b>Facebook Recensioner<\/b><\/p>\n<\/a>\t\t\t\t<\/div>\n\t\t\t\t<div class=\"elementor-element elementor-element-f88c63f elementor-widget__width-initial elementor-widget elementor-widget-html\" data-id=\"f88c63f\" data-element_type=\"widget\" data-e-type=\"widget\" data-widget_type=\"html.default\">\n\t\t\t\t\t<a href=\"\/reviews\">\n<div class=\"ctrlt-rating\">\n    <b style=\"font-size:22px;\">4.7 <\/b>\n\t\t\t<span class=\"ctrlt-rating__star\"><\/span>\n\t\t\t<span class=\"ctrlt-rating__star\"><\/span>\n\t\t\t<span class=\"ctrlt-rating__star\"><\/span>\n\t\t\t<span class=\"ctrlt-rating__star\"><\/span>\n\t\t\t<span class=\"ctrlt-rating__star\"><\/span>\n\t<\/div>\n\n<p style=\"font-size:12px; line-height:0.5;\"><b>Trustpilot<\/b><\/p>\n<\/a>\t\t\t\t<\/div>\n\t\t\t\t\t<\/div>\n\t\t<\/div>\n\t\t\t\t<div class=\"elementor-column elementor-col-50 elementor-inner-column elementor-element elementor-element-47a5d510\" data-id=\"47a5d510\" data-element_type=\"column\" data-e-type=\"column\">\n\t\t\t<div class=\"elementor-widget-wrap elementor-element-populated\">\n\t\t\t\t\t\t<div class=\"elementor-element elementor-element-cfaf2cd elementor-widget elementor-widget-image\" data-id=\"cfaf2cd\" data-element_type=\"widget\" data-e-type=\"widget\" data-widget_type=\"image.default\">\n\t\t\t\t\t\t\t\t\t\t\t\t\t\t\t<img fetchpriority=\"high\" decoding=\"async\" width=\"1080\" height=\"1350\" src=\"https:\/\/www.jobsqd.com\/wp-content\/uploads\/2026\/01\/Portugal-Faro.png\" class=\"attachment-full size-full wp-image-113635 img-fluid\" alt=\"\" srcset=\"https:\/\/www.jobsqd.com\/wp-content\/uploads\/2026\/01\/Portugal-Faro.png 1080w, https:\/\/www.jobsqd.com\/wp-content\/uploads\/2026\/01\/Portugal-Faro-240x300.png 240w, https:\/\/www.jobsqd.com\/wp-content\/uploads\/2026\/01\/Portugal-Faro-819x1024.png 819w, https:\/\/www.jobsqd.com\/wp-content\/uploads\/2026\/01\/Portugal-Faro-768x960.png 768w\" sizes=\"(max-width: 1080px) 100vw, 1080px\">\t\t\t\t\t\t\t\t\t\t\t\t\t\t\t<\/div>\n\t\t\t\t\t<\/div>\n\t\t<\/div>\n\t\t\t\t\t<\/div>\n\t\t<\/section>\n\t\t\t\t<section class=\"elementor-section elementor-inner-section elementor-element elementor-element-393c556e elementor-section-full_width elementor-section-height-default elementor-section-height-default\" data-id=\"393c556e\" data-element_type=\"section\" data-e-type=\"section\">\n\t\t\t\t\t\t<div class=\"elementor-container elementor-column-gap-no\">\n\t\t\t\t\t<div class=\"elementor-column elementor-col-33 elementor-inner-column elementor-element elementor-element-1d053bf0\" data-id=\"1d053bf0\" data-element_type=\"column\" data-e-type=\"column\">\n\t\t\t<div class=\"elementor-widget-wrap\">\n\t\t\t\t\t\t\t<\/div>\n\t\t<\/div>\n\t\t\t\t<div class=\"elementor-column elementor-col-33 elementor-inner-column elementor-element elementor-element-7cb4ea1c\" data-id=\"7cb4ea1c\" data-element_type=\"column\" data-e-type=\"column\">\n\t\t\t<div class=\"elementor-widget-wrap elementor-element-populated\">\n\t\t\t\t\t\t<div class=\"elementor-element elementor-element-3124f5e3 text-center elementor-widget elementor-widget-template\" data-id=\"3124f5e3\" data-element_type=\"widget\" data-e-type=\"widget\" data-widget_type=\"template.default\">\n\t\t\t\t<div class=\"elementor-widget-container\">\n\t\t\t\t\t\r\n<div class=\"banner-hero p-0\">\r\n    <div class=\"block-banner p-0\">\r\n        <div class=\"form-find mt-40 wow animate__animated animate__fadeIn\" data-wow-delay=\".2s\">\r\n            \r\n            <form method=\"get\" action=\"https:\/\/www.jobsqd.com\/jobs\/\">\r\n                <div class=\"job_filters_wrap d-md-flex\">\r\n\r\n                                        <div class=\"box-industry\">\r\n                        <select class=\"form-input mr-10 select-active input-industry workinghere\" name=\"search_category\">\r\n                            <option value=\"\">Language<\/option>\r\n                                                            <option value=\"engelska\">Engelska<\/option>\r\n                                                    <\/select>\r\n                    <\/div>\r\n                    \r\n                                        <select class=\"form-input mr-10 select-active\" name=\"search_location\" id=\"search_location\">\r\n                        <option value=\"\">Location<\/option>\r\n                                                    <option value=\"Bulgarien\">Bulgarien<\/option>\r\n                                                    <option value=\"Cypern\">Cypern<\/option>\r\n                                                    <option value=\"Grekland\">Grekland<\/option>\r\n                                                    <option value=\"Helt P\u00e5 Distans\">Helt P\u00e5 Distans<\/option>\r\n                                                    <option value=\"Helt p\u00e5 Distans\">Helt p\u00e5 Distans<\/option>\r\n                                                    <option value=\"Helt p\u00e5 distans\">Helt p\u00e5 distans<\/option>\r\n                                                    <option value=\"Lettland\">Lettland<\/option>\r\n                                                    <option value=\"Malta\">Malta<\/option>\r\n                                                    <option value=\"Malta, Remote\">Malta, Remote<\/option>\r\n                                                    <option value=\"Marocko\">Marocko<\/option>\r\n                                                    <option value=\"Polen\">Polen<\/option>\r\n                                                    <option value=\"Portugal\">Portugal<\/option>\r\n                                                    <option value=\"Rum\u00e4nien\">Rum\u00e4nien<\/option>\r\n                                                    <option value=\"Spanien\">Spanien<\/option>\r\n                                                    <option value=\"Spanien, Remote\">Spanien, Remote<\/option>\r\n                                                    <option value=\"Sverige\">Sverige<\/option>\r\n                                                    <option value=\"Tjeckien\">Tjeckien<\/option>\r\n                                                    <option value=\"Tyskland\">Tyskland<\/option>\r\n                                                    <option value=\"Ungern\">Ungern<\/option>\r\n                                            <\/select>\r\n                    \r\n                                        <input class=\"form-input input-keysearch mr-10\" type=\"text\" name=\"search_keywords\" id=\"search_keywords\" placeholder=\"Keyword\" \/>\r\n                    \r\n                    <input class=\"btn btn-default btn-find font-sm\" type=\"submit\" value=\"Search\">\r\n                <\/div>\r\n            <\/form>\r\n\r\n        <\/div>\r\n\r\n                \r\n    <\/div>\r\n<\/div>\t\t\t\t<\/div>\n\t\t\t\t<\/div>\n\t\t\t\t\t<\/div>\n\t\t<\/div>\n\t\t\t\t<div class=\"elementor-column elementor-col-33 elementor-inner-column elementor-element elementor-element-68e571c1\" data-id=\"68e571c1\" data-element_type=\"column\" data-e-type=\"column\">\n\t\t\t<div class=\"elementor-widget-wrap\">\n\t\t\t\t\t\t\t<\/div>\n\t\t<\/div>\n\t\t\t\t\t<\/div>\n\t\t<\/section>\n\t\t\t\t\t<\/div>\n\t\t<\/div>\n\t\t\t\t\t<\/div>\n\t\t<\/section>\n\t\t\t\t<section class=\"elementor-section elementor-top-section elementor-element elementor-element-3c3e6335 elementor-section-full_width elementor-section-content-middle elementor-section-height-default elementor-section-height-default\" data-id=\"3c3e6335\" data-element_type=\"section\" data-e-type=\"section\">\n\t\t\t\t\t\t<div class=\"elementor-container elementor-column-gap-default\">\n\t\t\t\t\t<div class=\"elementor-column elementor-col-100 elementor-top-column elementor-element elementor-element-dde4d3c\" data-id=\"dde4d3c\" data-element_type=\"column\" data-e-type=\"column\">\n\t\t\t<div class=\"elementor-widget-wrap elementor-element-populated\">\n\t\t\t\t\t\t<section class=\"elementor-section elementor-inner-section elementor-element elementor-element-45c17acb elementor-section-content-middle elementor-section-boxed elementor-section-height-default elementor-section-height-default\" data-id=\"45c17acb\" data-element_type=\"section\" data-e-type=\"section\">\n\t\t\t\t\t\t<div class=\"elementor-container elementor-column-gap-default\">\n\t\t\t\t\t<div class=\"elementor-column elementor-col-50 elementor-inner-column elementor-element elementor-element-6bd5768a\" data-id=\"6bd5768a\" data-element_type=\"column\" data-e-type=\"column\">\n\t\t\t<div class=\"elementor-widget-wrap elementor-element-populated\">\n\t\t\t\t\t\t<div class=\"elementor-element elementor-element-1116b37a elementor-widget elementor-widget-video\" data-id=\"1116b37a\" data-element_type=\"widget\" data-e-type=\"widget\" data-settings=\"{&quot;youtube_url&quot;:&quot;https:\\\/\\\/www.youtube.com\\\/watch?v=pxRNVOEkV1k&quot;,&quot;video_type&quot;:&quot;youtube&quot;,&quot;controls&quot;:&quot;yes&quot;}\" data-widget_type=\"video.default\">\n\t\t\t\t\t\t\t<div class=\"elementor-wrapper elementor-open-inline\">\n\t\t\t<div class=\"elementor-video\"><\/div>\t\t<\/div>\n\t\t\t\t\t\t<\/div>\n\t\t\t\t\t<\/div>\n\t\t<\/div>\n\t\t\t\t<div class=\"elementor-column elementor-col-50 elementor-inner-column elementor-element elementor-element-78482cbe\" data-id=\"78482cbe\" data-element_type=\"column\" data-e-type=\"column\">\n\t\t\t<div class=\"elementor-widget-wrap elementor-element-populated\">\n\t\t\t\t\t\t<div class=\"elementor-element elementor-element-d2d6bc8 m-0 elementor-widget elementor-widget-title\" data-id=\"d2d6bc8\" data-element_type=\"widget\" data-e-type=\"widget\" data-widget_type=\"title.default\">\n\t\t\t\t<div class=\"elementor-widget-container\">\n\t\t\t\t\t<h2 class=\"control-heading-title m-0\">Livet Faro<\/h2>\t\t\t\t<\/div>\n\t\t\t\t<\/div>\n\t\t\t\t<div class=\"elementor-element elementor-element-369b0b7 elementor-widget elementor-widget-text-editor\" data-id=\"369b0b7\" data-element_type=\"widget\" data-e-type=\"widget\" data-widget_type=\"text-editor.default\">\n\t\t\t\t\t\t\t\t\t<p>Faro \u00f6ppnar d\u00f6rren till Algarves storslagna kust. H\u00e4r v\u00e4ntar gyllene str\u00e4nder, klart vatten och klippor som bjuder p\u00e5 en livsstil fylld av sol, hav och \u00e4ventyr. <\/p><p>Staden \u00e4r ocks\u00e5 ett centrum f\u00f6r kultur och n\u00f6jen. H\u00e4r arrangeras festivaler, evenemang och utst\u00e4llningar \u00e5ret runt, vilket ger m\u00f6jlighet att uppleva konst, musik och lokal kultur. <\/p>\t\t\t\t\t\t\t\t<\/div>\n\t\t\t\t\t<\/div>\n\t\t<\/div>\n\t\t\t\t\t<\/div>\n\t\t<\/section>\n\t\t\t\t\t<\/div>\n\t\t<\/div>\n\t\t\t\t\t<\/div>\n\t\t<\/section>\n\t\t\t\t<section class=\"elementor-section elementor-top-section elementor-element elementor-element-7a488ca4 elementor-section-boxed elementor-section-height-default elementor-section-height-default\" data-id=\"7a488ca4\" data-element_type=\"section\" data-e-type=\"section\">\n\t\t\t\t\t\t<div class=\"elementor-container elementor-column-gap-default\">\n\t\t\t\t\t<div class=\"elementor-column elementor-col-100 elementor-top-column elementor-element elementor-element-44be3b83\" data-id=\"44be3b83\" data-element_type=\"column\" data-e-type=\"column\">\n\t\t\t<div class=\"elementor-widget-wrap elementor-element-populated\">\n\t\t\t\t\t\t<section class=\"elementor-section elementor-inner-section elementor-element elementor-element-15985d41 elementor-section-content-middle elementor-section-boxed elementor-section-height-default elementor-section-height-default\" data-id=\"15985d41\" data-element_type=\"section\" data-e-type=\"section\">\n\t\t\t\t\t\t<div class=\"elementor-container elementor-column-gap-default\">\n\t\t\t\t\t<div class=\"elementor-column elementor-col-50 elementor-inner-column elementor-element elementor-element-48172629\" data-id=\"48172629\" data-element_type=\"column\" data-e-type=\"column\">\n\t\t\t<div class=\"elementor-widget-wrap elementor-element-populated\">\n\t\t\t\t\t\t<div class=\"elementor-element elementor-element-2eda5ec6 m-0 elementor-widget elementor-widget-title\" data-id=\"2eda5ec6\" data-element_type=\"widget\" data-e-type=\"widget\" data-widget_type=\"title.default\">\n\t\t\t\t<div class=\"elementor-widget-container\">\n\t\t\t\t\t<h2 class=\"control-heading-title m-0\">Jobba i Faro<\/h2>\t\t\t\t<\/div>\n\t\t\t\t<\/div>\n\t\t\t\t<div class=\"elementor-element elementor-element-2f6889ba elementor-widget elementor-widget-text-editor\" data-id=\"2f6889ba\" data-element_type=\"widget\" data-e-type=\"widget\" data-widget_type=\"text-editor.default\">\n\t\t\t\t\t\t\t\t\t<div><div><span style=\"font-family: Plus Jakarta Sans;\"><b> <\/b><\/span><\/div><ul><li><b>Genomsnittlig<\/b> <strong>arbetstid per vecka: <\/strong>40 timmar, 8 timmar dagligen<\/li><li><strong>Vanlig arbetsdag:<\/strong> m\u00e5ndag till fredag \u200b\u200bkl. 09.00-18.00 med 1 timmes lunchrast<\/li><li><strong>Antal semesterdagar:<\/strong> 22 dagar<\/li><li><b>Pendla: <\/b>Mestadels med tunnelbana<\/li><li><b>Arbetskultur:<\/b> Mestadels platt hierarki <\/li><\/ul><div><span style=\"font-family: Plus Jakarta Sans;\"> <\/span><\/div><\/div><p><a href=\"https:\/\/www.jobsqd.com\/sv\/portugal-2\/\">L\u00e4s mer om att flytta till Portugal<\/a><\/p>\t\t\t\t\t\t\t\t<\/div>\n\t\t\t\t\t<\/div>\n\t\t<\/div>\n\t\t\t\t<div class=\"elementor-column elementor-col-50 elementor-inner-column elementor-element elementor-element-73790763\" data-id=\"73790763\" data-element_type=\"column\" data-e-type=\"column\">\n\t\t\t<div class=\"elementor-widget-wrap elementor-element-populated\">\n\t\t\t\t\t\t<div class=\"elementor-element elementor-element-6da826f elementor-widget elementor-widget-image\" data-id=\"6da826f\" data-element_type=\"widget\" data-e-type=\"widget\" data-widget_type=\"image.default\">\n\t\t\t\t\t\t\t\t\t\t\t\t\t\t\t<img decoding=\"async\" width=\"1366\" height=\"768\" src=\"https:\/\/www.jobsqd.com\/wp-content\/uploads\/2025\/01\/Faro-2.png\" class=\"attachment-full size-full wp-image-49239 img-fluid\" alt=\"\" srcset=\"https:\/\/www.jobsqd.com\/wp-content\/uploads\/2025\/01\/Faro-2.png 1366w, https:\/\/www.jobsqd.com\/wp-content\/uploads\/2025\/01\/Faro-2-300x169.png 300w, https:\/\/www.jobsqd.com\/wp-content\/uploads\/2025\/01\/Faro-2-1024x576.png 1024w, https:\/\/www.jobsqd.com\/wp-content\/uploads\/2025\/01\/Faro-2-768x432.png 768w\" sizes=\"(max-width: 1366px) 100vw, 1366px\">\t\t\t\t\t\t\t\t\t\t\t\t\t\t\t<\/div>\n\t\t\t\t\t<\/div>\n\t\t<\/div>\n\t\t\t\t\t<\/div>\n\t\t<\/section>\n\t\t\t\t\t<\/div>\n\t\t<\/div>\n\t\t\t\t\t<\/div>\n\t\t<\/section>\n\t\t\t\t<section class=\"elementor-section elementor-top-section elementor-element elementor-element-3b2e2183 elementor-section-full_width elementor-section-height-default elementor-section-height-default\" data-id=\"3b2e2183\" data-element_type=\"section\" data-e-type=\"section\">\n\t\t\t\t\t\t<div class=\"elementor-container elementor-column-gap-default\">\n\t\t\t\t\t<div class=\"elementor-column elementor-col-100 elementor-top-column elementor-element elementor-element-23797a10\" data-id=\"23797a10\" data-element_type=\"column\" data-e-type=\"column\">\n\t\t\t<div class=\"elementor-widget-wrap elementor-element-populated\">\n\t\t\t\t\t\t<div class=\"elementor-element elementor-element-68e1cd48 elementor-widget elementor-widget-template\" data-id=\"68e1cd48\" data-element_type=\"widget\" data-e-type=\"widget\" data-widget_type=\"template.default\">\n\t\t\t\t<div class=\"elementor-widget-container\">\n\t\t\t\t\t\r\n<div class=\"section-box mb-30\">\r\n    <div class=\"container\">\r\n        <div class=\"box-we-hiring\">\r\n        <div class=\"text-1\"><span class=\"text-we-are\">test<\/span><span class=\"text-hiring\">test<\/span><\/div>\r\n        <div class=\"text-2\">test<\/div>\r\n        <div class=\"text-3\">\r\n            <a href=\"https:\/\/www.jobsqd.com\/jobs\/\" class=\"btn btn-apply btn-apply-icon\">test<\/a>\r\n        <\/div>\r\n        <\/div>\r\n    <\/div>\r\n<\/div>\t\t\t\t<\/div>\n\t\t\t\t<\/div>\n\t\t\t\t\t<\/div>\n\t\t<\/div>\n\t\t\t\t\t<\/div>\n\t\t<\/section>\n\t\t\t\t<section class=\"elementor-section elementor-top-section elementor-element elementor-element-408c7797 elementor-section-boxed elementor-section-height-default elementor-section-height-default\" data-id=\"408c7797\" data-element_type=\"section\" data-e-type=\"section\">\n\t\t\t\t\t\t<div class=\"elementor-container elementor-column-gap-default\">\n\t\t\t\t\t<div class=\"elementor-column elementor-col-100 elementor-top-column elementor-element elementor-element-32b5e5b1\" data-id=\"32b5e5b1\" data-element_type=\"column\" data-e-type=\"column\">\n\t\t\t<div class=\"elementor-widget-wrap elementor-element-populated\">\n\t\t\t\t\t\t<div class=\"elementor-element elementor-element-1dd3f78e m-0 elementor-widget elementor-widget-title\" data-id=\"1dd3f78e\" data-element_type=\"widget\" data-e-type=\"widget\" data-widget_type=\"title.default\">\n\t\t\t\t<div class=\"elementor-widget-container\">\n\t\t\t\t\t<h2 class=\"control-heading-title m-0\">FAQ<\/h2>\t\t\t\t<\/div>\n\t\t\t\t<\/div>\n\t\t\t\t<div class=\"elementor-element elementor-element-4922d761 elementor-widget elementor-widget-accordion\" data-id=\"4922d761\" data-element_type=\"widget\" data-e-type=\"widget\" data-widget_type=\"accordion.default\">\n\t\t\t\t\t\t\t<div class=\"elementor-accordion\">\n\t\t\t\t\t\t\t<div class=\"elementor-accordion-item\">\n\t\t\t\t\t<div id=\"elementor-tab-title-1221\" class=\"elementor-tab-title\" data-tab=\"1\" role=\"button\" aria-controls=\"elementor-tab-content-1221\" aria-expanded=\"false\">\n\t\t\t\t\t\t\t\t\t\t\t\t\t<span class=\"elementor-accordion-icon elementor-accordion-icon-left\" aria-hidden=\"true\">\n\t\t\t\t\t\t\t\t\t\t\t\t\t\t\t<span class=\"elementor-accordion-icon-closed\"><svg class=\"e-font-icon-svg e-fas-plus\" viewBox=\"0 0 448 512\" xmlns=\"http:\/\/www.w3.org\/2000\/svg\"><path d=\"M416 208H272V64c0-17.67-14.33-32-32-32h-32c-17.67 0-32 14.33-32 32v144H32c-17.67 0-32 14.33-32 32v32c0 17.67 14.33 32 32 32h144v144c0 17.67 14.33 32 32 32h32c17.67 0 32-14.33 32-32V304h144c17.67 0 32-14.33 32-32v-32c0-17.67-14.33-32-32-32z\"><\/path><\/svg><\/span>\n\t\t\t\t\t\t\t\t<span class=\"elementor-accordion-icon-opened\"><svg class=\"e-font-icon-svg e-fas-minus\" viewBox=\"0 0 448 512\" xmlns=\"http:\/\/www.w3.org\/2000\/svg\"><path d=\"M416 208H32c-17.67 0-32 14.33-32 32v32c0 17.67 14.33 32 32 32h384c17.67 0 32-14.33 32-32v-32c0-17.67-14.33-32-32-32z\"><\/path><\/svg><\/span>\n\t\t\t\t\t\t\t\t\t\t\t\t\t\t<\/span>\n\t\t\t\t\t\t\t\t\t\t\t\t<a class=\"elementor-accordion-title\" tabindex=\"0\">Ska jag flytta med min v\u00e4n eller partner?<\/a>\n\t\t\t\t\t<\/div>\n\t\t\t\t\t<div id=\"elementor-tab-content-1221\" class=\"elementor-tab-content elementor-clearfix\" data-tab=\"1\" role=\"region\" aria-labelledby=\"elementor-tab-title-1221\"><p>Du kan flytta till Faro sj\u00e4lv, med en v\u00e4n eller som ett par. Det finns f\u00f6r- och nackdelar med alla situationer. Om du funderar p\u00e5 att flytta utomlands med n\u00e5gon v\u00e4n kan det vara en riktigt bra id\u00e9 att s\u00e4tta dig ner och prata igenom praktiska och vardagliga saker som ekonomi, r\u00e4kningar, st\u00e4dning, matink\u00f6p, matlagning vs best\u00e4llning, g\u00e5 ut\/vistas inne, hur du hanterar att eventuellt g\u00e5 ut utan varandra samt att ha v\u00e4nner och familj p\u00e5 bes\u00f6k. Bortsett fr\u00e5n de praktiska arrangemangen \u00e4r livet roligt n\u00e4r du kan dela dina nya k\u00e4rnminnen med andra m\u00e4nniskor &#8211; s\u00e5 det rekommenderas starkt att flytta utomlands tillsammans. Att flytta med en v\u00e4n kan g\u00f6ra att du interagerar mindre med nya m\u00e4nniskor j\u00e4mf\u00f6rt med om du flyttar utomlands sj\u00e4lv. Men om detta \u00e4r bra eller d\u00e5ligt beror helt p\u00e5 dina personliga m\u00e5l och \u00f6nskem\u00e5l samt din personlighet.     <\/p>\n<p>Slutsats: Kommunikation \u00e4r avg\u00f6rande om du och din v\u00e4n best\u00e4mmer er f\u00f6r att flytta utomlands tillsammans.<\/p>\n<\/div>\n\t\t\t\t<\/div>\n\t\t\t\t\t\t\t<div class=\"elementor-accordion-item\">\n\t\t\t\t\t<div id=\"elementor-tab-title-1222\" class=\"elementor-tab-title\" data-tab=\"2\" role=\"button\" aria-controls=\"elementor-tab-content-1222\" aria-expanded=\"false\">\n\t\t\t\t\t\t\t\t\t\t\t\t\t<span class=\"elementor-accordion-icon elementor-accordion-icon-left\" aria-hidden=\"true\">\n\t\t\t\t\t\t\t\t\t\t\t\t\t\t\t<span class=\"elementor-accordion-icon-closed\"><svg class=\"e-font-icon-svg e-fas-plus\" viewBox=\"0 0 448 512\" xmlns=\"http:\/\/www.w3.org\/2000\/svg\"><path d=\"M416 208H272V64c0-17.67-14.33-32-32-32h-32c-17.67 0-32 14.33-32 32v144H32c-17.67 0-32 14.33-32 32v32c0 17.67 14.33 32 32 32h144v144c0 17.67 14.33 32 32 32h32c17.67 0 32-14.33 32-32V304h144c17.67 0 32-14.33 32-32v-32c0-17.67-14.33-32-32-32z\"><\/path><\/svg><\/span>\n\t\t\t\t\t\t\t\t<span class=\"elementor-accordion-icon-opened\"><svg class=\"e-font-icon-svg e-fas-minus\" viewBox=\"0 0 448 512\" xmlns=\"http:\/\/www.w3.org\/2000\/svg\"><path d=\"M416 208H32c-17.67 0-32 14.33-32 32v32c0 17.67 14.33 32 32 32h384c17.67 0 32-14.33 32-32v-32c0-17.67-14.33-32-32-32z\"><\/path><\/svg><\/span>\n\t\t\t\t\t\t\t\t\t\t\t\t\t\t<\/span>\n\t\t\t\t\t\t\t\t\t\t\t\t<a class=\"elementor-accordion-title\" tabindex=\"0\">Hur man tar sig runt i Faro<\/a>\n\t\t\t\t\t<\/div>\n\t\t\t\t\t<div id=\"elementor-tab-content-1222\" class=\"elementor-tab-content elementor-clearfix\" data-tab=\"2\" role=\"region\" aria-labelledby=\"elementor-tab-title-1222\"><p>Det \u00e4r enkelt att ta sig runt i Faro med sitt effektiva kollektivtrafiksystem. Staden har ett v\u00e4l sammankopplat n\u00e4tverk av bussar som drivs av f\u00f6retaget &#8221;EVA Transportes.&#8221; Taxibilar \u00e4r ocks\u00e5 allm\u00e4nt tillg\u00e4ngliga, och att hyra en bil \u00e4r ett popul\u00e4rt alternativ f\u00f6r att utforska Algarve-regionen. Faro har ocks\u00e5 en t\u00e5gstation som erbjuder f\u00f6rbindelser till andra st\u00e4der i Portugal.   <\/p>\n<\/div>\n\t\t\t\t<\/div>\n\t\t\t\t\t\t\t<div class=\"elementor-accordion-item\">\n\t\t\t\t\t<div id=\"elementor-tab-title-1223\" class=\"elementor-tab-title\" data-tab=\"3\" role=\"button\" aria-controls=\"elementor-tab-content-1223\" aria-expanded=\"false\">\n\t\t\t\t\t\t\t\t\t\t\t\t\t<span class=\"elementor-accordion-icon elementor-accordion-icon-left\" aria-hidden=\"true\">\n\t\t\t\t\t\t\t\t\t\t\t\t\t\t\t<span class=\"elementor-accordion-icon-closed\"><svg class=\"e-font-icon-svg e-fas-plus\" viewBox=\"0 0 448 512\" xmlns=\"http:\/\/www.w3.org\/2000\/svg\"><path d=\"M416 208H272V64c0-17.67-14.33-32-32-32h-32c-17.67 0-32 14.33-32 32v144H32c-17.67 0-32 14.33-32 32v32c0 17.67 14.33 32 32 32h144v144c0 17.67 14.33 32 32 32h32c17.67 0 32-14.33 32-32V304h144c17.67 0 32-14.33 32-32v-32c0-17.67-14.33-32-32-32z\"><\/path><\/svg><\/span>\n\t\t\t\t\t\t\t\t<span class=\"elementor-accordion-icon-opened\"><svg class=\"e-font-icon-svg e-fas-minus\" viewBox=\"0 0 448 512\" xmlns=\"http:\/\/www.w3.org\/2000\/svg\"><path d=\"M416 208H32c-17.67 0-32 14.33-32 32v32c0 17.67 14.33 32 32 32h384c17.67 0 32-14.33 32-32v-32c0-17.67-14.33-32-32-32z\"><\/path><\/svg><\/span>\n\t\t\t\t\t\t\t\t\t\t\t\t\t\t<\/span>\n\t\t\t\t\t\t\t\t\t\t\t\t<a class=\"elementor-accordion-title\" tabindex=\"0\">Boende och var du kan hitta bostad<\/a>\n\t\t\t\t\t<\/div>\n\t\t\t\t\t<div id=\"elementor-tab-content-1223\" class=\"elementor-tab-content elementor-clearfix\" data-tab=\"3\" role=\"region\" aria-labelledby=\"elementor-tab-title-1223\"><p style=\"color: #2c2c2c; line-height: var(--wp--typography--line-height, 1.5); font-size: var(--jobbox-font-md);\">Faro, en stad som ligger i Algarve-regionen i Portugal, erbjuder flera stadsdelar som kombinerar prisv\u00e4rdhet med en \u00f6nskv\u00e4rd boendemilj\u00f6. Omr\u00e5den som Montenegro, Estoi och Gambelas \u00e4r k\u00e4nda f\u00f6r sina l\u00e4gre bostadskostnader samtidigt som de ger tillg\u00e5ng till bekv\u00e4mligheter, transportf\u00f6rbindelser och n\u00e4rhet till Faros centrum. <\/p>\n<\/div>\n\t\t\t\t<\/div>\n\t\t\t\t\t\t\t<div class=\"elementor-accordion-item\">\n\t\t\t\t\t<div id=\"elementor-tab-title-1224\" class=\"elementor-tab-title\" data-tab=\"4\" role=\"button\" aria-controls=\"elementor-tab-content-1224\" aria-expanded=\"false\">\n\t\t\t\t\t\t\t\t\t\t\t\t\t<span class=\"elementor-accordion-icon elementor-accordion-icon-left\" aria-hidden=\"true\">\n\t\t\t\t\t\t\t\t\t\t\t\t\t\t\t<span class=\"elementor-accordion-icon-closed\"><svg class=\"e-font-icon-svg e-fas-plus\" viewBox=\"0 0 448 512\" xmlns=\"http:\/\/www.w3.org\/2000\/svg\"><path d=\"M416 208H272V64c0-17.67-14.33-32-32-32h-32c-17.67 0-32 14.33-32 32v144H32c-17.67 0-32 14.33-32 32v32c0 17.67 14.33 32 32 32h144v144c0 17.67 14.33 32 32 32h32c17.67 0 32-14.33 32-32V304h144c17.67 0 32-14.33 32-32v-32c0-17.67-14.33-32-32-32z\"><\/path><\/svg><\/span>\n\t\t\t\t\t\t\t\t<span class=\"elementor-accordion-icon-opened\"><svg class=\"e-font-icon-svg e-fas-minus\" viewBox=\"0 0 448 512\" xmlns=\"http:\/\/www.w3.org\/2000\/svg\"><path d=\"M416 208H32c-17.67 0-32 14.33-32 32v32c0 17.67 14.33 32 32 32h384c17.67 0 32-14.33 32-32v-32c0-17.67-14.33-32-32-32z\"><\/path><\/svg><\/span>\n\t\t\t\t\t\t\t\t\t\t\t\t\t\t<\/span>\n\t\t\t\t\t\t\t\t\t\t\t\t<a class=\"elementor-accordion-title\" tabindex=\"0\">V\u00e4dret i Faro<\/a>\n\t\t\t\t\t<\/div>\n\t\t\t\t\t<div id=\"elementor-tab-content-1224\" class=\"elementor-tab-content elementor-clearfix\" data-tab=\"4\" role=\"region\" aria-labelledby=\"elementor-tab-title-1224\"><div class=\"group w-full text-gray-800 dark:text-gray-100 border-b border-black\/10 dark:border-gray-900\/50 bg-gray-50 dark:bg-[#444654]\">\n<div class=\"flex p-4 gap-4 text-base md:gap-6 md:max-w-2xl lg:max-w-[38rem] xl:max-w-3xl md:py-6 lg:px-0 m-auto\">\n<div class=\"relative flex w-[calc(100%-50px)] flex-col gap-1 md:gap-3 lg:w-[calc(100%-115px)]\">\n<div class=\"flex flex-grow flex-col gap-3\">\n<div class=\"min-h-[20px] flex items-start overflow-x-auto whitespace-pre-wrap break-words flex-col gap-4\">\n<div class=\"markdown prose w-full break-words dark:prose-invert light\">\n<p>Faro har ett medelhavsklimat med milda vintrar och varma somrar. Medeltemperaturen varierar fr\u00e5n 15\u00b0C till 30\u00b0C under sommarm\u00e5naderna juni till september. Vintrarna, fr\u00e5n december till februari, \u00e4r i allm\u00e4nhet milda, med temperaturer p\u00e5 i genomsnitt mellan 8\u00b0C och 17\u00b0C. Faro drar nytta av ett behagligt klimat under hela \u00e5ret, vilket g\u00f6r det till ett tilltalande resm\u00e5l f\u00f6r utomhusaktiviteter och strand\u00e4lskare.   <\/p>\n<\/div>\n<\/div>\n<\/div>\n<div class=\"flex justify-between lg:block\">\n<div class=\"text-xs flex items-center justify-center gap-1 self-center pt-2 !invisible\"> <\/div>\n<div class=\"text-gray-400 flex self-end lg:self-center justify-center mt-2 gap-2 md:gap-3 lg:gap-1 lg:absolute lg:top-0 lg:translate-x-full lg:right-0 lg:mt-0 lg:pl-2 visible\">\n<div class=\"flex gap-1\"> <\/div>\n<\/div>\n<\/div>\n<\/div>\n<\/div>\n<\/div>\n<\/div>\n\t\t\t\t<\/div>\n\t\t\t\t\t\t\t\t<\/div>\n\t\t\t\t\t\t<\/div>\n\t\t\t\t\t<\/div>\n\t\t<\/div>\n\t\t\t\t\t<\/div>\n\t\t<\/section>\n\t\t\t\t<section class=\"elementor-section elementor-top-section elementor-element elementor-element-1deddf86 elementor-section-boxed elementor-section-height-default elementor-section-height-default\" data-id=\"1deddf86\" data-element_type=\"section\" data-e-type=\"section\">\n\t\t\t\t\t\t<div class=\"elementor-container elementor-column-gap-default\">\n\t\t\t\t\t<div class=\"elementor-column elementor-col-100 elementor-top-column elementor-element elementor-element-68e74bfd\" data-id=\"68e74bfd\" data-element_type=\"column\" data-e-type=\"column\">\n\t\t\t<div class=\"elementor-widget-wrap elementor-element-populated\">\n\t\t\t\t\t\t<div class=\"elementor-element elementor-element-70aa9f2d m-0 elementor-widget elementor-widget-title\" data-id=\"70aa9f2d\" data-element_type=\"widget\" data-e-type=\"widget\" data-widget_type=\"title.default\">\n\t\t\t\t<div class=\"elementor-widget-container\">\n\t\t\t\t\t<h2 class=\"control-heading-title m-0\">Fortfarande os\u00e4ker p\u00e5 att flytta till Faro?<\/h2>\t\t\t\t<\/div>\n\t\t\t\t<\/div>\n\t\t\t\t\t<\/div>\n\t\t<\/div>\n\t\t\t\t\t<\/div>\n\t\t<\/section>\n\t\t\t\t<section class=\"elementor-section elementor-top-section elementor-element elementor-element-3d9a5797 elementor-section-boxed elementor-section-height-default elementor-section-height-default\" data-id=\"3d9a5797\" data-element_type=\"section\" data-e-type=\"section\">\n\t\t\t\t\t\t<div class=\"elementor-container elementor-column-gap-default\">\n\t\t\t\t\t<div class=\"elementor-column elementor-col-100 elementor-top-column elementor-element elementor-element-19a08bee\" data-id=\"19a08bee\" data-element_type=\"column\" data-e-type=\"column\">\n\t\t\t<div class=\"elementor-widget-wrap elementor-element-populated\">\n\t\t\t\t\t\t<div class=\"elementor-element elementor-element-35a56898 elementor-widget elementor-widget-text-editor\" data-id=\"35a56898\" data-element_type=\"widget\" data-e-type=\"widget\" data-widget_type=\"text-editor.default\">\n\t\t\t\t\t\t\t\t\t<p>Faro erbjuder en h\u00f6g standard f\u00f6r utbildning och sjukv\u00e5rd. H\u00e4r finns respekterade skolor, universitet och v\u00e5rdinr\u00e4ttningar, vilket s\u00e4kerst\u00e4ller kvalitetsutbildning och h\u00e4lsov\u00e5rdstj\u00e4nster f\u00f6r inv\u00e5narna. <\/p><p>Det milda klimatet, med \u00f6ver 3 000 soltimmar per \u00e5r, g\u00f6r det till en idealisk plats f\u00f6r utomhusaktiviteter och en bekv\u00e4m boendeupplevelse \u00e5ret runt. Och staden erbjuder ocks\u00e5 en blomstrande kulinarisk scen. Fr\u00e5n traditionell portugisisk mat till internationella smaker, kan inv\u00e5narna njuta av en m\u00e4ngd olika kulinariska l\u00e4ckerheter. Stadens f\u00e4rska skaldjur och regionala r\u00e4tter \u00e4r en h\u00f6jdpunkt f\u00f6r matentusiaster.   <\/p><p>Sammanfattningsvis erbjuder Faro en blandning av historia, naturlig sk\u00f6nhet, gastronomiska l\u00e4ckerheter, kulturella upplevelser och utm\u00e4rkta bekv\u00e4mligheter. Oavsett om du letar efter en avslappnad livsstil vid kusten eller ett pulserande stadsliv, erbjuder Faro en v\u00e4lkomnande och trevlig milj\u00f6 att kalla hem. <\/p>\t\t\t\t\t\t\t\t<\/div>\n\t\t\t\t\t<\/div>\n\t\t<\/div>\n\t\t\t\t\t<\/div>\n\t\t<\/section>\n\t\t\t\t<section class=\"elementor-section elementor-top-section elementor-element elementor-element-7126559a elementor-section-boxed elementor-section-height-default elementor-section-height-default\" data-id=\"7126559a\" data-element_type=\"section\" data-e-type=\"section\">\n\t\t\t\t\t\t<div class=\"elementor-container elementor-column-gap-default\">\n\t\t\t\t\t<div class=\"elementor-column elementor-col-100 elementor-top-column elementor-element elementor-element-415b903b\" data-id=\"415b903b\" data-element_type=\"column\" data-e-type=\"column\">\n\t\t\t<div class=\"elementor-widget-wrap elementor-element-populated\">\n\t\t\t\t\t\t<div class=\"elementor-element elementor-element-55595853 m-0 elementor-widget elementor-widget-title\" data-id=\"55595853\" data-element_type=\"widget\" data-e-type=\"widget\" data-widget_type=\"title.default\">\n\t\t\t\t<div class=\"elementor-widget-container\">\n\t\t\t\t\t<h2 class=\"control-heading-title m-0\">Tala med en av v\u00e5ra rekryterare<\/h2>\t\t\t\t<\/div>\n\t\t\t\t<\/div>\n\t\t\t\t\t<\/div>\n\t\t<\/div>\n\t\t\t\t\t<\/div>\n\t\t<\/section>\n\t\t\t\t<section class=\"elementor-section elementor-top-section elementor-element elementor-element-f33caf3 elementor-section-content-middle elementor-section-boxed elementor-section-height-default elementor-section-height-default\" data-id=\"f33caf3\" data-element_type=\"section\" data-e-type=\"section\">\n\t\t\t\t\t\t<div class=\"elementor-container elementor-column-gap-no\">\n\t\t\t\t\t<div class=\"elementor-column elementor-col-33 elementor-top-column elementor-element elementor-element-f95dfda\" data-id=\"f95dfda\" data-element_type=\"column\" data-e-type=\"column\">\n\t\t\t<div class=\"elementor-widget-wrap elementor-element-populated\">\n\t\t\t\t\t\t<div class=\"elementor-element elementor-element-e15c5dd elementor-vertical-align-middle elementor-position-top elementor-widget elementor-widget-image-box\" data-id=\"e15c5dd\" data-element_type=\"widget\" data-e-type=\"widget\" data-widget_type=\"image-box.default\">\n\t\t\t\t<div class=\"elementor-widget-container\">\n\t\t\t\t\t<div class=\"elementor-image-box-wrapper card\"><figure class=\"elementor-image-box-img\"><img decoding=\"async\" width=\"401\" height=\"401\" src=\"https:\/\/www.jobsqd.com\/wp-content\/uploads\/2023\/07\/diandra.png\" class=\"attachment-full size-full wp-image-64544 img-fluid\" alt=\"Diandra da Silva\" srcset=\"https:\/\/www.jobsqd.com\/wp-content\/uploads\/2023\/07\/diandra.png 401w, https:\/\/www.jobsqd.com\/wp-content\/uploads\/2023\/07\/diandra-300x300.png 300w, https:\/\/www.jobsqd.com\/wp-content\/uploads\/2023\/07\/diandra-150x150.png 150w, https:\/\/www.jobsqd.com\/wp-content\/uploads\/2023\/07\/diandra-105x105.png 105w, https:\/\/www.jobsqd.com\/wp-content\/uploads\/2023\/07\/diandra-85x85.png 85w, https:\/\/www.jobsqd.com\/wp-content\/uploads\/2023\/07\/diandra-100x100.png 100w\" sizes=\"(max-width: 401px) 100vw, 401px\" \/><\/figure><div class=\"elementor-image-box-content card-body\"><h3 class=\"elementor-image-box-title\">Diandra<\/h3><\/div><\/div>\t\t\t\t<\/div>\n\t\t\t\t<\/div>\n\t\t\t\t<div class=\"elementor-element elementor-element-b4728d5 elementor-align-center elementor-widget elementor-widget-button\" data-id=\"b4728d5\" data-element_type=\"widget\" data-e-type=\"widget\" data-widget_type=\"button.default\">\n\t\t\t\t\t\t\t\t\t\t<a class=\"elementor-button elementor-button-link elementor-size-sm\" href=\"https:\/\/www.jobsqd.com\/sv\/team-member\/diandra-da-silva-2\/\">\n\t\t\t\t\t\t<span class=\"elementor-button-content-wrapper\">\n\t\t\t\t\t\t\t\t\t<span class=\"elementor-button-text\">Kontakta Nu<\/span>\n\t\t\t\t\t<\/span>\n\t\t\t\t\t<\/a>\n\t\t\t\t\t\t\t\t<\/div>\n\t\t\t\t\t<\/div>\n\t\t<\/div>\n\t\t\t\t<div class=\"elementor-column elementor-col-33 elementor-top-column elementor-element elementor-element-ab4c0df\" data-id=\"ab4c0df\" data-element_type=\"column\" data-e-type=\"column\">\n\t\t\t<div class=\"elementor-widget-wrap\">\n\t\t\t\t\t\t\t<\/div>\n\t\t<\/div>\n\t\t\t\t<div class=\"elementor-column elementor-col-33 elementor-top-column elementor-element elementor-element-10095c1\" data-id=\"10095c1\" data-element_type=\"column\" data-e-type=\"column\">\n\t\t\t<div class=\"elementor-widget-wrap elementor-element-populated\">\n\t\t\t\t\t\t<div class=\"elementor-element elementor-element-be83120 elementor-vertical-align-middle elementor-position-top elementor-widget elementor-widget-image-box\" data-id=\"be83120\" data-element_type=\"widget\" data-e-type=\"widget\" data-widget_type=\"image-box.default\">\n\t\t\t\t<div class=\"elementor-widget-container\">\n\t\t\t\t\t<div class=\"elementor-image-box-wrapper card\"><figure class=\"elementor-image-box-img\"><img loading=\"lazy\" decoding=\"async\" width=\"401\" height=\"401\" src=\"https:\/\/www.jobsqd.com\/wp-content\/uploads\/2023\/07\/rue.png\" class=\"attachment-full size-full wp-image-64654 img-fluid\" alt=\"Rui Teixeira\" srcset=\"https:\/\/www.jobsqd.com\/wp-content\/uploads\/2023\/07\/rue.png 401w, https:\/\/www.jobsqd.com\/wp-content\/uploads\/2023\/07\/rue-300x300.png 300w, https:\/\/www.jobsqd.com\/wp-content\/uploads\/2023\/07\/rue-150x150.png 150w, https:\/\/www.jobsqd.com\/wp-content\/uploads\/2023\/07\/rue-105x105.png 105w, https:\/\/www.jobsqd.com\/wp-content\/uploads\/2023\/07\/rue-85x85.png 85w, https:\/\/www.jobsqd.com\/wp-content\/uploads\/2023\/07\/rue-100x100.png 100w\" sizes=\"(max-width: 401px) 100vw, 401px\" \/><\/figure><div class=\"elementor-image-box-content card-body\"><h3 class=\"elementor-image-box-title\"> Rui <\/h3><\/div><\/div>\t\t\t\t<\/div>\n\t\t\t\t<\/div>\n\t\t\t\t<div class=\"elementor-element elementor-element-785469a elementor-align-center elementor-widget elementor-widget-button\" data-id=\"785469a\" data-element_type=\"widget\" data-e-type=\"widget\" data-widget_type=\"button.default\">\n\t\t\t\t\t\t\t\t\t\t<a class=\"elementor-button elementor-button-link elementor-size-sm\" href=\"https:\/\/www.jobsqd.com\/sv\/team-member\/rui-teixeira-2\/\">\n\t\t\t\t\t\t<span class=\"elementor-button-content-wrapper\">\n\t\t\t\t\t\t\t\t\t<span class=\"elementor-button-text\">Kontakta Nu<\/span>\n\t\t\t\t\t<\/span>\n\t\t\t\t\t<\/a>\n\t\t\t\t\t\t\t\t<\/div>\n\t\t\t\t\t<\/div>\n\t\t<\/div>\n\t\t\t\t\t<\/div>\n\t\t<\/section>\n\t\t\t\t<\/div>\n\t\t","protected":false},"excerpt":{"rendered":"<p>F\u00e5 ett jobb i Faro Faro har ett rikt kulturarv. Stadens historiska centrum, med sina charmiga kullerstensgator, traditionell arkitektur och&#8230;<\/p>\n","protected":false},"author":56,"featured_media":110032,"parent":54247,"menu_order":0,"comment_status":"closed","ping_status":"closed","template":"","meta":{"footnotes":""},"class_list":["post-52839","page","type-page","status-publish","has-post-thumbnail","hentry"],"_links":{"self":[{"href":"https:\/\/www.jobsqd.com\/sv\/wp-json\/wp\/v2\/pages\/52839","targetHints":{"allow":["GET"]}}],"collection":[{"href":"https:\/\/www.jobsqd.com\/sv\/wp-json\/wp\/v2\/pages"}],"about":[{"href":"https:\/\/www.jobsqd.com\/sv\/wp-json\/wp\/v2\/types\/page"}],"author":[{"embeddable":true,"href":"https:\/\/www.jobsqd.com\/sv\/wp-json\/wp\/v2\/users\/56"}],"replies":[{"embeddable":true,"href":"https:\/\/www.jobsqd.com\/sv\/wp-json\/wp\/v2\/comments?post=52839"}],"version-history":[{"count":6,"href":"https:\/\/www.jobsqd.com\/sv\/wp-json\/wp\/v2\/pages\/52839\/revisions"}],"predecessor-version":[{"id":113671,"href":"https:\/\/www.jobsqd.com\/sv\/wp-json\/wp\/v2\/pages\/52839\/revisions\/113671"}],"up":[{"embeddable":true,"href":"https:\/\/www.jobsqd.com\/sv\/wp-json\/wp\/v2\/pages\/54247"}],"wp:featuredmedia":[{"embeddable":true,"href":"https:\/\/www.jobsqd.com\/sv\/wp-json\/wp\/v2\/media\/110032"}],"wp:attachment":[{"href":"https:\/\/www.jobsqd.com\/sv\/wp-json\/wp\/v2\/media?parent=52839"}],"curies":[{"name":"wp","href":"https:\/\/api.w.org\/{rel}","templated":true}]}}