{"id":56879,"date":"2024-02-07T14:11:47","date_gmt":"2024-02-07T13:11:47","guid":{"rendered":"https:\/\/www.jobsqd.com\/portugal-2\/madeira\/"},"modified":"2026-03-31T10:52:12","modified_gmt":"2026-03-31T08:52:12","slug":"madeira","status":"publish","type":"page","link":"https:\/\/www.jobsqd.com\/de\/arbeiten-in-portugal\/madeira\/","title":{"rendered":"Jobs und Arbeiten in Madeira"},"content":{"rendered":"\t\t<div data-elementor-type=\"wp-page\" data-elementor-id=\"56879\" class=\"elementor elementor-56879 elementor-38797\" data-elementor-post-type=\"page\">\n\t\t\t\t\t\t<section class=\"elementor-section elementor-top-section elementor-element elementor-element-4e3a2ac6 hero-1 hero-5 elementor-section-boxed elementor-section-height-default elementor-section-height-default\" data-id=\"4e3a2ac6\" data-element_type=\"section\" data-e-type=\"section\">\n\t\t\t\t\t\t<div class=\"elementor-container elementor-column-gap-no\">\n\t\t\t\t\t<div class=\"elementor-column elementor-col-100 elementor-top-column elementor-element elementor-element-3e53d96b\" data-id=\"3e53d96b\" data-element_type=\"column\" data-e-type=\"column\">\n\t\t\t<div class=\"elementor-widget-wrap elementor-element-populated\">\n\t\t\t\t\t\t<section class=\"elementor-section elementor-inner-section elementor-element elementor-element-5781fe7 elementor-section-full_width elementor-section-height-default elementor-section-height-default\" data-id=\"5781fe7\" data-element_type=\"section\" data-e-type=\"section\">\n\t\t\t\t\t\t<div class=\"elementor-container elementor-column-gap-no\">\n\t\t\t\t\t<div class=\"elementor-column elementor-col-50 elementor-inner-column elementor-element elementor-element-48f3f91f\" data-id=\"48f3f91f\" data-element_type=\"column\" data-e-type=\"column\">\n\t\t\t<div class=\"elementor-widget-wrap elementor-element-populated\">\n\t\t\t\t\t\t<div class=\"elementor-element elementor-element-5bb0c653 heading-banner elementor-widget elementor-widget-title\" data-id=\"5bb0c653\" data-element_type=\"widget\" data-e-type=\"widget\" data-widget_type=\"title.default\">\n\t\t\t\t<div class=\"elementor-widget-container\">\n\t\t\t\t\t<h1 class=\"control-heading-title display-5 fw-bolder\">Jobs und Arbeiten in Madeira<\/h1>\t\t\t\t<\/div>\n\t\t\t\t<\/div>\n\t\t\t\t<div class=\"elementor-element elementor-element-39ec32ad elementor-widget__width-initial banner-description mb-0 elementor-widget elementor-widget-text-editor\" data-id=\"39ec32ad\" data-element_type=\"widget\" data-e-type=\"widget\" data-widget_type=\"text-editor.default\">\n\t\t\t\t\t\t\t\t\t<p>Das Arbeiten in Madeira bietet ein einzigartiges und beeindruckendes Erlebnis. Die Inselgruppe im Atlantik ist bekannt f\u00fcr ihre atemberaubenden Landschaften, das angenehme Klima und die herzliche Gastfreundschaft.  W\u00e4hrend du die Insel erkundest, wird der zum Laurisilva Forest geh\u00f6rende Lorbeerwald schnell zu einer t\u00e4glichen Inspirationsquelle. Beim Arbeiten in Madeira erlebst du eine besondere Kombination aus Natur, kulturellem Erbe und einem entspannten Lebensstil, die f\u00fcr eine ruhige und angenehme Atmosph\u00e4re sorgt. <\/p>\t\t\t\t\t\t\t\t<\/div>\n\t\t\t\t<div class=\"elementor-element elementor-element-3177f0a2 elementor-widget elementor-widget-text-editor\" data-id=\"3177f0a2\" data-element_type=\"widget\" data-e-type=\"widget\" data-widget_type=\"text-editor.default\">\n\t\t\t\t\t\t\t\t\t<div class=\"mt-40\">\n<div class=\"wow animate__ animate__fadeInUp animated\" style=\"visibility: visible; animation-name: fadeInUp;\"><a class=\"btn btn-default\" href=\"https:\/\/jthemes.com\/themes\/wp\/jobbox\/jobs\/\" target=\"_blank\" rel=\"noopener\">Siehe alle Stellenangebote auf Madeira <\/a><a class=\"btn btn-link text-decoration-underline\" href=\"https:\/\/jthemes.com\/themes\/wp\/jobbox\/about-us\/\" target=\"_blank\" rel=\"noopener\">Finde hier mehr heraus<\/a><\/div>\n<\/div>\t\t\t\t\t\t\t\t<\/div>\n\t\t\t\t<div class=\"elementor-element elementor-element-72bc628b elementor-widget__width-initial elementor-widget elementor-widget-html\" data-id=\"72bc628b\" data-element_type=\"widget\" data-e-type=\"widget\" data-widget_type=\"html.default\">\n\t\t\t\t\t<a href=\"https:\/\/www.jobsqd.com\/de\/bewertungen\/\">\n<div class=\"ctrlt-rating\">\n    <b style=\"font-size:22px;\">4.8  <\/b>\n\t\t\t<span class=\"ctrlt-rating__star\"><\/span>\n\t\t\t<span class=\"ctrlt-rating__star\"><\/span>\n\t\t\t<span class=\"ctrlt-rating__star\"><\/span>\n\t\t\t<span class=\"ctrlt-rating__star\"><\/span>\n\t\t\t<span class=\"ctrlt-rating__star\"><\/span>\n\t<\/div>\n\n<p style=\"font-size:12px; line-height:0.5;\"><b>Google Gesch\u00e4ftsprofil<\/b><\/p>\n<\/a>\t\t\t\t<\/div>\n\t\t\t\t<div class=\"elementor-element elementor-element-59a51776 elementor-widget__width-initial elementor-widget elementor-widget-html\" data-id=\"59a51776\" data-element_type=\"widget\" data-e-type=\"widget\" data-widget_type=\"html.default\">\n\t\t\t\t\t<a href=\"https:\/\/www.jobsqd.com\/de\/bewertungen\/\">\n<div class=\"ctrlt-rating\">\n    <b style=\"font-size:22px;\">4.8  <\/b>\n\t\t\t<span class=\"ctrlt-rating__star\"><\/span>\n\t\t\t<span class=\"ctrlt-rating__star\"><\/span>\n\t\t\t<span class=\"ctrlt-rating__star\"><\/span>\n\t\t\t<span class=\"ctrlt-rating__star\"><\/span>\n\t\t\t<span class=\"ctrlt-rating__star\"><\/span>\n\t<\/div>\n\n<p style=\"font-size:12px; line-height:0.5;\"><b>Facebook Bewertungen<\/b><\/p>\n<\/a>\t\t\t\t<\/div>\n\t\t\t\t<div class=\"elementor-element elementor-element-cddc6a1 elementor-widget__width-initial elementor-widget elementor-widget-html\" data-id=\"cddc6a1\" data-element_type=\"widget\" data-e-type=\"widget\" data-widget_type=\"html.default\">\n\t\t\t\t\t<a href=\"https:\/\/www.jobsqd.com\/de\/bewertungen\/\">\n<div class=\"ctrlt-rating\">\n    <b style=\"font-size:22px;\">4.7  <\/b>\n\t\t\t<span class=\"ctrlt-rating__star\"><\/span>\n\t\t\t<span class=\"ctrlt-rating__star\"><\/span>\n\t\t\t<span class=\"ctrlt-rating__star\"><\/span>\n\t\t\t<span class=\"ctrlt-rating__star\"><\/span>\n\t\t\t<span class=\"ctrlt-rating__star\"><\/span>\n\t<\/div>\n\n<p style=\"font-size:12px; line-height:0.5;\"><b>Trustpilot<\/b><\/p>\n<\/a>\t\t\t\t<\/div>\n\t\t\t\t\t<\/div>\n\t\t<\/div>\n\t\t\t\t<div class=\"elementor-column elementor-col-50 elementor-inner-column elementor-element elementor-element-41fd3b51\" data-id=\"41fd3b51\" data-element_type=\"column\" data-e-type=\"column\">\n\t\t\t<div class=\"elementor-widget-wrap elementor-element-populated\">\n\t\t\t\t\t\t<div class=\"elementor-element elementor-element-57bfe634 elementor-widget elementor-widget-image\" data-id=\"57bfe634\" data-element_type=\"widget\" data-e-type=\"widget\" data-widget_type=\"image.default\">\n\t\t\t\t\t\t\t\t\t\t\t\t\t\t\t<img fetchpriority=\"high\" decoding=\"async\" width=\"1080\" height=\"1350\" src=\"https:\/\/www.jobsqd.com\/wp-content\/uploads\/2026\/01\/Portugal-Madeira.png\" class=\"attachment-full size-full wp-image-113657 img-fluid\" alt=\"\" srcset=\"https:\/\/www.jobsqd.com\/wp-content\/uploads\/2026\/01\/Portugal-Madeira.png 1080w, https:\/\/www.jobsqd.com\/wp-content\/uploads\/2026\/01\/Portugal-Madeira-240x300.png 240w, https:\/\/www.jobsqd.com\/wp-content\/uploads\/2026\/01\/Portugal-Madeira-819x1024.png 819w, https:\/\/www.jobsqd.com\/wp-content\/uploads\/2026\/01\/Portugal-Madeira-768x960.png 768w\" sizes=\"(max-width: 1080px) 100vw, 1080px\">\t\t\t\t\t\t\t\t\t\t\t\t\t\t\t<\/div>\n\t\t\t\t\t<\/div>\n\t\t<\/div>\n\t\t\t\t\t<\/div>\n\t\t<\/section>\n\t\t\t\t<section class=\"elementor-section elementor-inner-section elementor-element elementor-element-7b1f802c elementor-section-full_width elementor-section-height-default elementor-section-height-default\" data-id=\"7b1f802c\" data-element_type=\"section\" data-e-type=\"section\">\n\t\t\t\t\t\t<div class=\"elementor-container elementor-column-gap-no\">\n\t\t\t\t\t<div class=\"elementor-column elementor-col-33 elementor-inner-column elementor-element elementor-element-107925ed\" data-id=\"107925ed\" data-element_type=\"column\" data-e-type=\"column\">\n\t\t\t<div class=\"elementor-widget-wrap\">\n\t\t\t\t\t\t\t<\/div>\n\t\t<\/div>\n\t\t\t\t<div class=\"elementor-column elementor-col-33 elementor-inner-column elementor-element elementor-element-620459f7\" data-id=\"620459f7\" data-element_type=\"column\" data-e-type=\"column\">\n\t\t\t<div class=\"elementor-widget-wrap elementor-element-populated\">\n\t\t\t\t\t\t<div class=\"elementor-element elementor-element-27d9d4a9 text-center elementor-widget elementor-widget-template\" data-id=\"27d9d4a9\" data-element_type=\"widget\" data-e-type=\"widget\" data-widget_type=\"template.default\">\n\t\t\t\t<div class=\"elementor-widget-container\">\n\t\t\t\t\t\r\n<div class=\"banner-hero p-0\">\r\n    <div class=\"block-banner p-0\">\r\n        <div class=\"form-find mt-40 wow animate__animated animate__fadeIn\" data-wow-delay=\".2s\">\r\n            \r\n            <form method=\"get\" action=\"https:\/\/www.jobsqd.com\/jobs\/\">\r\n                <div class=\"job_filters_wrap d-md-flex\">\r\n\r\n                                        <div class=\"box-industry\">\r\n                        <select class=\"form-input mr-10 select-active input-industry workinghere\" name=\"search_category\">\r\n                            <option value=\"\">Sprache<\/option>\r\n                                                            <option value=\"danisch\">D\u00e4nisch<\/option>\r\n                                                            <option value=\"deutsch\">Deutsch<\/option>\r\n                                                            <option value=\"englisch\">Englisch<\/option>\r\n                                                            <option value=\"finnisch\">Finnisch<\/option>\r\n                                                            <option value=\"niederlandisch\">Niederl\u00e4ndisch<\/option>\r\n                                                    <\/select>\r\n                    <\/div>\r\n                    \r\n                                        <select class=\"form-input mr-10 select-active\" name=\"search_location\" id=\"search_location\">\r\n                        <option value=\"\">Standort<\/option>\r\n                                                    <option value=\"Bulgarien\">Bulgarien<\/option>\r\n                                                    <option value=\"Deutschland\">Deutschland<\/option>\r\n                                                    <option value=\"D\u00e4nemark\">D\u00e4nemark<\/option>\r\n                                                    <option value=\"Europa\">Europa<\/option>\r\n                                                    <option value=\"Finnland\">Finnland<\/option>\r\n                                                    <option value=\"Griechenland\">Griechenland<\/option>\r\n                                                    <option value=\"Irland\">Irland<\/option>\r\n                                                    <option value=\"Lettland\">Lettland<\/option>\r\n                                                    <option value=\"Malta\">Malta<\/option>\r\n                                                    <option value=\"Malta, Hybrid\">Malta, Hybrid<\/option>\r\n                                                    <option value=\"Polen\">Polen<\/option>\r\n                                                    <option value=\"Portugal\">Portugal<\/option>\r\n                                                    <option value=\"Remote\">Remote<\/option>\r\n                                                    <option value=\"Rum\u00e4nien\">Rum\u00e4nien<\/option>\r\n                                                    <option value=\"Rum\u00e4nien, Remote\">Rum\u00e4nien, Remote<\/option>\r\n                                                    <option value=\"Slovakei\">Slovakei<\/option>\r\n                                                    <option value=\"Spanien\">Spanien<\/option>\r\n                                                    <option value=\"Thailand\">Thailand<\/option>\r\n                                                    <option value=\"Tschechien\">Tschechien<\/option>\r\n                                                    <option value=\"Ungarn\">Ungarn<\/option>\r\n                                                    <option value=\"Vollst\u00e4ndig Remote\">Vollst\u00e4ndig Remote<\/option>\r\n                                                    <option value=\"Zypern\">Zypern<\/option>\r\n                                                    <option value=\"Zypern, Hybrid\">Zypern, Hybrid<\/option>\r\n                                                    <option value=\"\u00d6sterreich\">\u00d6sterreich<\/option>\r\n                                            <\/select>\r\n                    \r\n                                        <input class=\"form-input input-keysearch mr-10\" type=\"text\" name=\"search_keywords\" id=\"search_keywords\" placeholder=\"Schl\u00fcsselwort\" \/>\r\n                    \r\n                    <input class=\"btn btn-default btn-find font-sm\" type=\"submit\" value=\"Suche\">\r\n                <\/div>\r\n            <\/form>\r\n\r\n        <\/div>\r\n\r\n                \r\n    <\/div>\r\n<\/div>\t\t\t\t<\/div>\n\t\t\t\t<\/div>\n\t\t\t\t\t<\/div>\n\t\t<\/div>\n\t\t\t\t<div class=\"elementor-column elementor-col-33 elementor-inner-column elementor-element elementor-element-2a9c1b7d\" data-id=\"2a9c1b7d\" data-element_type=\"column\" data-e-type=\"column\">\n\t\t\t<div class=\"elementor-widget-wrap\">\n\t\t\t\t\t\t\t<\/div>\n\t\t<\/div>\n\t\t\t\t\t<\/div>\n\t\t<\/section>\n\t\t\t\t\t<\/div>\n\t\t<\/div>\n\t\t\t\t\t<\/div>\n\t\t<\/section>\n\t\t\t\t<section class=\"elementor-section elementor-top-section elementor-element elementor-element-182a7bac elementor-section-full_width elementor-section-content-middle elementor-section-height-default elementor-section-height-default\" data-id=\"182a7bac\" data-element_type=\"section\" data-e-type=\"section\">\n\t\t\t\t\t\t<div class=\"elementor-container elementor-column-gap-default\">\n\t\t\t\t\t<div class=\"elementor-column elementor-col-100 elementor-top-column elementor-element elementor-element-ad5bf5e\" data-id=\"ad5bf5e\" data-element_type=\"column\" data-e-type=\"column\">\n\t\t\t<div class=\"elementor-widget-wrap elementor-element-populated\">\n\t\t\t\t\t\t<section class=\"elementor-section elementor-inner-section elementor-element elementor-element-3c9147dc elementor-section-content-middle elementor-section-boxed elementor-section-height-default elementor-section-height-default\" data-id=\"3c9147dc\" data-element_type=\"section\" data-e-type=\"section\">\n\t\t\t\t\t\t<div class=\"elementor-container elementor-column-gap-default\">\n\t\t\t\t\t<div class=\"elementor-column elementor-col-50 elementor-inner-column elementor-element elementor-element-15e96ff9\" data-id=\"15e96ff9\" data-element_type=\"column\" data-e-type=\"column\">\n\t\t\t<div class=\"elementor-widget-wrap elementor-element-populated\">\n\t\t\t\t\t\t<div class=\"elementor-element elementor-element-1d58eff4 elementor-widget elementor-widget-video\" data-id=\"1d58eff4\" data-element_type=\"widget\" data-e-type=\"widget\" data-settings=\"{&quot;youtube_url&quot;:&quot;https:\\\/\\\/www.youtube.com\\\/watch?v=kARJS7aG0_Q&amp;ab_channel=RyanShirley&quot;,&quot;video_type&quot;:&quot;youtube&quot;,&quot;controls&quot;:&quot;yes&quot;}\" data-widget_type=\"video.default\">\n\t\t\t\t\t\t\t<div class=\"elementor-wrapper elementor-open-inline\">\n\t\t\t<div class=\"elementor-video\"><\/div>\t\t<\/div>\n\t\t\t\t\t\t<\/div>\n\t\t\t\t\t<\/div>\n\t\t<\/div>\n\t\t\t\t<div class=\"elementor-column elementor-col-50 elementor-inner-column elementor-element elementor-element-32ece5e6\" data-id=\"32ece5e6\" data-element_type=\"column\" data-e-type=\"column\">\n\t\t\t<div class=\"elementor-widget-wrap elementor-element-populated\">\n\t\t\t\t\t\t<div class=\"elementor-element elementor-element-692b972b m-0 elementor-widget elementor-widget-title\" data-id=\"692b972b\" data-element_type=\"widget\" data-e-type=\"widget\" data-widget_type=\"title.default\">\n\t\t\t\t<div class=\"elementor-widget-container\">\n\t\t\t\t\t<h2 class=\"control-heading-title m-0\">Leben auf Madeira<\/h2>\t\t\t\t<\/div>\n\t\t\t\t<\/div>\n\t\t\t\t<div class=\"elementor-element elementor-element-4a5a6ab1 elementor-widget elementor-widget-text-editor\" data-id=\"4a5a6ab1\" data-element_type=\"widget\" data-e-type=\"widget\" data-widget_type=\"text-editor.default\">\n\t\t\t\t\t\t\t\t\t<p><span style=\"font-weight: 400;\">Sch\u00f6ne Landschaften, starke Traditionen und eine entspannte Atmosph\u00e4re machen das Arbeiten in Madeira besonders attraktiv. Das subtropische Klima l\u00e4dt zu Outdoor-Aktivit\u00e4ten und Spazierg\u00e4ngen durch malerische Orte ein, w\u00e4hrend die enge Gemeinschaft und lebendige Kultur mit Festivals und Veranstaltungen den Alltag bereichern.   <\/span><span style=\"color: var(--jobbox-color-text-paragraph); font-size: var(--jobbox-font-md); font-family: var( --e-global-typography-text-font-family ), Sans-serif; background-color: var(--bs-body-bg); text-align: var(--bs-body-text-align);\">Erlebe die lebhaften Festivals Madeiras, wie das Blumenfestival, bei dem die Stra\u00dfen in Farben erstrahlen. <\/span><\/p>\t\t\t\t\t\t\t\t<\/div>\n\t\t\t\t\t<\/div>\n\t\t<\/div>\n\t\t\t\t\t<\/div>\n\t\t<\/section>\n\t\t\t\t\t<\/div>\n\t\t<\/div>\n\t\t\t\t\t<\/div>\n\t\t<\/section>\n\t\t\t\t<section class=\"elementor-section elementor-top-section elementor-element elementor-element-7c1d8abf elementor-section-boxed elementor-section-height-default elementor-section-height-default\" data-id=\"7c1d8abf\" data-element_type=\"section\" data-e-type=\"section\">\n\t\t\t\t\t\t<div class=\"elementor-container elementor-column-gap-default\">\n\t\t\t\t\t<div class=\"elementor-column elementor-col-100 elementor-top-column elementor-element elementor-element-12c4906a\" data-id=\"12c4906a\" data-element_type=\"column\" data-e-type=\"column\">\n\t\t\t<div class=\"elementor-widget-wrap elementor-element-populated\">\n\t\t\t\t\t\t<section class=\"elementor-section elementor-inner-section elementor-element elementor-element-7bc3ae87 elementor-section-content-middle elementor-section-boxed elementor-section-height-default elementor-section-height-default\" data-id=\"7bc3ae87\" data-element_type=\"section\" data-e-type=\"section\">\n\t\t\t\t\t\t<div class=\"elementor-container elementor-column-gap-default\">\n\t\t\t\t\t<div class=\"elementor-column elementor-col-50 elementor-inner-column elementor-element elementor-element-365baace\" data-id=\"365baace\" data-element_type=\"column\" data-e-type=\"column\">\n\t\t\t<div class=\"elementor-widget-wrap elementor-element-populated\">\n\t\t\t\t\t\t<div class=\"elementor-element elementor-element-63c66118 m-0 elementor-widget elementor-widget-title\" data-id=\"63c66118\" data-element_type=\"widget\" data-e-type=\"widget\" data-widget_type=\"title.default\">\n\t\t\t\t<div class=\"elementor-widget-container\">\n\t\t\t\t\t<h2 class=\"control-heading-title m-0\">Arbeiten auf Madeira<\/h2>\t\t\t\t<\/div>\n\t\t\t\t<\/div>\n\t\t\t\t<div class=\"elementor-element elementor-element-6de27d5f elementor-widget elementor-widget-text-editor\" data-id=\"6de27d5f\" data-element_type=\"widget\" data-e-type=\"widget\" data-widget_type=\"text-editor.default\">\n\t\t\t\t\t\t\t\t\t<div data-id=\"cf8a3a3\" data-element_type=\"widget\" data-no-translation=\"\" data-widget_type=\"text-editor.default\"><div><ul style=\"padding-left: calc(2 * var(--global--spacing-horizontal)); font-family: var(--list--font-family);\"><li><span style=\"font-weight: bold;\">Normalerweise<\/span><strong>arbeitest du pro Woche <\/strong>40 Stunden, 8 Stunden am Tag<\/li><li><strong>Typischer Arbeitstag:<\/strong> Montag bis Freitag von 9:00 bis 18:00 Uhr, \u00bd Stunde Pause<\/li><li><strong>Anzahl der Urlaubstage:<\/strong> 22 Tage <\/li><li><span style=\"font-weight: bold;\">Pendeln:<\/span> meistens mit dem Auto oder dem Bus<\/li><li><span style=\"font-weight: bold;\">Arbeitskultur:<\/span> Flache Hierarchie <\/li><\/ul><p style=\"line-height: var(--wp--typography--line-height, 1.5); font-size: var(--jobbox-font-md);\"><a style=\"font-size: var(--jobbox-font-md); background-color: var(--global--color-background); font-family: var(--global--font-secondary);\" href=\"https:\/\/www.jobsqd.com\/de\/arbeiten-in-portugal\/\">Lies mehr \u00fcber den Umzug nach Portugal<\/a><\/p><\/div><\/div>\t\t\t\t\t\t\t\t<\/div>\n\t\t\t\t\t<\/div>\n\t\t<\/div>\n\t\t\t\t<div class=\"elementor-column elementor-col-50 elementor-inner-column elementor-element elementor-element-3a2c2a59\" data-id=\"3a2c2a59\" data-element_type=\"column\" data-e-type=\"column\">\n\t\t\t<div class=\"elementor-widget-wrap elementor-element-populated\">\n\t\t\t\t\t\t<div class=\"elementor-element elementor-element-67ad5de6 elementor-widget elementor-widget-image\" data-id=\"67ad5de6\" data-element_type=\"widget\" data-e-type=\"widget\" data-widget_type=\"image.default\">\n\t\t\t\t\t\t\t\t\t\t\t\t\t\t\t<img decoding=\"async\" width=\"1366\" height=\"768\" src=\"https:\/\/www.jobsqd.com\/wp-content\/uploads\/2025\/01\/Madeira.png\" class=\"attachment-full size-full wp-image-51060 img-fluid\" alt=\"\" srcset=\"https:\/\/www.jobsqd.com\/wp-content\/uploads\/2025\/01\/Madeira.png 1366w, https:\/\/www.jobsqd.com\/wp-content\/uploads\/2025\/01\/Madeira-300x169.png 300w, https:\/\/www.jobsqd.com\/wp-content\/uploads\/2025\/01\/Madeira-1024x576.png 1024w, https:\/\/www.jobsqd.com\/wp-content\/uploads\/2025\/01\/Madeira-768x432.png 768w\" sizes=\"(max-width: 1366px) 100vw, 1366px\">\t\t\t\t\t\t\t\t\t\t\t\t\t\t\t<\/div>\n\t\t\t\t\t<\/div>\n\t\t<\/div>\n\t\t\t\t\t<\/div>\n\t\t<\/section>\n\t\t\t\t\t<\/div>\n\t\t<\/div>\n\t\t\t\t\t<\/div>\n\t\t<\/section>\n\t\t\t\t<section class=\"elementor-section elementor-top-section elementor-element elementor-element-25e14299 elementor-section-boxed elementor-section-height-default elementor-section-height-default\" data-id=\"25e14299\" data-element_type=\"section\" data-e-type=\"section\">\n\t\t\t\t\t\t<div class=\"elementor-container elementor-column-gap-default\">\n\t\t\t\t\t<div class=\"elementor-column elementor-col-100 elementor-top-column elementor-element elementor-element-4b5689c7\" data-id=\"4b5689c7\" data-element_type=\"column\" data-e-type=\"column\">\n\t\t\t<div class=\"elementor-widget-wrap elementor-element-populated\">\n\t\t\t\t\t\t<div class=\"elementor-element elementor-element-4540350e m-0 elementor-widget elementor-widget-title\" data-id=\"4540350e\" data-element_type=\"widget\" data-e-type=\"widget\" data-widget_type=\"title.default\">\n\t\t\t\t<div class=\"elementor-widget-container\">\n\t\t\t\t\t<h2 class=\"control-heading-title m-0\">FAQ<\/h2>\t\t\t\t<\/div>\n\t\t\t\t<\/div>\n\t\t\t\t<div class=\"elementor-element elementor-element-5d1e5966 elementor-widget elementor-widget-accordion\" data-id=\"5d1e5966\" data-element_type=\"widget\" data-e-type=\"widget\" data-widget_type=\"accordion.default\">\n\t\t\t\t\t\t\t<div class=\"elementor-accordion\">\n\t\t\t\t\t\t\t<div class=\"elementor-accordion-item\">\n\t\t\t\t\t<div id=\"elementor-tab-title-1561\" class=\"elementor-tab-title\" data-tab=\"1\" role=\"button\" aria-controls=\"elementor-tab-content-1561\" aria-expanded=\"false\">\n\t\t\t\t\t\t\t\t\t\t\t\t\t<span class=\"elementor-accordion-icon elementor-accordion-icon-left\" aria-hidden=\"true\">\n\t\t\t\t\t\t\t\t\t\t\t\t\t\t\t<span class=\"elementor-accordion-icon-closed\"><svg class=\"e-font-icon-svg e-fas-plus\" viewBox=\"0 0 448 512\" xmlns=\"http:\/\/www.w3.org\/2000\/svg\"><path d=\"M416 208H272V64c0-17.67-14.33-32-32-32h-32c-17.67 0-32 14.33-32 32v144H32c-17.67 0-32 14.33-32 32v32c0 17.67 14.33 32 32 32h144v144c0 17.67 14.33 32 32 32h32c17.67 0 32-14.33 32-32V304h144c17.67 0 32-14.33 32-32v-32c0-17.67-14.33-32-32-32z\"><\/path><\/svg><\/span>\n\t\t\t\t\t\t\t\t<span class=\"elementor-accordion-icon-opened\"><svg class=\"e-font-icon-svg e-fas-minus\" viewBox=\"0 0 448 512\" xmlns=\"http:\/\/www.w3.org\/2000\/svg\"><path d=\"M416 208H32c-17.67 0-32 14.33-32 32v32c0 17.67 14.33 32 32 32h384c17.67 0 32-14.33 32-32v-32c0-17.67-14.33-32-32-32z\"><\/path><\/svg><\/span>\n\t\t\t\t\t\t\t\t\t\t\t\t\t\t<\/span>\n\t\t\t\t\t\t\t\t\t\t\t\t<a class=\"elementor-accordion-title\" tabindex=\"0\">Sollte ich mit einem Freund oder meinem Partner nach Madeira ziehen?<\/a>\n\t\t\t\t\t<\/div>\n\t\t\t\t\t<div id=\"elementor-tab-content-1561\" class=\"elementor-tab-content elementor-clearfix\" data-tab=\"1\" role=\"region\" aria-labelledby=\"elementor-tab-title-1561\"><p>Du kannst alleine, mit einem Freund oder als Paar nach Madeira ziehen. Jede dieser Optionen hat ihre Vor- und Nachteile. Wenn du gemeinsam auswanderst, lohnt es sich, vorab \u00fcber wichtige Alltagsthemen zu sprechen, etwa Finanzen, Miete, Eink\u00e4ufe, Haushalt oder Freizeit. Klare Absprachen helfen, Missverst\u00e4ndnisse zu vermeiden. Gleichzeitig hat Arbeiten in Madeira gemeinsam viele Vorteile. Du kannst neue Eindr\u00fccke teilen und der Einstieg f\u00e4llt oft leichter. Andererseits kn\u00fcpfst du allein meist schneller neue Kontakte. Was besser passt, h\u00e4ngt von deinen pers\u00f6nlichen Zielen ab.   <\/p>\n<p>Fazit: Kommunikation ist der Schl\u00fcssel, wenn ihr euch entscheidet, gemeinsam in Madeira zu arbeiten oder neue Jobs im Ausland zu starten.<\/p>\n<\/div>\n\t\t\t\t<\/div>\n\t\t\t\t\t\t\t<div class=\"elementor-accordion-item\">\n\t\t\t\t\t<div id=\"elementor-tab-title-1562\" class=\"elementor-tab-title\" data-tab=\"2\" role=\"button\" aria-controls=\"elementor-tab-content-1562\" aria-expanded=\"false\">\n\t\t\t\t\t\t\t\t\t\t\t\t\t<span class=\"elementor-accordion-icon elementor-accordion-icon-left\" aria-hidden=\"true\">\n\t\t\t\t\t\t\t\t\t\t\t\t\t\t\t<span class=\"elementor-accordion-icon-closed\"><svg class=\"e-font-icon-svg e-fas-plus\" viewBox=\"0 0 448 512\" xmlns=\"http:\/\/www.w3.org\/2000\/svg\"><path d=\"M416 208H272V64c0-17.67-14.33-32-32-32h-32c-17.67 0-32 14.33-32 32v144H32c-17.67 0-32 14.33-32 32v32c0 17.67 14.33 32 32 32h144v144c0 17.67 14.33 32 32 32h32c17.67 0 32-14.33 32-32V304h144c17.67 0 32-14.33 32-32v-32c0-17.67-14.33-32-32-32z\"><\/path><\/svg><\/span>\n\t\t\t\t\t\t\t\t<span class=\"elementor-accordion-icon-opened\"><svg class=\"e-font-icon-svg e-fas-minus\" viewBox=\"0 0 448 512\" xmlns=\"http:\/\/www.w3.org\/2000\/svg\"><path d=\"M416 208H32c-17.67 0-32 14.33-32 32v32c0 17.67 14.33 32 32 32h384c17.67 0 32-14.33 32-32v-32c0-17.67-14.33-32-32-32z\"><\/path><\/svg><\/span>\n\t\t\t\t\t\t\t\t\t\t\t\t\t\t<\/span>\n\t\t\t\t\t\t\t\t\t\t\t\t<a class=\"elementor-accordion-title\" tabindex=\"0\">Wie man sich auf Madeira zurechtfinden kann<\/a>\n\t\t\t\t\t<\/div>\n\t\t\t\t\t<div id=\"elementor-tab-content-1562\" class=\"elementor-tab-content elementor-clearfix\" data-tab=\"2\" role=\"region\" aria-labelledby=\"elementor-tab-title-1562\"><p><span style=\"font-weight: 400;\">F\u00fcr das Arbeiten in Madeira stehen dir verschiedene M\u00f6glichkeiten zur Fortbewegung zur Verf\u00fcgung. Das Bussystem ist das wichtigste \u00f6ffentliche Verkehrsmittel und verbindet die wichtigsten Orte der Insel, darunter St\u00e4dte, Sehensw\u00fcrdigkeiten und den Flughafen. Es ist eine g\u00fcnstige Option, und die Fahrten bieten oft sch\u00f6ne Ausblicke auf die Landschaft. Neben Bussen findest du auch Taxis in St\u00e4dten und touristischen Gebieten.    Sie bieten eine komfortable und vergleichsweise schnelle M\u00f6glichkeit, sich fortzubewegen, besonders auf k\u00fcrzeren Strecken. <\/span><\/p>\n<p><span style=\"font-weight: 400;\">Ein Mietwagen ist eine beliebte und praktische Option, besonders wenn du beim Arbeiten in Madeira flexibel bleiben m\u00f6chtest. So kannst du abgelegene Orte, sch\u00f6ne Routen und Naturspots ganz unkompliziert entdecken. Die Stra\u00dfen sind gut ausgebaut, allerdings k\u00f6nnen manche Bergstra\u00dfen anspruchsvoll sein, daher ist sicheres Fahren von Vorteil.  <\/span><\/p>\n<\/div>\n\t\t\t\t<\/div>\n\t\t\t\t\t\t\t<div class=\"elementor-accordion-item\">\n\t\t\t\t\t<div id=\"elementor-tab-title-1563\" class=\"elementor-tab-title\" data-tab=\"3\" role=\"button\" aria-controls=\"elementor-tab-content-1563\" aria-expanded=\"false\">\n\t\t\t\t\t\t\t\t\t\t\t\t\t<span class=\"elementor-accordion-icon elementor-accordion-icon-left\" aria-hidden=\"true\">\n\t\t\t\t\t\t\t\t\t\t\t\t\t\t\t<span class=\"elementor-accordion-icon-closed\"><svg class=\"e-font-icon-svg e-fas-plus\" viewBox=\"0 0 448 512\" xmlns=\"http:\/\/www.w3.org\/2000\/svg\"><path d=\"M416 208H272V64c0-17.67-14.33-32-32-32h-32c-17.67 0-32 14.33-32 32v144H32c-17.67 0-32 14.33-32 32v32c0 17.67 14.33 32 32 32h144v144c0 17.67 14.33 32 32 32h32c17.67 0 32-14.33 32-32V304h144c17.67 0 32-14.33 32-32v-32c0-17.67-14.33-32-32-32z\"><\/path><\/svg><\/span>\n\t\t\t\t\t\t\t\t<span class=\"elementor-accordion-icon-opened\"><svg class=\"e-font-icon-svg e-fas-minus\" viewBox=\"0 0 448 512\" xmlns=\"http:\/\/www.w3.org\/2000\/svg\"><path d=\"M416 208H32c-17.67 0-32 14.33-32 32v32c0 17.67 14.33 32 32 32h384c17.67 0 32-14.33 32-32v-32c0-17.67-14.33-32-32-32z\"><\/path><\/svg><\/span>\n\t\t\t\t\t\t\t\t\t\t\t\t\t\t<\/span>\n\t\t\t\t\t\t\t\t\t\t\t\t<a class=\"elementor-accordion-title\" tabindex=\"0\">Wohnen und wo man nach einer Wohnung suchen kann<\/a>\n\t\t\t\t\t<\/div>\n\t\t\t\t\t<div id=\"elementor-tab-content-1563\" class=\"elementor-tab-content elementor-clearfix\" data-tab=\"3\" role=\"region\" aria-labelledby=\"elementor-tab-title-1563\"><p style=\"color: #2c2c2c; line-height: var(--wp--typography--line-height, 1.5); font-size: var(--jobbox-font-md);\"><span style=\"font-weight: 400;\">Madeira bietet im Vergleich zu anderen europ\u00e4ischen Reisezielen relativ erschwingliche Mietpreise. Funchal, die Hauptstadt, verbindet lebendiges Stadtleben mit der N\u00e4he zum Meer. Besonders die Viertel S\u00e3o Martinho und Lido sind beliebt, wenn du das K\u00fcstenleben genie\u00dfen m\u00f6chtest. Wenn du es ruhiger magst, ist C\u00e2mara de Lobos eine gute Alternative. Der Ort liegt westlich von Funchal, bietet eine entspannte Atmosph\u00e4re und ist trotzdem nah an der Stadt.    <\/span><\/p>\n<\/div>\n\t\t\t\t<\/div>\n\t\t\t\t\t\t\t<div class=\"elementor-accordion-item\">\n\t\t\t\t\t<div id=\"elementor-tab-title-1564\" class=\"elementor-tab-title\" data-tab=\"4\" role=\"button\" aria-controls=\"elementor-tab-content-1564\" aria-expanded=\"false\">\n\t\t\t\t\t\t\t\t\t\t\t\t\t<span class=\"elementor-accordion-icon elementor-accordion-icon-left\" aria-hidden=\"true\">\n\t\t\t\t\t\t\t\t\t\t\t\t\t\t\t<span class=\"elementor-accordion-icon-closed\"><svg class=\"e-font-icon-svg e-fas-plus\" viewBox=\"0 0 448 512\" xmlns=\"http:\/\/www.w3.org\/2000\/svg\"><path d=\"M416 208H272V64c0-17.67-14.33-32-32-32h-32c-17.67 0-32 14.33-32 32v144H32c-17.67 0-32 14.33-32 32v32c0 17.67 14.33 32 32 32h144v144c0 17.67 14.33 32 32 32h32c17.67 0 32-14.33 32-32V304h144c17.67 0 32-14.33 32-32v-32c0-17.67-14.33-32-32-32z\"><\/path><\/svg><\/span>\n\t\t\t\t\t\t\t\t<span class=\"elementor-accordion-icon-opened\"><svg class=\"e-font-icon-svg e-fas-minus\" viewBox=\"0 0 448 512\" xmlns=\"http:\/\/www.w3.org\/2000\/svg\"><path d=\"M416 208H32c-17.67 0-32 14.33-32 32v32c0 17.67 14.33 32 32 32h384c17.67 0 32-14.33 32-32v-32c0-17.67-14.33-32-32-32z\"><\/path><\/svg><\/span>\n\t\t\t\t\t\t\t\t\t\t\t\t\t\t<\/span>\n\t\t\t\t\t\t\t\t\t\t\t\t<a class=\"elementor-accordion-title\" tabindex=\"0\">Das Wetter in Madeira<\/a>\n\t\t\t\t\t<\/div>\n\t\t\t\t\t<div id=\"elementor-tab-content-1564\" class=\"elementor-tab-content elementor-clearfix\" data-tab=\"4\" role=\"region\" aria-labelledby=\"elementor-tab-title-1564\"><p><span style=\"font-weight: 400;\">Madeira hat ein subtropisches Klima, das das Arbeiten in Madeira besonders angenehm macht. Das ganze Jahr \u00fcber erwarten dich milde Temperaturen und eine moderate Luftfeuchtigkeit.<br \/>Die Winter sind mild, mit durchschnittlichen Tagestemperaturen zwischen 16 und 20 Grad. Im Sommer liegen die Temperaturen meist zwischen 22 und 26 Grad. Durch die N\u00e4he zum Atlantik sorgt das Meer daf\u00fcr, dass extreme Temperaturschwankungen selten sind.<\/p>\n<p>   <\/span><\/p>\n<p><span style=\"font-weight: 400;\">Der Niederschlag ist in den Wintermonaten h\u00e4ufiger, insbesondere von Oktober bis M\u00e4rz, aber in der Regel leicht. Die Sommermonate sind normalerweise trockener, mit gelegentlichen Regenschauern. Madeiras Landschaften, die von \u00fcppigen W\u00e4ldern bis hin zu K\u00fcstenseen reichen, profitieren von diesem gem\u00e4\u00dfigten Klima und schaffen so ein einladendes Umfeld f\u00fcr Outdoor-Aktivit\u00e4ten das ganze Jahr \u00fcber.  <\/span><\/p>\n<\/div>\n\t\t\t\t<\/div>\n\t\t\t\t\t\t\t\t<\/div>\n\t\t\t\t\t\t<\/div>\n\t\t\t\t\t<\/div>\n\t\t<\/div>\n\t\t\t\t\t<\/div>\n\t\t<\/section>\n\t\t\t\t<section class=\"elementor-section elementor-top-section elementor-element elementor-element-19b9e65f elementor-section-boxed elementor-section-height-default elementor-section-height-default\" data-id=\"19b9e65f\" data-element_type=\"section\" data-e-type=\"section\">\n\t\t\t\t\t\t<div class=\"elementor-container elementor-column-gap-default\">\n\t\t\t\t\t<div class=\"elementor-column elementor-col-100 elementor-top-column elementor-element elementor-element-7cb76e59\" data-id=\"7cb76e59\" data-element_type=\"column\" data-e-type=\"column\">\n\t\t\t<div class=\"elementor-widget-wrap elementor-element-populated\">\n\t\t\t\t\t\t<div class=\"elementor-element elementor-element-1ff043d1 m-0 elementor-widget elementor-widget-title\" data-id=\"1ff043d1\" data-element_type=\"widget\" data-e-type=\"widget\" data-widget_type=\"title.default\">\n\t\t\t\t<div class=\"elementor-widget-container\">\n\t\t\t\t\t<h2 class=\"control-heading-title m-0\">Noch unsicher, ob du den Schritt zum Arbeiten in Madeira wagen sollst?<\/h2>\t\t\t\t<\/div>\n\t\t\t\t<\/div>\n\t\t\t\t\t<\/div>\n\t\t<\/div>\n\t\t\t\t\t<\/div>\n\t\t<\/section>\n\t\t\t\t<section class=\"elementor-section elementor-top-section elementor-element elementor-element-4a7e50d1 elementor-section-boxed elementor-section-height-default elementor-section-height-default\" data-id=\"4a7e50d1\" data-element_type=\"section\" data-e-type=\"section\">\n\t\t\t\t\t\t<div class=\"elementor-container elementor-column-gap-default\">\n\t\t\t\t\t<div class=\"elementor-column elementor-col-100 elementor-top-column elementor-element elementor-element-bebfc7c\" data-id=\"bebfc7c\" data-element_type=\"column\" data-e-type=\"column\">\n\t\t\t<div class=\"elementor-widget-wrap elementor-element-populated\">\n\t\t\t\t\t\t<div class=\"elementor-element elementor-element-26a04f78 elementor-widget elementor-widget-text-editor\" data-id=\"26a04f78\" data-element_type=\"widget\" data-e-type=\"widget\" data-widget_type=\"text-editor.default\">\n\t\t\t\t\t\t\t\t\t<p>Ein Umzug und das Arbeiten in Madeira k\u00f6nnen ein echtes Abenteuer sein. Stell dir vor, du wachst jeden Tag mit Blick auf gr\u00fcne Berge und das tiefblaue Meer auf. Das ganzj\u00e4hrig milde Klima macht den Alltag angenehm und leicht. Die Menschen sind offen und herzlich, sodass du schnell neue Kontakte kn\u00fcpfen kannst. Wenn du gerne drau\u00dfen bist, findest du viele M\u00f6glichkeiten f\u00fcr Spazierg\u00e4nge und Wanderungen in beeindruckender Natur. Auch die Lebenshaltungskosten bleiben \u00fcberschaubar, vor allem bei lokalen M\u00e4rkten und Restaurants. Gleichzeitig gilt die Insel als sicher, sodass du dem hektischen Gro\u00dfstadtleben entspannt entkommen kannst.      <\/p><p>Dein Ticket zu atemberaubenden Landschaften, warmherzigen Gemeinschaften und einem erf\u00fcllten Lebensstil wartet auf dich.<\/p>\t\t\t\t\t\t\t\t<\/div>\n\t\t\t\t\t<\/div>\n\t\t<\/div>\n\t\t\t\t\t<\/div>\n\t\t<\/section>\n\t\t\t\t<section class=\"elementor-section elementor-top-section elementor-element elementor-element-7293a702 elementor-section-boxed elementor-section-height-default elementor-section-height-default\" data-id=\"7293a702\" data-element_type=\"section\" data-e-type=\"section\">\n\t\t\t\t\t\t<div class=\"elementor-container elementor-column-gap-default\">\n\t\t\t\t\t<div class=\"elementor-column elementor-col-100 elementor-top-column elementor-element elementor-element-78c3344b\" data-id=\"78c3344b\" data-element_type=\"column\" data-e-type=\"column\">\n\t\t\t<div class=\"elementor-widget-wrap elementor-element-populated\">\n\t\t\t\t\t\t<div class=\"elementor-element elementor-element-55295486 m-0 elementor-widget elementor-widget-title\" data-id=\"55295486\" data-element_type=\"widget\" data-e-type=\"widget\" data-widget_type=\"title.default\">\n\t\t\t\t<div class=\"elementor-widget-container\">\n\t\t\t\t\t<h2 class=\"control-heading-title m-0\">Sprich mit einem unserer Recruiter<\/h2>\t\t\t\t<\/div>\n\t\t\t\t<\/div>\n\t\t\t\t\t<\/div>\n\t\t<\/div>\n\t\t\t\t\t<\/div>\n\t\t<\/section>\n\t\t\t\t<section class=\"elementor-section elementor-top-section elementor-element elementor-element-4f0fe7ef elementor-section-content-middle elementor-section-boxed elementor-section-height-default elementor-section-height-default\" data-id=\"4f0fe7ef\" data-element_type=\"section\" data-e-type=\"section\">\n\t\t\t\t\t\t<div class=\"elementor-container elementor-column-gap-no\">\n\t\t\t\t\t<div class=\"elementor-column elementor-col-33 elementor-top-column elementor-element elementor-element-2a47183c\" data-id=\"2a47183c\" data-element_type=\"column\" data-e-type=\"column\">\n\t\t\t<div class=\"elementor-widget-wrap elementor-element-populated\">\n\t\t\t\t\t\t<div class=\"elementor-element elementor-element-6db8116b elementor-vertical-align-middle elementor-position-top elementor-widget elementor-widget-image-box\" data-id=\"6db8116b\" data-element_type=\"widget\" data-e-type=\"widget\" data-widget_type=\"image-box.default\">\n\t\t\t\t<div class=\"elementor-widget-container\">\n\t\t\t\t\t<div class=\"elementor-image-box-wrapper card\"><figure class=\"elementor-image-box-img\"><img decoding=\"async\" width=\"401\" height=\"401\" src=\"https:\/\/www.jobsqd.com\/wp-content\/uploads\/2023\/07\/diandra.png\" class=\"attachment-full size-full wp-image-22272 img-fluid\" alt=\"Diandra da Silva\" srcset=\"https:\/\/www.jobsqd.com\/wp-content\/uploads\/2023\/07\/diandra.png 401w, https:\/\/www.jobsqd.com\/wp-content\/uploads\/2023\/07\/diandra-300x300.png 300w, https:\/\/www.jobsqd.com\/wp-content\/uploads\/2023\/07\/diandra-150x150.png 150w, https:\/\/www.jobsqd.com\/wp-content\/uploads\/2023\/07\/diandra-105x105.png 105w, https:\/\/www.jobsqd.com\/wp-content\/uploads\/2023\/07\/diandra-85x85.png 85w, https:\/\/www.jobsqd.com\/wp-content\/uploads\/2023\/07\/diandra-100x100.png 100w\" sizes=\"(max-width: 401px) 100vw, 401px\" \/><\/figure><div class=\"elementor-image-box-content card-body\"><h3 class=\"elementor-image-box-title\">Diandra<\/h3><\/div><\/div>\t\t\t\t<\/div>\n\t\t\t\t<\/div>\n\t\t\t\t<div class=\"elementor-element elementor-element-3cf5fecf elementor-align-center elementor-widget elementor-widget-button\" data-id=\"3cf5fecf\" data-element_type=\"widget\" data-e-type=\"widget\" data-widget_type=\"button.default\">\n\t\t\t\t\t\t\t\t\t\t<a class=\"elementor-button elementor-button-link elementor-size-sm\" href=\"https:\/\/www.jobsqd.com\/de\/team-member\/diandra-da-silva-2\/\">\n\t\t\t\t\t\t<span class=\"elementor-button-content-wrapper\">\n\t\t\t\t\t\t\t\t\t<span class=\"elementor-button-text\">Kontaktiere uns jetzt<\/span>\n\t\t\t\t\t<\/span>\n\t\t\t\t\t<\/a>\n\t\t\t\t\t\t\t\t<\/div>\n\t\t\t\t\t<\/div>\n\t\t<\/div>\n\t\t\t\t<div class=\"elementor-column elementor-col-33 elementor-top-column elementor-element elementor-element-7289ccfd\" data-id=\"7289ccfd\" data-element_type=\"column\" data-e-type=\"column\">\n\t\t\t<div class=\"elementor-widget-wrap\">\n\t\t\t\t\t\t\t<\/div>\n\t\t<\/div>\n\t\t\t\t<div class=\"elementor-column elementor-col-33 elementor-top-column elementor-element elementor-element-e6db70f\" data-id=\"e6db70f\" data-element_type=\"column\" data-e-type=\"column\">\n\t\t\t<div class=\"elementor-widget-wrap elementor-element-populated\">\n\t\t\t\t\t\t<div class=\"elementor-element elementor-element-415b5640 elementor-vertical-align-middle elementor-position-top elementor-widget elementor-widget-image-box\" data-id=\"415b5640\" data-element_type=\"widget\" data-e-type=\"widget\" data-widget_type=\"image-box.default\">\n\t\t\t\t<div class=\"elementor-widget-container\">\n\t\t\t\t\t<div class=\"elementor-image-box-wrapper card\"><figure class=\"elementor-image-box-img\"><img loading=\"lazy\" decoding=\"async\" width=\"401\" height=\"401\" src=\"https:\/\/www.jobsqd.com\/wp-content\/uploads\/2023\/07\/rue.png\" class=\"attachment-full size-full wp-image-22479 img-fluid\" alt=\"Rui Teixeira\" srcset=\"https:\/\/www.jobsqd.com\/wp-content\/uploads\/2023\/07\/rue.png 401w, https:\/\/www.jobsqd.com\/wp-content\/uploads\/2023\/07\/rue-300x300.png 300w, https:\/\/www.jobsqd.com\/wp-content\/uploads\/2023\/07\/rue-150x150.png 150w, https:\/\/www.jobsqd.com\/wp-content\/uploads\/2023\/07\/rue-105x105.png 105w, https:\/\/www.jobsqd.com\/wp-content\/uploads\/2023\/07\/rue-85x85.png 85w, https:\/\/www.jobsqd.com\/wp-content\/uploads\/2023\/07\/rue-100x100.png 100w\" sizes=\"(max-width: 401px) 100vw, 401px\" \/><\/figure><div class=\"elementor-image-box-content card-body\"><h3 class=\"elementor-image-box-title\">Rui<\/h3><\/div><\/div>\t\t\t\t<\/div>\n\t\t\t\t<\/div>\n\t\t\t\t<div class=\"elementor-element elementor-element-30650e6 elementor-align-center elementor-widget elementor-widget-button\" data-id=\"30650e6\" data-element_type=\"widget\" data-e-type=\"widget\" data-widget_type=\"button.default\">\n\t\t\t\t\t\t\t\t\t\t<a class=\"elementor-button elementor-button-link elementor-size-sm\" href=\"https:\/\/www.jobsqd.com\/de\/team-member\/rui-teixeira-2\/\">\n\t\t\t\t\t\t<span class=\"elementor-button-content-wrapper\">\n\t\t\t\t\t\t\t\t\t<span class=\"elementor-button-text\">Kontaktiere uns jetzt<\/span>\n\t\t\t\t\t<\/span>\n\t\t\t\t\t<\/a>\n\t\t\t\t\t\t\t\t<\/div>\n\t\t\t\t\t<\/div>\n\t\t<\/div>\n\t\t\t\t\t<\/div>\n\t\t<\/section>\n\t\t\t\t<\/div>\n\t\t","protected":false},"excerpt":{"rendered":"<p>Jobs und Arbeiten in Madeira Das Arbeiten in Madeira bietet ein einzigartiges und beeindruckendes Erlebnis. Die Inselgruppe im Atlantik ist&#8230;<\/p>\n","protected":false},"author":56,"featured_media":110068,"parent":32963,"menu_order":0,"comment_status":"closed","ping_status":"closed","template":"","meta":{"footnotes":""},"class_list":["post-56879","page","type-page","status-publish","has-post-thumbnail","hentry"],"_links":{"self":[{"href":"https:\/\/www.jobsqd.com\/de\/wp-json\/wp\/v2\/pages\/56879","targetHints":{"allow":["GET"]}}],"collection":[{"href":"https:\/\/www.jobsqd.com\/de\/wp-json\/wp\/v2\/pages"}],"about":[{"href":"https:\/\/www.jobsqd.com\/de\/wp-json\/wp\/v2\/types\/page"}],"author":[{"embeddable":true,"href":"https:\/\/www.jobsqd.com\/de\/wp-json\/wp\/v2\/users\/56"}],"replies":[{"embeddable":true,"href":"https:\/\/www.jobsqd.com\/de\/wp-json\/wp\/v2\/comments?post=56879"}],"version-history":[{"count":7,"href":"https:\/\/www.jobsqd.com\/de\/wp-json\/wp\/v2\/pages\/56879\/revisions"}],"predecessor-version":[{"id":114962,"href":"https:\/\/www.jobsqd.com\/de\/wp-json\/wp\/v2\/pages\/56879\/revisions\/114962"}],"up":[{"embeddable":true,"href":"https:\/\/www.jobsqd.com\/de\/wp-json\/wp\/v2\/pages\/32963"}],"wp:featuredmedia":[{"embeddable":true,"href":"https:\/\/www.jobsqd.com\/de\/wp-json\/wp\/v2\/media\/110068"}],"wp:attachment":[{"href":"https:\/\/www.jobsqd.com\/de\/wp-json\/wp\/v2\/media?parent=56879"}],"curies":[{"name":"wp","href":"https:\/\/api.w.org\/{rel}","templated":true}]}}