{"id":33406,"date":"2023-07-11T07:41:48","date_gmt":"2023-07-11T05:41:48","guid":{"rendered":"https:\/\/www.jobsqd.com\/varna"},"modified":"2026-03-23T12:39:58","modified_gmt":"2026-03-23T11:39:58","slug":"varna","status":"publish","type":"page","link":"https:\/\/www.jobsqd.com\/de\/arbeiten-in-bulgarien\/varna\/","title":{"rendered":"Varna"},"content":{"rendered":"\t\t<div data-elementor-type=\"wp-page\" data-elementor-id=\"33406\" class=\"elementor elementor-33406 elementor-8857\" data-elementor-post-type=\"page\">\n\t\t\t\t\t\t<section class=\"elementor-section elementor-top-section elementor-element elementor-element-57bf106d hero-1 hero-5 elementor-section-boxed elementor-section-height-default elementor-section-height-default\" data-id=\"57bf106d\" data-element_type=\"section\" data-e-type=\"section\">\n\t\t\t\t\t\t<div class=\"elementor-container elementor-column-gap-no\">\n\t\t\t\t\t<div class=\"elementor-column elementor-col-100 elementor-top-column elementor-element elementor-element-418c420c\" data-id=\"418c420c\" data-element_type=\"column\" data-e-type=\"column\">\n\t\t\t<div class=\"elementor-widget-wrap elementor-element-populated\">\n\t\t\t\t\t\t<section class=\"elementor-section elementor-inner-section elementor-element elementor-element-13478a91 elementor-section-full_width elementor-section-height-default elementor-section-height-default\" data-id=\"13478a91\" data-element_type=\"section\" data-e-type=\"section\">\n\t\t\t\t\t\t<div class=\"elementor-container elementor-column-gap-no\">\n\t\t\t\t\t<div class=\"elementor-column elementor-col-50 elementor-inner-column elementor-element elementor-element-a318452\" data-id=\"a318452\" data-element_type=\"column\" data-e-type=\"column\">\n\t\t\t<div class=\"elementor-widget-wrap elementor-element-populated\">\n\t\t\t\t\t\t<div class=\"elementor-element elementor-element-3d5e4e9e heading-banner elementor-widget elementor-widget-title\" data-id=\"3d5e4e9e\" data-element_type=\"widget\" data-e-type=\"widget\" data-widget_type=\"title.default\">\n\t\t\t\t<div class=\"elementor-widget-container\">\n\t\t\t\t\t<h1 class=\"control-heading-title display-5 fw-bolder\">Abeiten in Varna<\/h1>\t\t\t\t<\/div>\n\t\t\t\t<\/div>\n\t\t\t\t<div class=\"elementor-element elementor-element-58f8dced elementor-widget__width-initial banner-description mb-0 elementor-widget elementor-widget-text-editor\" data-id=\"58f8dced\" data-element_type=\"widget\" data-e-type=\"widget\" data-widget_type=\"text-editor.default\">\n\t\t\t\t\t\t\t\t\t<p>Varna liegt an der Schwarzmeerk\u00fcste und bietet atemberaubende Str\u00e4nde, kristallklares Wasser und atemberaubende K\u00fcstenlandschaften. Die N\u00e4he der Stadt zum Meer bietet endlose M\u00f6glichkeiten f\u00fcr Entspannung, Wassersport und Outdoor-Aktivit\u00e4ten.  Varna ist die drittgr\u00f6\u00dfte Stadt <a href=\"https:\/\/www.jobsqd.com\/de\/arbeiten-in-bulgarien\/\">Bulgariens<\/a> mit rund 350.000 Einwohnern. <\/p><p>Beginne Dein Leben und Arbeiten in Varna, wenn Du einen entspannten, k\u00fcstennahen und saisonalen Lebensstil bevorzugst. Zus\u00e4tzlich profitierst Du von niedrigen Lebenshaltungskosten und der lebendigen Caf\u00e9-Kultur der Stadt. Lies weiter und erfahre mehr \u00fcber das Arbeiten in Varna!  <\/p>\t\t\t\t\t\t\t\t<\/div>\n\t\t\t\t<div class=\"elementor-element elementor-element-8ec0317 elementor-widget elementor-widget-text-editor\" data-id=\"8ec0317\" data-element_type=\"widget\" data-e-type=\"widget\" data-widget_type=\"text-editor.default\">\n\t\t\t\t\t\t\t\t\t<div class=\"mt-40\"><div class=\"wow animate__ animate__fadeInUp animated\" style=\"visibility: visible; animation-name: fadeInUp;\"><a class=\"btn btn-default\" href=\"https:\/\/www.jobsqd.com\/de\/jobangebote-im-ausland\/?search_category=&#038;search_location=Bulgaria&#038;search_keywords=\">Alle Stellenausschreibungen in Varna ansehen<\/a><a class=\"btn btn-link text-decoration-underline\" href=\"https:\/\/jthemes.com\/themes\/wp\/jobbox\/about-us\/\" target=\"_blank\" rel=\"noopener\">Weitere Informationen<\/a><\/div><\/div>\t\t\t\t\t\t\t\t<\/div>\n\t\t\t\t<div class=\"elementor-element elementor-element-108ec32 elementor-widget__width-initial elementor-hidden-tablet elementor-hidden-mobile elementor-widget elementor-widget-html\" data-id=\"108ec32\" data-element_type=\"widget\" data-e-type=\"widget\" data-widget_type=\"html.default\">\n\t\t\t\t\t<div class=\"ratings-row\">\r\n\r\n    <div class=\"rating-box\">\r\n        <div class=\"rating-line\">\r\n            <span class=\"score\">4.8<\/span>\r\n<span class=\"stars\">\u2605\u2605\u2605\u2605\u2605<\/span>\r\n        <\/div>\r\n        <div class=\"rating-label\">Google Gesch\u00e4ftsprofil<\/div>\r\n    <\/div>\r\n\r\n    <div class=\"rating-box\">\r\n        <div class=\"rating-line\">\r\n            <span class=\"score\">4.8<\/span>\r\n<span class=\"stars\">\u2605\u2605\u2605\u2605\u2605<\/span>\r\n        <\/div>\r\n        <div class=\"rating-label\">Facebook Bewertungen<\/div>\r\n    <\/div>\r\n\r\n    <div class=\"rating-box\">\r\n        <div class=\"rating-line\">\r\n            <span class=\"score\">4.7<\/span>\r\n<span class=\"stars\">\u2605\u2605\u2605\u2605\u2605<\/span>\r\n        <\/div>\r\n        <div class=\"rating-label\">Trustpilot Reviews<\/div>\r\n    <\/div>\r\n\r\n<\/div>\r\n\t\t\t\t<\/div>\n\t\t\t\t\t<\/div>\n\t\t<\/div>\n\t\t\t\t<div class=\"elementor-column elementor-col-50 elementor-inner-column elementor-element elementor-element-3a992505\" data-id=\"3a992505\" data-element_type=\"column\" data-e-type=\"column\">\n\t\t\t<div class=\"elementor-widget-wrap elementor-element-populated\">\n\t\t\t\t\t\t<div class=\"elementor-element elementor-element-148ba4d elementor-widget elementor-widget-image\" data-id=\"148ba4d\" data-element_type=\"widget\" data-e-type=\"widget\" data-widget_type=\"image.default\">\n\t\t\t\t\t\t\t\t\t\t\t\t\t\t\t<img fetchpriority=\"high\" decoding=\"async\" width=\"1080\" height=\"1350\" src=\"https:\/\/www.jobsqd.com\/wp-content\/uploads\/2025\/12\/Varno.png\" class=\"attachment-full size-full wp-image-108243 img-fluid\" alt=\"\" srcset=\"https:\/\/www.jobsqd.com\/wp-content\/uploads\/2025\/12\/Varno.png 1080w, https:\/\/www.jobsqd.com\/wp-content\/uploads\/2025\/12\/Varno-240x300.png 240w, https:\/\/www.jobsqd.com\/wp-content\/uploads\/2025\/12\/Varno-819x1024.png 819w, https:\/\/www.jobsqd.com\/wp-content\/uploads\/2025\/12\/Varno-768x960.png 768w\" sizes=\"(max-width: 1080px) 100vw, 1080px\">\t\t\t\t\t\t\t\t\t\t\t\t\t\t\t<\/div>\n\t\t\t\t\t<\/div>\n\t\t<\/div>\n\t\t\t\t\t<\/div>\n\t\t<\/section>\n\t\t\t\t<section class=\"elementor-section elementor-inner-section elementor-element elementor-element-2b37f6f8 elementor-section-full_width elementor-section-height-default elementor-section-height-default\" data-id=\"2b37f6f8\" data-element_type=\"section\" data-e-type=\"section\">\n\t\t\t\t\t\t<div class=\"elementor-container elementor-column-gap-no\">\n\t\t\t\t\t<div class=\"elementor-column elementor-col-100 elementor-inner-column elementor-element elementor-element-1cf2f3f\" data-id=\"1cf2f3f\" data-element_type=\"column\" data-e-type=\"column\">\n\t\t\t<div class=\"elementor-widget-wrap\">\n\t\t\t\t\t\t\t<\/div>\n\t\t<\/div>\n\t\t\t\t\t<\/div>\n\t\t<\/section>\n\t\t\t\t\t<\/div>\n\t\t<\/div>\n\t\t\t\t\t<\/div>\n\t\t<\/section>\n\t\t\t\t<section class=\"elementor-section elementor-top-section elementor-element elementor-element-76104061 elementor-section-full_width elementor-section-content-middle elementor-section-height-default elementor-section-height-default\" data-id=\"76104061\" data-element_type=\"section\" data-e-type=\"section\">\n\t\t\t\t\t\t<div class=\"elementor-container elementor-column-gap-default\">\n\t\t\t\t\t<div class=\"elementor-column elementor-col-100 elementor-top-column elementor-element elementor-element-57000ef1\" data-id=\"57000ef1\" data-element_type=\"column\" data-e-type=\"column\">\n\t\t\t<div class=\"elementor-widget-wrap elementor-element-populated\">\n\t\t\t\t\t\t<section class=\"elementor-section elementor-inner-section elementor-element elementor-element-5cfa4ce9 elementor-section-content-middle elementor-section-boxed elementor-section-height-default elementor-section-height-default\" data-id=\"5cfa4ce9\" data-element_type=\"section\" data-e-type=\"section\">\n\t\t\t\t\t\t<div class=\"elementor-container elementor-column-gap-default\">\n\t\t\t\t\t<div class=\"elementor-column elementor-col-50 elementor-inner-column elementor-element elementor-element-100b65b8\" data-id=\"100b65b8\" data-element_type=\"column\" data-e-type=\"column\">\n\t\t\t<div class=\"elementor-widget-wrap elementor-element-populated\">\n\t\t\t\t\t\t<div class=\"elementor-element elementor-element-6e339df1 elementor-widget elementor-widget-video\" data-id=\"6e339df1\" data-element_type=\"widget\" data-e-type=\"widget\" data-settings=\"{&quot;youtube_url&quot;:&quot;https:\\\/\\\/www.youtube.com\\\/watch?v=RrF6PGH9mB0&quot;,&quot;video_type&quot;:&quot;youtube&quot;,&quot;controls&quot;:&quot;yes&quot;}\" data-widget_type=\"video.default\">\n\t\t\t\t\t\t\t<div class=\"elementor-wrapper elementor-open-inline\">\n\t\t\t<div class=\"elementor-video\"><\/div>\t\t<\/div>\n\t\t\t\t\t\t<\/div>\n\t\t\t\t\t<\/div>\n\t\t<\/div>\n\t\t\t\t<div class=\"elementor-column elementor-col-50 elementor-inner-column elementor-element elementor-element-6fdc381b\" data-id=\"6fdc381b\" data-element_type=\"column\" data-e-type=\"column\">\n\t\t\t<div class=\"elementor-widget-wrap elementor-element-populated\">\n\t\t\t\t\t\t<div class=\"elementor-element elementor-element-47a72c5b m-0 elementor-widget elementor-widget-title\" data-id=\"47a72c5b\" data-element_type=\"widget\" data-e-type=\"widget\" data-widget_type=\"title.default\">\n\t\t\t\t<div class=\"elementor-widget-container\">\n\t\t\t\t\t<h2 class=\"control-heading-title m-0\">Leben in Varna<\/h2>\t\t\t\t<\/div>\n\t\t\t\t<\/div>\n\t\t\t\t<div class=\"elementor-element elementor-element-158f1c55 elementor-widget elementor-widget-text-editor\" data-id=\"158f1c55\" data-element_type=\"widget\" data-e-type=\"widget\" data-widget_type=\"text-editor.default\">\n\t\t\t\t\t\t\t\t\t<p>Varna ist reich an Geschichte und kulturellem Erbe. Die Stadt verf\u00fcgt \u00fcber arch\u00e4ologische Sch\u00e4tze wie die r\u00f6mischen Thermen, das Arch\u00e4ologische Museum und die r\u00f6mischen B\u00e4der. Varna beherbergt au\u00dferdem zahlreiche Theater, Kunstgalerien und Musiklokale, die eine vielf\u00e4ltige und lebendige Kulturszene bieten.  <\/p><p>Varna verf\u00fcgt \u00fcber eine schnell wachsende Wirtschaft, die Unternehmen und Fachkr\u00e4fte aus verschiedenen Branchen anzieht. Varna verf\u00fcgt \u00fcber eine schnell wachsende Wirtschaft, die Unternehmen und Fachkr\u00e4fte aus verschiedenen Branchen anzieht. <\/p>\t\t\t\t\t\t\t\t<\/div>\n\t\t\t\t\t<\/div>\n\t\t<\/div>\n\t\t\t\t\t<\/div>\n\t\t<\/section>\n\t\t\t\t\t<\/div>\n\t\t<\/div>\n\t\t\t\t\t<\/div>\n\t\t<\/section>\n\t\t\t\t<section class=\"elementor-section elementor-top-section elementor-element elementor-element-511bf550 elementor-section-boxed elementor-section-height-default elementor-section-height-default\" data-id=\"511bf550\" data-element_type=\"section\" data-e-type=\"section\">\n\t\t\t\t\t\t<div class=\"elementor-container elementor-column-gap-default\">\n\t\t\t\t\t<div class=\"elementor-column elementor-col-100 elementor-top-column elementor-element elementor-element-5c9aaaf6\" data-id=\"5c9aaaf6\" data-element_type=\"column\" data-e-type=\"column\">\n\t\t\t<div class=\"elementor-widget-wrap elementor-element-populated\">\n\t\t\t\t\t\t<section class=\"elementor-section elementor-inner-section elementor-element elementor-element-2ba4c486 elementor-section-content-middle elementor-section-boxed elementor-section-height-default elementor-section-height-default\" data-id=\"2ba4c486\" data-element_type=\"section\" data-e-type=\"section\">\n\t\t\t\t\t\t<div class=\"elementor-container elementor-column-gap-default\">\n\t\t\t\t\t<div class=\"elementor-column elementor-col-50 elementor-inner-column elementor-element elementor-element-2a6a3661\" data-id=\"2a6a3661\" data-element_type=\"column\" data-e-type=\"column\">\n\t\t\t<div class=\"elementor-widget-wrap elementor-element-populated\">\n\t\t\t\t\t\t<div class=\"elementor-element elementor-element-da0dfb5 m-0 elementor-widget elementor-widget-title\" data-id=\"da0dfb5\" data-element_type=\"widget\" data-e-type=\"widget\" data-widget_type=\"title.default\">\n\t\t\t\t<div class=\"elementor-widget-container\">\n\t\t\t\t\t<h2 class=\"control-heading-title m-0\">Arbeiten in Varna<\/h2>\t\t\t\t<\/div>\n\t\t\t\t<\/div>\n\t\t\t\t<div class=\"elementor-element elementor-element-742840fc elementor-widget elementor-widget-text-editor\" data-id=\"742840fc\" data-element_type=\"widget\" data-e-type=\"widget\" data-widget_type=\"text-editor.default\">\n\t\t\t\t\t\t\t\t\t<div><div><span style=\"font-family: Plus Jakarta Sans;\"><b> <\/b><\/span><\/div><ul><li dir=\"ltr\" role=\"presentation\"><strong>Durchschnittliche Arbeitszeit pro Woche:<\/strong> 40 Stunden, 8 Stunden 5-mal pro Woche<\/li><li dir=\"ltr\" role=\"presentation\"><strong>Typischer Arbeitstag:<\/strong> Montag bis Freitag von 9:00 bis 18:00 Uhr<\/li><li dir=\"ltr\" role=\"presentation\"><strong>Anzahl der Urlaubstage:<\/strong> 20 Tage \/ 4 Wochen<\/li><li dir=\"ltr\" role=\"presentation\"><strong>\u00d6ffentliche Verkehrsmittel:<\/strong> Meistens mit Bus, U-Bahn und Stra\u00dfenbahn<\/li><li dir=\"ltr\" role=\"presentation\"><strong>Arbeitskultur:<\/strong> In Unternehmen ist die Arbeitskultur tendenziell etwas hierarchisch.<\/li><\/ul><div> <\/div><\/div><p><a href=\"https:\/\/www.jobsqd.com\/de\/arbeiten-in-bulgarien\/\">Lies mehr \u00fcber das Leben und Arbeiten in Bulgarien.<\/a><\/p>\t\t\t\t\t\t\t\t<\/div>\n\t\t\t\t\t<\/div>\n\t\t<\/div>\n\t\t\t\t<div class=\"elementor-column elementor-col-50 elementor-inner-column elementor-element elementor-element-77b520d5\" data-id=\"77b520d5\" data-element_type=\"column\" data-e-type=\"column\">\n\t\t\t<div class=\"elementor-widget-wrap elementor-element-populated\">\n\t\t\t\t\t\t<div class=\"elementor-element elementor-element-72143f28 elementor-widget elementor-widget-image\" data-id=\"72143f28\" data-element_type=\"widget\" data-e-type=\"widget\" data-widget_type=\"image.default\">\n\t\t\t\t\t\t\t\t\t\t\t\t\t\t\t<img decoding=\"async\" width=\"1366\" height=\"768\" src=\"https:\/\/www.jobsqd.com\/wp-content\/uploads\/2024\/12\/Varna-1.png\" class=\"attachment-full size-full wp-image-85736 img-fluid\" alt=\"\" srcset=\"https:\/\/www.jobsqd.com\/wp-content\/uploads\/2024\/12\/Varna-1.png 1366w, https:\/\/www.jobsqd.com\/wp-content\/uploads\/2024\/12\/Varna-1-300x169.png 300w, https:\/\/www.jobsqd.com\/wp-content\/uploads\/2024\/12\/Varna-1-1024x576.png 1024w, https:\/\/www.jobsqd.com\/wp-content\/uploads\/2024\/12\/Varna-1-768x432.png 768w\" sizes=\"(max-width: 1366px) 100vw, 1366px\">\t\t\t\t\t\t\t\t\t\t\t\t\t\t\t<\/div>\n\t\t\t\t\t<\/div>\n\t\t<\/div>\n\t\t\t\t\t<\/div>\n\t\t<\/section>\n\t\t\t\t\t<\/div>\n\t\t<\/div>\n\t\t\t\t\t<\/div>\n\t\t<\/section>\n\t\t\t\t<section class=\"elementor-section elementor-top-section elementor-element elementor-element-7aef295c elementor-section-full_width elementor-section-height-default elementor-section-height-default\" data-id=\"7aef295c\" data-element_type=\"section\" data-e-type=\"section\">\n\t\t\t\t\t\t<div class=\"elementor-container elementor-column-gap-default\">\n\t\t\t\t\t<div class=\"elementor-column elementor-col-100 elementor-top-column elementor-element elementor-element-78b89098\" data-id=\"78b89098\" data-element_type=\"column\" data-e-type=\"column\">\n\t\t\t<div class=\"elementor-widget-wrap elementor-element-populated\">\n\t\t\t\t\t\t<div class=\"elementor-element elementor-element-55a85cfe elementor-widget elementor-widget-template\" data-id=\"55a85cfe\" data-element_type=\"widget\" data-e-type=\"widget\" data-widget_type=\"template.default\">\n\t\t\t\t<div class=\"elementor-widget-container\">\n\t\t\t\t\t\r\n<div class=\"section-box mb-30\">\r\n    <div class=\"container\">\r\n        <div class=\"box-we-hiring\">\r\n        <div class=\"text-1\"><span class=\"text-we-are\">test<\/span><span class=\"text-hiring\">test<\/span><\/div>\r\n        <div class=\"text-2\">test<\/div>\r\n        <div class=\"text-3\">\r\n            <a href=\"https:\/\/www.jobsqd.com\/jobs\/\" class=\"btn btn-apply btn-apply-icon\">test<\/a>\r\n        <\/div>\r\n        <\/div>\r\n    <\/div>\r\n<\/div>\t\t\t\t<\/div>\n\t\t\t\t<\/div>\n\t\t\t\t\t<\/div>\n\t\t<\/div>\n\t\t\t\t\t<\/div>\n\t\t<\/section>\n\t\t\t\t<section class=\"elementor-section elementor-top-section elementor-element elementor-element-56c2dc6f elementor-section-boxed elementor-section-height-default elementor-section-height-default\" data-id=\"56c2dc6f\" data-element_type=\"section\" data-e-type=\"section\">\n\t\t\t\t\t\t<div class=\"elementor-container elementor-column-gap-default\">\n\t\t\t\t\t<div class=\"elementor-column elementor-col-100 elementor-top-column elementor-element elementor-element-50bb6b94\" data-id=\"50bb6b94\" data-element_type=\"column\" data-e-type=\"column\">\n\t\t\t<div class=\"elementor-widget-wrap elementor-element-populated\">\n\t\t\t\t\t\t<div class=\"elementor-element elementor-element-942d5dd m-0 elementor-widget elementor-widget-title\" data-id=\"942d5dd\" data-element_type=\"widget\" data-e-type=\"widget\" data-widget_type=\"title.default\">\n\t\t\t\t<div class=\"elementor-widget-container\">\n\t\t\t\t\t<h2 class=\"control-heading-title m-0\">FAQ<\/h2>\t\t\t\t<\/div>\n\t\t\t\t<\/div>\n\t\t\t\t<div class=\"elementor-element elementor-element-32e02591 elementor-widget elementor-widget-accordion\" data-id=\"32e02591\" data-element_type=\"widget\" data-e-type=\"widget\" data-widget_type=\"accordion.default\">\n\t\t\t\t\t\t\t<div class=\"elementor-accordion\">\n\t\t\t\t\t\t\t<div class=\"elementor-accordion-item\">\n\t\t\t\t\t<div id=\"elementor-tab-title-8531\" class=\"elementor-tab-title\" data-tab=\"1\" role=\"button\" aria-controls=\"elementor-tab-content-8531\" aria-expanded=\"false\">\n\t\t\t\t\t\t\t\t\t\t\t\t\t<span class=\"elementor-accordion-icon elementor-accordion-icon-left\" aria-hidden=\"true\">\n\t\t\t\t\t\t\t\t\t\t\t\t\t\t\t<span class=\"elementor-accordion-icon-closed\"><svg class=\"e-font-icon-svg e-fas-plus\" viewBox=\"0 0 448 512\" xmlns=\"http:\/\/www.w3.org\/2000\/svg\"><path d=\"M416 208H272V64c0-17.67-14.33-32-32-32h-32c-17.67 0-32 14.33-32 32v144H32c-17.67 0-32 14.33-32 32v32c0 17.67 14.33 32 32 32h144v144c0 17.67 14.33 32 32 32h32c17.67 0 32-14.33 32-32V304h144c17.67 0 32-14.33 32-32v-32c0-17.67-14.33-32-32-32z\"><\/path><\/svg><\/span>\n\t\t\t\t\t\t\t\t<span class=\"elementor-accordion-icon-opened\"><svg class=\"e-font-icon-svg e-fas-minus\" viewBox=\"0 0 448 512\" xmlns=\"http:\/\/www.w3.org\/2000\/svg\"><path d=\"M416 208H32c-17.67 0-32 14.33-32 32v32c0 17.67 14.33 32 32 32h384c17.67 0 32-14.33 32-32v-32c0-17.67-14.33-32-32-32z\"><\/path><\/svg><\/span>\n\t\t\t\t\t\t\t\t\t\t\t\t\t\t<\/span>\n\t\t\t\t\t\t\t\t\t\t\t\t<a class=\"elementor-accordion-title\" tabindex=\"0\">Soll ich mit meinem Freund oder Partner umziehen?<\/a>\n\t\t\t\t\t<\/div>\n\t\t\t\t\t<div id=\"elementor-tab-content-8531\" class=\"elementor-tab-content elementor-clearfix\" data-tab=\"1\" role=\"region\" aria-labelledby=\"elementor-tab-title-8531\"><p>Du hast die Wahl \u2013 entweder wagst du das Abenteuer alleine oder schlie\u00dft dich mit Freunden zusammen f\u00fcr einen gemeinsamen Umzug nach Varna. Beide Optionen haben ihre Vor- und Nachteile. Solltest du dich f\u00fcr den Weg mit Freunden entscheiden, ist es ratsam, sich im Vorfeld gemeinsam zu besprechen und praktische Aspekte wie Lebensmitteleink\u00e4ufe, Kochgewohnheiten, Ausgehm\u00f6glichkeiten und Wohnarrangements zu kl\u00e4ren. Jenseits der organisatorischen \u00dcberlegungen wird das Leben umso bereichernder, wenn du die Freuden und Herausforderungen des Neuanfangs mit anderen teilen kannst. Ein gemeinsamer Umzug schafft nicht nur von Anfang an ein soziales Netzwerk, sondern erleichtert auch den Einstieg in das neue Lebenskapitel.     <\/p>\n<p>Fazit: Kommunikation ist der Schl\u00fcssel, wenn du und deine Freunde beschlie\u00dfen, gemeinsam ins Ausland zu ziehen<\/p>\n<\/div>\n\t\t\t\t<\/div>\n\t\t\t\t\t\t\t<div class=\"elementor-accordion-item\">\n\t\t\t\t\t<div id=\"elementor-tab-title-8532\" class=\"elementor-tab-title\" data-tab=\"2\" role=\"button\" aria-controls=\"elementor-tab-content-8532\" aria-expanded=\"false\">\n\t\t\t\t\t\t\t\t\t\t\t\t\t<span class=\"elementor-accordion-icon elementor-accordion-icon-left\" aria-hidden=\"true\">\n\t\t\t\t\t\t\t\t\t\t\t\t\t\t\t<span class=\"elementor-accordion-icon-closed\"><svg class=\"e-font-icon-svg e-fas-plus\" viewBox=\"0 0 448 512\" xmlns=\"http:\/\/www.w3.org\/2000\/svg\"><path d=\"M416 208H272V64c0-17.67-14.33-32-32-32h-32c-17.67 0-32 14.33-32 32v144H32c-17.67 0-32 14.33-32 32v32c0 17.67 14.33 32 32 32h144v144c0 17.67 14.33 32 32 32h32c17.67 0 32-14.33 32-32V304h144c17.67 0 32-14.33 32-32v-32c0-17.67-14.33-32-32-32z\"><\/path><\/svg><\/span>\n\t\t\t\t\t\t\t\t<span class=\"elementor-accordion-icon-opened\"><svg class=\"e-font-icon-svg e-fas-minus\" viewBox=\"0 0 448 512\" xmlns=\"http:\/\/www.w3.org\/2000\/svg\"><path d=\"M416 208H32c-17.67 0-32 14.33-32 32v32c0 17.67 14.33 32 32 32h384c17.67 0 32-14.33 32-32v-32c0-17.67-14.33-32-32-32z\"><\/path><\/svg><\/span>\n\t\t\t\t\t\t\t\t\t\t\t\t\t\t<\/span>\n\t\t\t\t\t\t\t\t\t\t\t\t<a class=\"elementor-accordion-title\" tabindex=\"0\">Wie bewegt man sich in Varna<\/a>\n\t\t\t\t\t<\/div>\n\t\t\t\t\t<div id=\"elementor-tab-content-8532\" class=\"elementor-tab-content elementor-clearfix\" data-tab=\"2\" role=\"region\" aria-labelledby=\"elementor-tab-title-8532\"><p>Sich in Varna fortzubewegen ist dank des effizienten \u00f6ffentlichen Verkehrssystems sehr bequem. Busse und Minibusse decken die Stadt und die umliegenden Gebiete ab und bieten g\u00fcnstige sowie zuverl\u00e4ssige Verbindungen. Taxis sind ebenfalls weit verbreitet. Die Preise f\u00fcr den \u00f6ffentlichen Nahverkehr in Varna:   <\/p>\n<ul>\n<li>1-Stunden-Busticket: 1 Bulgarischer Lew (\u2248 0,50 \u20ac)<\/li>\n<li>Tagesticket f\u00fcr Busse (unbegrenzte Fahrten): 4 Bulgarische Lew (\u2248 2 \u20ac)<\/li>\n<li>Monatskarten f\u00fcr den \u00f6ffentlichen Nahverkehr: 50\u201396 Bulgarische Lew (\u2248 25\u201350 \u20ac)<\/li>\n<\/ul>\n<\/div>\n\t\t\t\t<\/div>\n\t\t\t\t\t\t\t<div class=\"elementor-accordion-item\">\n\t\t\t\t\t<div id=\"elementor-tab-title-8533\" class=\"elementor-tab-title\" data-tab=\"3\" role=\"button\" aria-controls=\"elementor-tab-content-8533\" aria-expanded=\"false\">\n\t\t\t\t\t\t\t\t\t\t\t\t\t<span class=\"elementor-accordion-icon elementor-accordion-icon-left\" aria-hidden=\"true\">\n\t\t\t\t\t\t\t\t\t\t\t\t\t\t\t<span class=\"elementor-accordion-icon-closed\"><svg class=\"e-font-icon-svg e-fas-plus\" viewBox=\"0 0 448 512\" xmlns=\"http:\/\/www.w3.org\/2000\/svg\"><path d=\"M416 208H272V64c0-17.67-14.33-32-32-32h-32c-17.67 0-32 14.33-32 32v144H32c-17.67 0-32 14.33-32 32v32c0 17.67 14.33 32 32 32h144v144c0 17.67 14.33 32 32 32h32c17.67 0 32-14.33 32-32V304h144c17.67 0 32-14.33 32-32v-32c0-17.67-14.33-32-32-32z\"><\/path><\/svg><\/span>\n\t\t\t\t\t\t\t\t<span class=\"elementor-accordion-icon-opened\"><svg class=\"e-font-icon-svg e-fas-minus\" viewBox=\"0 0 448 512\" xmlns=\"http:\/\/www.w3.org\/2000\/svg\"><path d=\"M416 208H32c-17.67 0-32 14.33-32 32v32c0 17.67 14.33 32 32 32h384c17.67 0 32-14.33 32-32v-32c0-17.67-14.33-32-32-32z\"><\/path><\/svg><\/span>\n\t\t\t\t\t\t\t\t\t\t\t\t\t\t<\/span>\n\t\t\t\t\t\t\t\t\t\t\t\t<a class=\"elementor-accordion-title\" tabindex=\"0\">Wie teuer ist Wohnen in Varna und wo finde ich eine Unterkunft?<\/a>\n\t\t\t\t\t<\/div>\n\t\t\t\t\t<div id=\"elementor-tab-content-8533\" class=\"elementor-tab-content elementor-clearfix\" data-tab=\"3\" role=\"region\" aria-labelledby=\"elementor-tab-title-8533\"><p style=\"color: #2c2c2c; line-height: var(--wp--typography--line-height, 1.5); font-size: var(--jobbox-font-md);\">Zu den besten und zugleich erschwinglichen Wohngegenden in Varna z\u00e4hlen Primorski Park, Briz und Vinitsa. Diese Viertel bieten eine gute Kombination aus Strandn\u00e4he, Gr\u00fcnfl\u00e4chen, Infrastruktur und bezahlbaren Wohnm\u00f6glichkeiten. Die durchschnittlichen Mietpreise in Varna liegen ungef\u00e4hr bei:  <\/p>\n<ul>\n<li>1-Zimmer-Wohnung im Stadtzentrum: 350\u2013500 \u20ac<\/li>\n<li>1-Zimmer-Wohnung au\u00dferhalb des Stadtzentrums: 300\u2013450<\/li>\n<li>Zimmer in einer Wohngemeinschaft: 100\u2013150 \u20ac<\/li>\n<\/ul>\n<\/div>\n\t\t\t\t<\/div>\n\t\t\t\t\t\t\t<div class=\"elementor-accordion-item\">\n\t\t\t\t\t<div id=\"elementor-tab-title-8534\" class=\"elementor-tab-title\" data-tab=\"4\" role=\"button\" aria-controls=\"elementor-tab-content-8534\" aria-expanded=\"false\">\n\t\t\t\t\t\t\t\t\t\t\t\t\t<span class=\"elementor-accordion-icon elementor-accordion-icon-left\" aria-hidden=\"true\">\n\t\t\t\t\t\t\t\t\t\t\t\t\t\t\t<span class=\"elementor-accordion-icon-closed\"><svg class=\"e-font-icon-svg e-fas-plus\" viewBox=\"0 0 448 512\" xmlns=\"http:\/\/www.w3.org\/2000\/svg\"><path d=\"M416 208H272V64c0-17.67-14.33-32-32-32h-32c-17.67 0-32 14.33-32 32v144H32c-17.67 0-32 14.33-32 32v32c0 17.67 14.33 32 32 32h144v144c0 17.67 14.33 32 32 32h32c17.67 0 32-14.33 32-32V304h144c17.67 0 32-14.33 32-32v-32c0-17.67-14.33-32-32-32z\"><\/path><\/svg><\/span>\n\t\t\t\t\t\t\t\t<span class=\"elementor-accordion-icon-opened\"><svg class=\"e-font-icon-svg e-fas-minus\" viewBox=\"0 0 448 512\" xmlns=\"http:\/\/www.w3.org\/2000\/svg\"><path d=\"M416 208H32c-17.67 0-32 14.33-32 32v32c0 17.67 14.33 32 32 32h384c17.67 0 32-14.33 32-32v-32c0-17.67-14.33-32-32-32z\"><\/path><\/svg><\/span>\n\t\t\t\t\t\t\t\t\t\t\t\t\t\t<\/span>\n\t\t\t\t\t\t\t\t\t\t\t\t<a class=\"elementor-accordion-title\" tabindex=\"0\">Wie ist das Wetter in Varna?<\/a>\n\t\t\t\t\t<\/div>\n\t\t\t\t\t<div id=\"elementor-tab-content-8534\" class=\"elementor-tab-content elementor-clearfix\" data-tab=\"4\" role=\"region\" aria-labelledby=\"elementor-tab-title-8534\"><ul>\n<li>Fr\u00fchling: 10\u201318 \u00b0C. Allm\u00e4hlich w\u00e4rmer, frisch und gr\u00fcn. <\/li>\n<li>Sommer: 23\u201330 \u00b0C. Warm, sonnig und trocken. <\/li>\n<li>Herbst: 12\u201322 \u00b0C. Mild und angenehm. <\/li>\n<li>Winter: 2\u20138 \u00b0C. Relativ mild im Vergleich zum Landesinneren Bulgariens. <\/li>\n<\/ul>\n<\/div>\n\t\t\t\t<\/div>\n\t\t\t\t\t\t\t\t<\/div>\n\t\t\t\t\t\t<\/div>\n\t\t\t\t<div class=\"elementor-element elementor-element-a56dbea m-0 elementor-widget elementor-widget-title\" data-id=\"a56dbea\" data-element_type=\"widget\" data-e-type=\"widget\" data-widget_type=\"title.default\">\n\t\t\t\t<div class=\"elementor-widget-container\">\n\t\t\t\t\t<h2 class=\"control-heading-title m-0\">Wie teuer ist das Leben in Varna?<\/h2>\t\t\t\t<\/div>\n\t\t\t\t<\/div>\n\t\t\t\t<div class=\"elementor-element elementor-element-c5731ae elementor-widget elementor-widget-text-editor\" data-id=\"c5731ae\" data-element_type=\"widget\" data-e-type=\"widget\" data-widget_type=\"text-editor.default\">\n\t\t\t\t\t\t\t\t\t<p>Wenn Du beginnst, in Varna zu leben und zu arbeiten, m\u00f6chtest Du nat\u00fcrlich mehr \u00fcber die Lebenshaltungskosten erfahren. \u00dcber Miet- und Transportkosten haben wir bereits gesprochen, doch ein erf\u00fclltes Leben im Ausland besteht aus mehr als nur diesen Ausgaben: <\/p><ul><li>Lebensmittel: 150\u2013200 \u20ac pro Monat<\/li><li>Essen in einem normalen Restaurant: 7\u20138 \u20ac<\/li><li>0,5 l Bier in einer Bar: 0,75\u20132 \u20ac<\/li><li>Kaffee in einem Caf\u00e9: 1\u20132 \u20ac<\/li><li>Fitnessstudio-Mitgliedschaft: 20\u201330 \u20ac pro Monat<\/li><li>Kinoticket: 6\u20138 \u20ac<\/li><\/ul>\t\t\t\t\t\t\t\t<\/div>\n\t\t\t\t\t<\/div>\n\t\t<\/div>\n\t\t\t\t\t<\/div>\n\t\t<\/section>\n\t\t\t\t<section class=\"elementor-section elementor-top-section elementor-element elementor-element-10ed6028 elementor-section-boxed elementor-section-height-default elementor-section-height-default\" data-id=\"10ed6028\" data-element_type=\"section\" data-e-type=\"section\">\n\t\t\t\t\t\t<div class=\"elementor-container elementor-column-gap-default\">\n\t\t\t\t\t<div class=\"elementor-column elementor-col-100 elementor-top-column elementor-element elementor-element-16cf0325\" data-id=\"16cf0325\" data-element_type=\"column\" data-e-type=\"column\">\n\t\t\t<div class=\"elementor-widget-wrap elementor-element-populated\">\n\t\t\t\t\t\t<div class=\"elementor-element elementor-element-194e4a13 m-0 elementor-widget elementor-widget-title\" data-id=\"194e4a13\" data-element_type=\"widget\" data-e-type=\"widget\" data-widget_type=\"title.default\">\n\t\t\t\t<div class=\"elementor-widget-container\">\n\t\t\t\t\t<h2 class=\"control-heading-title m-0\">Noch unsicher, ob Leben und Arbeiten in Varna das Richtige f\u00fcr Dich ist?<\/h2>\t\t\t\t<\/div>\n\t\t\t\t<\/div>\n\t\t\t\t\t<\/div>\n\t\t<\/div>\n\t\t\t\t\t<\/div>\n\t\t<\/section>\n\t\t\t\t<section class=\"elementor-section elementor-top-section elementor-element elementor-element-6d5ccab3 elementor-section-boxed elementor-section-height-default elementor-section-height-default\" data-id=\"6d5ccab3\" data-element_type=\"section\" data-e-type=\"section\">\n\t\t\t\t\t\t<div class=\"elementor-container elementor-column-gap-default\">\n\t\t\t\t\t<div class=\"elementor-column elementor-col-100 elementor-top-column elementor-element elementor-element-275c9cc3\" data-id=\"275c9cc3\" data-element_type=\"column\" data-e-type=\"column\">\n\t\t\t<div class=\"elementor-widget-wrap elementor-element-populated\">\n\t\t\t\t\t\t<div class=\"elementor-element elementor-element-460a4ffb elementor-widget elementor-widget-text-editor\" data-id=\"460a4ffb\" data-element_type=\"widget\" data-e-type=\"widget\" data-widget_type=\"text-editor.default\">\n\t\t\t\t\t\t\t\t\t<p>Leben und Arbeiten in Varna bedeutet mehr als nur ein entspanntes Reiseziel. Die Stadt bietet viele spannende Dinge, die Du sehen, unternehmen und erleben kannst: <\/p><ul><li>In Varna finden das ganze Jahr \u00fcber zahlreiche Festivals und Veranstaltungen statt, darunter das Varna Summer International Music Festival und das Varna Film Festival. Diese Veranstaltungen pr\u00e4sentieren lokale und internationale Talente und sorgen f\u00fcr Spannung und kulturelle Bereicherung im Kalender der Stadt. <\/li><li>Die Stadt ist auch f\u00fcr ihre Gr\u00fcnfl\u00e4chen bekannt, mit zahlreichen Parks und G\u00e4rten, die \u00fcber die ganze Stadt verstreut sind. Der Sea Garden, der gr\u00f6\u00dfte Park in Varna, ist bei Bewohnern und Besuchern beliebt und bietet wundersch\u00f6ne Wege, Spielpl\u00e4tze und einen atemberaubenden Blick auf das Meer. <\/li><li>Varna ist bekannt f\u00fcr seine warmherzigen und freundlichen Einheimischen, die Vielfalt lieben und Neuank\u00f6mmlingen das Gef\u00fchl geben, willkommen zu sein. Die Stadt hat ein starkes Gemeinschaftsgef\u00fchl und bietet eine hohe Lebensqualit\u00e4t mit einer Mischung aus modernen Annehmlichkeiten und einer entspannten K\u00fcstenatmosph\u00e4re. Die Pr\u00e4senz von Bildungseinrichtungen tr\u00e4gt zur jugendlichen Energie und intellektuellen Atmosph\u00e4re der Stadt bei.  <\/li><li>Nach der Arbeit oder am Wochenende kannst Du einen der langen Sandstr\u00e4nde in Varna genie\u00dfen. Im Sommer sind diese Str\u00e4nde lebendig, au\u00dferhalb der Hauptsaison jedoch deutlich entspannter. Perfekt f\u00fcr einen Badetag in den warmen Monaten oder f\u00fcr einen erfrischenden Spaziergang in den k\u00fchleren Zeiten.  <\/li><\/ul><p>Zusammenfassend l\u00e4sst sich sagen, dass das Leben in Varna eine harmonische Mischung aus K\u00fcstensch\u00f6nheit, kulturellem Reichtum, wirtschaftlichen M\u00f6glichkeiten und hoher Lebensqualit\u00e4t bietet. Ganz gleich, ob du dich zum Meer, zu kulturellen Erlebnissen, Berufsaussichten oder zu einer lebendigen Gemeinde hingezogen f\u00fchlst, Varna hat als Ort, den du dein Zuhause nennen kannst, viel zu bieten. <\/p>\t\t\t\t\t\t\t\t<\/div>\n\t\t\t\t\t<\/div>\n\t\t<\/div>\n\t\t\t\t\t<\/div>\n\t\t<\/section>\n\t\t\t\t<section class=\"elementor-section elementor-top-section elementor-element elementor-element-5210db56 elementor-section-boxed elementor-section-height-default elementor-section-height-default\" data-id=\"5210db56\" data-element_type=\"section\" data-e-type=\"section\">\n\t\t\t\t\t\t<div class=\"elementor-container elementor-column-gap-default\">\n\t\t\t\t\t<div class=\"elementor-column elementor-col-100 elementor-top-column elementor-element elementor-element-7000bd91\" data-id=\"7000bd91\" data-element_type=\"column\" data-e-type=\"column\">\n\t\t\t<div class=\"elementor-widget-wrap elementor-element-populated\">\n\t\t\t\t\t\t<div class=\"elementor-element elementor-element-35875e5d m-0 elementor-widget elementor-widget-title\" data-id=\"35875e5d\" data-element_type=\"widget\" data-e-type=\"widget\" data-widget_type=\"title.default\">\n\t\t\t\t<div class=\"elementor-widget-container\">\n\t\t\t\t\t<h2 class=\"control-heading-title m-0\">Sprich mit einem unserer Personalvermittler<\/h2>\t\t\t\t<\/div>\n\t\t\t\t<\/div>\n\t\t\t\t\t<\/div>\n\t\t<\/div>\n\t\t\t\t\t<\/div>\n\t\t<\/section>\n\t\t\t\t<section class=\"elementor-section elementor-top-section elementor-element elementor-element-5cd44f4e elementor-section-content-middle elementor-section-boxed elementor-section-height-default elementor-section-height-default\" data-id=\"5cd44f4e\" data-element_type=\"section\" data-e-type=\"section\">\n\t\t\t\t\t\t<div class=\"elementor-container elementor-column-gap-no\">\n\t\t\t\t\t<div class=\"elementor-column elementor-col-33 elementor-top-column elementor-element elementor-element-74e0107a\" data-id=\"74e0107a\" data-element_type=\"column\" data-e-type=\"column\">\n\t\t\t<div class=\"elementor-widget-wrap\">\n\t\t\t\t\t\t\t<\/div>\n\t\t<\/div>\n\t\t\t\t<div class=\"elementor-column elementor-col-33 elementor-top-column elementor-element elementor-element-34898a8d\" data-id=\"34898a8d\" data-element_type=\"column\" data-e-type=\"column\">\n\t\t\t<div class=\"elementor-widget-wrap elementor-element-populated\">\n\t\t\t\t\t\t<div class=\"elementor-element elementor-element-4ceaeb0c elementor-vertical-align-middle elementor-position-top elementor-widget elementor-widget-image-box\" data-id=\"4ceaeb0c\" data-element_type=\"widget\" data-e-type=\"widget\" data-widget_type=\"image-box.default\">\n\t\t\t\t<div class=\"elementor-widget-container\">\n\t\t\t\t\t<div class=\"elementor-image-box-wrapper card\"><figure class=\"elementor-image-box-img\"><img decoding=\"async\" width=\"400\" height=\"400\" src=\"https:\/\/www.jobsqd.com\/wp-content\/uploads\/2025\/04\/Hazal.png\" class=\"attachment-full size-full wp-image-89558 img-fluid\" alt=\"Hazal\" srcset=\"https:\/\/www.jobsqd.com\/wp-content\/uploads\/2025\/04\/Hazal.png 400w, https:\/\/www.jobsqd.com\/wp-content\/uploads\/2025\/04\/Hazal-300x300.png 300w, https:\/\/www.jobsqd.com\/wp-content\/uploads\/2025\/04\/Hazal-150x150.png 150w, https:\/\/www.jobsqd.com\/wp-content\/uploads\/2025\/04\/Hazal-105x105.png 105w, https:\/\/www.jobsqd.com\/wp-content\/uploads\/2025\/04\/Hazal-85x85.png 85w\" sizes=\"(max-width: 400px) 100vw, 400px\" \/><\/figure><div class=\"elementor-image-box-content card-body\"><h3 class=\"elementor-image-box-title\">Hazal<\/h3><\/div><\/div>\t\t\t\t<\/div>\n\t\t\t\t<\/div>\n\t\t\t\t<div class=\"elementor-element elementor-element-367bceb5 elementor-align-center elementor-widget elementor-widget-button\" data-id=\"367bceb5\" data-element_type=\"widget\" data-e-type=\"widget\" data-widget_type=\"button.default\">\n\t\t\t\t\t\t\t\t\t\t<a class=\"elementor-button elementor-button-link elementor-size-sm\" href=\"https:\/\/www.jobsqd.com\/de\/team-member\/hazal-2\/\">\n\t\t\t\t\t\t<span class=\"elementor-button-content-wrapper\">\n\t\t\t\t\t\t\t\t\t<span class=\"elementor-button-text\">Kontaktiere uns jetzt<\/span>\n\t\t\t\t\t<\/span>\n\t\t\t\t\t<\/a>\n\t\t\t\t\t\t\t\t<\/div>\n\t\t\t\t\t<\/div>\n\t\t<\/div>\n\t\t\t\t<div class=\"elementor-column elementor-col-33 elementor-top-column elementor-element elementor-element-5e2aaa74\" data-id=\"5e2aaa74\" data-element_type=\"column\" data-e-type=\"column\">\n\t\t\t<div class=\"elementor-widget-wrap\">\n\t\t\t\t\t\t\t<\/div>\n\t\t<\/div>\n\t\t\t\t\t<\/div>\n\t\t<\/section>\n\t\t\t\t<\/div>\n\t\t","protected":false},"excerpt":{"rendered":"<p>Abeiten in Varna Varna liegt an der Schwarzmeerk\u00fcste und bietet atemberaubende Str\u00e4nde, kristallklares Wasser und atemberaubende K\u00fcstenlandschaften. Die N\u00e4he der&#8230;<\/p>\n","protected":false},"author":56,"featured_media":107632,"parent":35085,"menu_order":0,"comment_status":"closed","ping_status":"closed","template":"","meta":{"footnotes":""},"class_list":["post-33406","page","type-page","status-publish","has-post-thumbnail","hentry"],"_links":{"self":[{"href":"https:\/\/www.jobsqd.com\/de\/wp-json\/wp\/v2\/pages\/33406","targetHints":{"allow":["GET"]}}],"collection":[{"href":"https:\/\/www.jobsqd.com\/de\/wp-json\/wp\/v2\/pages"}],"about":[{"href":"https:\/\/www.jobsqd.com\/de\/wp-json\/wp\/v2\/types\/page"}],"author":[{"embeddable":true,"href":"https:\/\/www.jobsqd.com\/de\/wp-json\/wp\/v2\/users\/56"}],"replies":[{"embeddable":true,"href":"https:\/\/www.jobsqd.com\/de\/wp-json\/wp\/v2\/comments?post=33406"}],"version-history":[{"count":6,"href":"https:\/\/www.jobsqd.com\/de\/wp-json\/wp\/v2\/pages\/33406\/revisions"}],"predecessor-version":[{"id":114279,"href":"https:\/\/www.jobsqd.com\/de\/wp-json\/wp\/v2\/pages\/33406\/revisions\/114279"}],"up":[{"embeddable":true,"href":"https:\/\/www.jobsqd.com\/de\/wp-json\/wp\/v2\/pages\/35085"}],"wp:featuredmedia":[{"embeddable":true,"href":"https:\/\/www.jobsqd.com\/de\/wp-json\/wp\/v2\/media\/107632"}],"wp:attachment":[{"href":"https:\/\/www.jobsqd.com\/de\/wp-json\/wp\/v2\/media?parent=33406"}],"curies":[{"name":"wp","href":"https:\/\/api.w.org\/{rel}","templated":true}]}}